{"id":93,"date":"2021-01-18T15:06:31","date_gmt":"2021-01-18T15:06:31","guid":{"rendered":"https:\/\/izo.si\/?page_id=93"},"modified":"2023-03-20T09:57:52","modified_gmt":"2023-03-20T08:57:52","slug":"projekti","status":"publish","type":"page","link":"https:\/\/izo.si\/en\/projekti\/","title":{"rendered":"Projects"},"content":{"rendered":"<div data-elementor-type=\"wp-page\" data-elementor-id=\"93\" class=\"elementor elementor-93\">\n\t\t\t\t\t\t<section class=\"elementor-section elementor-top-section elementor-element elementor-element-76f82b9c elementor-section-height-min-height elementor-section-boxed elementor-section-height-default elementor-section-items-middle\" data-id=\"76f82b9c\" data-element_type=\"section\" data-settings=\"{&quot;background_background&quot;:&quot;gradient&quot;}\">\n\t\t\t\t\t\t\t<div class=\"elementor-background-overlay\"><\/div>\n\t\t\t\t\t\t\t<div class=\"elementor-container elementor-column-gap-default\">\n\t\t\t\t\t<div class=\"elementor-column elementor-col-100 elementor-top-column elementor-element elementor-element-5f429a2e\" data-id=\"5f429a2e\" data-element_type=\"column\">\n\t\t\t<div class=\"elementor-widget-wrap elementor-element-populated\">\n\t\t\t\t\t\t<div class=\"elementor-element elementor-element-75190c09 elementor-widget elementor-widget-heading\" data-id=\"75190c09\" data-element_type=\"widget\" data-widget_type=\"heading.default\">\n\t\t\t\t<div class=\"elementor-widget-container\">\n\t\t\t\t\t<h2 class=\"elementor-heading-title elementor-size-large\">Projects<\/h2>\t\t\t\t<\/div>\n\t\t\t\t<\/div>\n\t\t\t\t\t<\/div>\n\t\t<\/div>\n\t\t\t\t\t<\/div>\n\t\t<\/section>\n\t\t\t\t<section class=\"elementor-section elementor-top-section elementor-element elementor-element-43acde7f elementor-section-boxed elementor-section-height-default elementor-section-height-default\" data-id=\"43acde7f\" data-element_type=\"section\">\n\t\t\t\t\t\t<div class=\"elementor-container elementor-column-gap-default\">\n\t\t\t\t\t<div class=\"elementor-column elementor-col-100 elementor-top-column elementor-element elementor-element-5953342f\" data-id=\"5953342f\" data-element_type=\"column\">\n\t\t\t<div class=\"elementor-widget-wrap elementor-element-populated\">\n\t\t\t\t\t\t<div class=\"elementor-element elementor-element-418331c0 elementor-posts--align-center elementor-grid-3 elementor-grid-tablet-2 elementor-grid-mobile-1 elementor-posts--thumbnail-top elementor-widget elementor-widget-posts\" data-id=\"418331c0\" data-element_type=\"widget\" data-settings=\"{&quot;classic_row_gap&quot;:{&quot;unit&quot;:&quot;px&quot;,&quot;size&quot;:85,&quot;sizes&quot;:[]},&quot;classic_columns&quot;:&quot;3&quot;,&quot;classic_columns_tablet&quot;:&quot;2&quot;,&quot;classic_columns_mobile&quot;:&quot;1&quot;,&quot;classic_row_gap_tablet&quot;:{&quot;unit&quot;:&quot;px&quot;,&quot;size&quot;:&quot;&quot;,&quot;sizes&quot;:[]},&quot;classic_row_gap_mobile&quot;:{&quot;unit&quot;:&quot;px&quot;,&quot;size&quot;:&quot;&quot;,&quot;sizes&quot;:[]}}\" data-widget_type=\"posts.classic\">\n\t\t\t\t<div class=\"elementor-widget-container\">\n\t\t\t\t\t\t\t<div class=\"elementor-posts-container elementor-posts elementor-posts--skin-classic elementor-grid\">\n\t\t\t\t<article class=\"elementor-post elementor-grid-item post-6169 post type-post status-publish format-standard has-post-thumbnail hentry category-projekti tag-hrup tag-mestni-toplotni-otok tag-mladi tag-neformalno-izobrazevanje-mladih tag-okolje-in-zdravje tag-okoljske-determinante-zdravja tag-podnebne-spremembe tag-vrocinski-stres tag-zagovornistvo tag-zdravje tag-zelene-povrsine\">\n\t\t\t\t<a class=\"elementor-post__thumbnail__link\" href=\"https:\/\/izo.si\/en\/zeleni-utrip-mladih\/\" >\n\t\t\t<div class=\"elementor-post__thumbnail\"><img fetchpriority=\"high\" decoding=\"async\" width=\"334\" height=\"371\" src=\"https:\/\/izo.si\/wp-content\/uploads\/2026\/04\/Zelen-utrip-mladih-02_manjsi.png\" class=\"attachment-medium_large size-medium_large wp-image-6240\" alt=\"\" srcset=\"https:\/\/izo.si\/wp-content\/uploads\/2026\/04\/Zelen-utrip-mladih-02_manjsi.png 334w, https:\/\/izo.si\/wp-content\/uploads\/2026\/04\/Zelen-utrip-mladih-02_manjsi-270x300.png 270w, https:\/\/izo.si\/wp-content\/uploads\/2026\/04\/Zelen-utrip-mladih-02_manjsi-11x12.png 11w\" sizes=\"(max-width: 334px) 100vw, 334px\" \/><\/div>\n\t\t<\/a>\n\t\t\t\t<div class=\"elementor-post__text\">\n\t\t\t\t<h3 class=\"elementor-post__title\">\n\t\t\t<a href=\"https:\/\/izo.si\/en\/zeleni-utrip-mladih\/\" >\n\t\t\t\tZeleni utrip mladih\t\t\t<\/a>\n\t\t<\/h3>\n\t\t\t\t<div class=\"elementor-post__excerpt\">\n\t\t\t<p>Program Zeleni utrip mladih je celovita nacionalna pobuda, ki mlade vklju\u010duje v ozave\u0161\u010danje in ukrepanje na podro\u010dju okoljskih<\/p>\n\t\t<\/div>\n\t\t\n\t\t<a class=\"elementor-post__read-more\" href=\"https:\/\/izo.si\/en\/zeleni-utrip-mladih\/\" >\n\t\t\t&gt;MORE\t\t<\/a>\n\n\t\t\t\t<\/div>\n\t\t\t\t<\/article>\n\t\t\t\t<article class=\"elementor-post elementor-grid-item post-5887 post type-post status-publish format-standard has-post-thumbnail hentry category-projekti tag-digitalna-orodja tag-digitalne-kompetence tag-medkulturno-sodelovanje tag-mladinski-delavci tag-mrezenje tag-podnebna-anksioznost tag-podnebna-tesnoba tag-usposabljanje\">\n\t\t\t\t<a class=\"elementor-post__thumbnail__link\" href=\"https:\/\/izo.si\/en\/environer-training-tools-4-trainers\/\" >\n\t\t\t<div class=\"elementor-post__thumbnail\"><img decoding=\"async\" width=\"768\" height=\"432\" src=\"https:\/\/izo.si\/wp-content\/uploads\/2025\/12\/Environer-thumb-2_n-768x432.png\" class=\"attachment-medium_large size-medium_large wp-image-5899\" alt=\"\" srcset=\"https:\/\/izo.si\/wp-content\/uploads\/2025\/12\/Environer-thumb-2_n-768x432.png 768w, https:\/\/izo.si\/wp-content\/uploads\/2025\/12\/Environer-thumb-2_n-300x169.png 300w, https:\/\/izo.si\/wp-content\/uploads\/2025\/12\/Environer-thumb-2_n-1024x576.png 1024w, https:\/\/izo.si\/wp-content\/uploads\/2025\/12\/Environer-thumb-2_n-18x10.png 18w, https:\/\/izo.si\/wp-content\/uploads\/2025\/12\/Environer-thumb-2_n.png 1280w\" sizes=\"(max-width: 768px) 100vw, 768px\" \/><\/div>\n\t\t<\/a>\n\t\t\t\t<div class=\"elementor-post__text\">\n\t\t\t\t<h3 class=\"elementor-post__title\">\n\t\t\t<a href=\"https:\/\/izo.si\/en\/environer-training-tools-4-trainers\/\" >\n\t\t\t\tEnvironer &#8211; Training &amp; Tools 4 Trainers\t\t\t<\/a>\n\t\t<\/h3>\n\t\t\t\t<div class=\"elementor-post__excerpt\">\n\t\t\t<p>Krepitev digitalnih kompetenc mladinskih delavcev za trajnostno prihodnost Projekt Environer je mednarodna pobuda v okviru programa Erasmus+, ki<\/p>\n\t\t<\/div>\n\t\t\n\t\t<a class=\"elementor-post__read-more\" href=\"https:\/\/izo.si\/en\/environer-training-tools-4-trainers\/\" >\n\t\t\t&gt;MORE\t\t<\/a>\n\n\t\t\t\t<\/div>\n\t\t\t\t<\/article>\n\t\t\t\t<article class=\"elementor-post elementor-grid-item post-4851 post type-post status-publish format-standard has-post-thumbnail hentry category-projekti\">\n\t\t\t\t<a class=\"elementor-post__thumbnail__link\" href=\"https:\/\/izo.si\/en\/ves-kaj-dihas\/\" >\n\t\t\t<div class=\"elementor-post__thumbnail\"><img decoding=\"async\" width=\"768\" height=\"689\" src=\"https:\/\/izo.si\/wp-content\/uploads\/2025\/02\/Ves-kaj-dihas-LOGO-768x689.png\" class=\"attachment-medium_large size-medium_large wp-image-4918\" alt=\"\" srcset=\"https:\/\/izo.si\/wp-content\/uploads\/2025\/02\/Ves-kaj-dihas-LOGO-768x689.png 768w, https:\/\/izo.si\/wp-content\/uploads\/2025\/02\/Ves-kaj-dihas-LOGO-300x269.png 300w, https:\/\/izo.si\/wp-content\/uploads\/2025\/02\/Ves-kaj-dihas-LOGO-1024x918.png 1024w, https:\/\/izo.si\/wp-content\/uploads\/2025\/02\/Ves-kaj-dihas-LOGO-1536x1377.png 1536w, https:\/\/izo.si\/wp-content\/uploads\/2025\/02\/Ves-kaj-dihas-LOGO-2048x1836.png 2048w, https:\/\/izo.si\/wp-content\/uploads\/2025\/02\/Ves-kaj-dihas-LOGO-13x12.png 13w\" sizes=\"(max-width: 768px) 100vw, 768px\" \/><\/div>\n\t\t<\/a>\n\t\t\t\t<div class=\"elementor-post__text\">\n\t\t\t\t<h3 class=\"elementor-post__title\">\n\t\t\t<a href=\"https:\/\/izo.si\/en\/ves-kaj-dihas\/\" >\n\t\t\t\tVe\u0161, kaj diha\u0161?\t\t\t<\/a>\n\t\t<\/h3>\n\t\t\t\t<div class=\"elementor-post__excerpt\">\n\t\t\t<p>Projekt se osredoto\u010da na kakovost zraka, ki pomembno vpliva na okolje in zdravje ljudi. Povi\u0161ane koncentracije delcev (PM)<\/p>\n\t\t<\/div>\n\t\t\n\t\t<a class=\"elementor-post__read-more\" href=\"https:\/\/izo.si\/en\/ves-kaj-dihas\/\" >\n\t\t\t&gt;MORE\t\t<\/a>\n\n\t\t\t\t<\/div>\n\t\t\t\t<\/article>\n\t\t\t\t<article class=\"elementor-post elementor-grid-item post-4730 post type-post status-publish format-standard has-post-thumbnail hentry category-projekti\">\n\t\t\t\t<a class=\"elementor-post__thumbnail__link\" href=\"https:\/\/izo.si\/en\/sustainaware-climate-action-going-digital-through-multisectoral-synergies-and-learning-innovation\/\" >\n\t\t\t<div class=\"elementor-post__thumbnail\"><img loading=\"lazy\" decoding=\"async\" width=\"768\" height=\"768\" src=\"https:\/\/izo.si\/wp-content\/uploads\/2024\/10\/SustainAware-Logo_1080x1080-02-768x768.jpg\" class=\"attachment-medium_large size-medium_large wp-image-4749\" alt=\"\" srcset=\"https:\/\/izo.si\/wp-content\/uploads\/2024\/10\/SustainAware-Logo_1080x1080-02-768x768.jpg 768w, https:\/\/izo.si\/wp-content\/uploads\/2024\/10\/SustainAware-Logo_1080x1080-02-300x300.jpg 300w, https:\/\/izo.si\/wp-content\/uploads\/2024\/10\/SustainAware-Logo_1080x1080-02-1024x1024.jpg 1024w, https:\/\/izo.si\/wp-content\/uploads\/2024\/10\/SustainAware-Logo_1080x1080-02-150x150.jpg 150w, https:\/\/izo.si\/wp-content\/uploads\/2024\/10\/SustainAware-Logo_1080x1080-02-1536x1536.jpg 1536w, https:\/\/izo.si\/wp-content\/uploads\/2024\/10\/SustainAware-Logo_1080x1080-02-2048x2048.jpg 2048w, https:\/\/izo.si\/wp-content\/uploads\/2024\/10\/SustainAware-Logo_1080x1080-02-12x12.jpg 12w\" sizes=\"(max-width: 768px) 100vw, 768px\" \/><\/div>\n\t\t<\/a>\n\t\t\t\t<div class=\"elementor-post__text\">\n\t\t\t\t<h3 class=\"elementor-post__title\">\n\t\t\t<a href=\"https:\/\/izo.si\/en\/sustainaware-climate-action-going-digital-through-multisectoral-synergies-and-learning-innovation\/\" >\n\t\t\t\tSustainaware: Climate Action Going Digital Through Multisectoral Synergies and Learning Innovation\t\t\t<\/a>\n\t\t<\/h3>\n\t\t\t\t<div class=\"elementor-post__excerpt\">\n\t\t\t<p>Projekt Sustainaware \u2013 Climate Action Going Digital je inovativna pobuda, ki zdru\u017euje izobra\u017eevanje in ozave\u0161\u010danje ter spodbuja konkretne<\/p>\n\t\t<\/div>\n\t\t\n\t\t<a class=\"elementor-post__read-more\" href=\"https:\/\/izo.si\/en\/sustainaware-climate-action-going-digital-through-multisectoral-synergies-and-learning-innovation\/\" >\n\t\t\t&gt;MORE\t\t<\/a>\n\n\t\t\t\t<\/div>\n\t\t\t\t<\/article>\n\t\t\t\t<article class=\"elementor-post elementor-grid-item post-4600 post type-post status-publish format-standard has-post-thumbnail hentry category-projekti\">\n\t\t\t\t<a class=\"elementor-post__thumbnail__link\" href=\"https:\/\/izo.si\/en\/carbon-farming-med\/\" >\n\t\t\t<div class=\"elementor-post__thumbnail\"><img loading=\"lazy\" decoding=\"async\" width=\"768\" height=\"768\" src=\"https:\/\/izo.si\/wp-content\/uploads\/2024\/07\/CF-1080x1080-web-768x768.png\" class=\"attachment-medium_large size-medium_large wp-image-4606\" alt=\"\" srcset=\"https:\/\/izo.si\/wp-content\/uploads\/2024\/07\/CF-1080x1080-web-768x768.png 768w, https:\/\/izo.si\/wp-content\/uploads\/2024\/07\/CF-1080x1080-web-300x300.png 300w, https:\/\/izo.si\/wp-content\/uploads\/2024\/07\/CF-1080x1080-web-1024x1024.png 1024w, https:\/\/izo.si\/wp-content\/uploads\/2024\/07\/CF-1080x1080-web-150x150.png 150w, https:\/\/izo.si\/wp-content\/uploads\/2024\/07\/CF-1080x1080-web-12x12.png 12w, https:\/\/izo.si\/wp-content\/uploads\/2024\/07\/CF-1080x1080-web.png 1080w\" sizes=\"(max-width: 768px) 100vw, 768px\" \/><\/div>\n\t\t<\/a>\n\t\t\t\t<div class=\"elementor-post__text\">\n\t\t\t\t<h3 class=\"elementor-post__title\">\n\t\t\t<a href=\"https:\/\/izo.si\/en\/carbon-farming-med\/\" >\n\t\t\t\tCarbon Farming MED\t\t\t<\/a>\n\t\t<\/h3>\n\t\t\t\t<div class=\"elementor-post__excerpt\">\n\t\t\t<p>Projekt Carbon Farming MED je namenjen pomo\u010di sredozemskim dr\u017eavam pri izpolnjevanju podnebnih ciljev EU za leto 2035, s<\/p>\n\t\t<\/div>\n\t\t\n\t\t<a class=\"elementor-post__read-more\" href=\"https:\/\/izo.si\/en\/carbon-farming-med\/\" >\n\t\t\t&gt;MORE\t\t<\/a>\n\n\t\t\t\t<\/div>\n\t\t\t\t<\/article>\n\t\t\t\t<article class=\"elementor-post elementor-grid-item post-4532 post type-post status-publish format-standard has-post-thumbnail hentry category-projekti\">\n\t\t\t\t<a class=\"elementor-post__thumbnail__link\" href=\"https:\/\/izo.si\/en\/vkljucevanje-okoljskih-dimenzij-v-javne-finance-dnsh\/\" >\n\t\t\t<div class=\"elementor-post__thumbnail\"><img loading=\"lazy\" decoding=\"async\" width=\"768\" height=\"513\" src=\"https:\/\/izo.si\/wp-content\/uploads\/2024\/03\/Vkljucevanje-okoljskih-dimenzij-v-javne-finance-768x513.jpg\" class=\"attachment-medium_large size-medium_large wp-image-4534\" alt=\"\" srcset=\"https:\/\/izo.si\/wp-content\/uploads\/2024\/03\/Vkljucevanje-okoljskih-dimenzij-v-javne-finance-768x513.jpg 768w, https:\/\/izo.si\/wp-content\/uploads\/2024\/03\/Vkljucevanje-okoljskih-dimenzij-v-javne-finance-300x200.jpg 300w, https:\/\/izo.si\/wp-content\/uploads\/2024\/03\/Vkljucevanje-okoljskih-dimenzij-v-javne-finance-1024x684.jpg 1024w, https:\/\/izo.si\/wp-content\/uploads\/2024\/03\/Vkljucevanje-okoljskih-dimenzij-v-javne-finance-1536x1025.jpg 1536w, https:\/\/izo.si\/wp-content\/uploads\/2024\/03\/Vkljucevanje-okoljskih-dimenzij-v-javne-finance-18x12.jpg 18w, https:\/\/izo.si\/wp-content\/uploads\/2024\/03\/Vkljucevanje-okoljskih-dimenzij-v-javne-finance.jpg 2000w\" sizes=\"(max-width: 768px) 100vw, 768px\" \/><\/div>\n\t\t<\/a>\n\t\t\t\t<div class=\"elementor-post__text\">\n\t\t\t\t<h3 class=\"elementor-post__title\">\n\t\t\t<a href=\"https:\/\/izo.si\/en\/vkljucevanje-okoljskih-dimenzij-v-javne-finance-dnsh\/\" >\n\t\t\t\tVklju\u010devanje okoljskih dimenzij v javne finance (DNSH)\t\t\t<\/a>\n\t\t<\/h3>\n\t\t\t\t<div class=\"elementor-post__excerpt\">\n\t\t\t<p>Vklju\u010devanje okoljskih dimenzij v javne finance \u2013 uvajanje na\u010dela &#8216;da se ne \u0161koduje bistveno&#8217; Projekt &#8220;Vklju\u010devanje okoljskih dimenzij<\/p>\n\t\t<\/div>\n\t\t\n\t\t<a class=\"elementor-post__read-more\" href=\"https:\/\/izo.si\/en\/vkljucevanje-okoljskih-dimenzij-v-javne-finance-dnsh\/\" >\n\t\t\t&gt;MORE\t\t<\/a>\n\n\t\t\t\t<\/div>\n\t\t\t\t<\/article>\n\t\t\t\t<article class=\"elementor-post elementor-grid-item post-4440 post type-post status-publish format-standard has-post-thumbnail hentry category-projekti\">\n\t\t\t\t<a class=\"elementor-post__thumbnail__link\" href=\"https:\/\/izo.si\/en\/food-odyssey\/\" >\n\t\t\t<div class=\"elementor-post__thumbnail\"><img loading=\"lazy\" decoding=\"async\" width=\"768\" height=\"382\" src=\"https:\/\/izo.si\/wp-content\/uploads\/2023\/10\/TheFoodOdyssey_LOGO-01-768x382.png\" class=\"attachment-medium_large size-medium_large wp-image-4520\" alt=\"\" srcset=\"https:\/\/izo.si\/wp-content\/uploads\/2023\/10\/TheFoodOdyssey_LOGO-01-768x382.png 768w, https:\/\/izo.si\/wp-content\/uploads\/2023\/10\/TheFoodOdyssey_LOGO-01-300x149.png 300w, https:\/\/izo.si\/wp-content\/uploads\/2023\/10\/TheFoodOdyssey_LOGO-01-1024x509.png 1024w, https:\/\/izo.si\/wp-content\/uploads\/2023\/10\/TheFoodOdyssey_LOGO-01-1536x764.png 1536w, https:\/\/izo.si\/wp-content\/uploads\/2023\/10\/TheFoodOdyssey_LOGO-01-2048x1019.png 2048w, https:\/\/izo.si\/wp-content\/uploads\/2023\/10\/TheFoodOdyssey_LOGO-01-18x9.png 18w\" sizes=\"(max-width: 768px) 100vw, 768px\" \/><\/div>\n\t\t<\/a>\n\t\t\t\t<div class=\"elementor-post__text\">\n\t\t\t\t<h3 class=\"elementor-post__title\">\n\t\t\t<a href=\"https:\/\/izo.si\/en\/food-odyssey\/\" >\n\t\t\t\tFood Odyssey\t\t\t<\/a>\n\t\t<\/h3>\n\t\t\t\t<div class=\"elementor-post__excerpt\">\n\t\t\t<p>The Food Odyssey Project is an innovative initiative funded by the Erasmus+ Programme and created by a diverse consortium<\/p>\n\t\t<\/div>\n\t\t\n\t\t<a class=\"elementor-post__read-more\" href=\"https:\/\/izo.si\/en\/food-odyssey\/\" >\n\t\t\t&gt;MORE\t\t<\/a>\n\n\t\t\t\t<\/div>\n\t\t\t\t<\/article>\n\t\t\t\t<article class=\"elementor-post elementor-grid-item post-5046 post type-post status-publish format-standard has-post-thumbnail hentry category-projekti\">\n\t\t\t\t<a class=\"elementor-post__thumbnail__link\" href=\"https:\/\/izo.si\/en\/projekt-proteus\/\" >\n\t\t\t<div class=\"elementor-post__thumbnail\"><img loading=\"lazy\" decoding=\"async\" width=\"768\" height=\"546\" src=\"https:\/\/izo.si\/wp-content\/uploads\/2023\/10\/proteus-a-logo-projekt-01-768x546.png\" class=\"attachment-medium_large size-medium_large wp-image-5058\" alt=\"\" srcset=\"https:\/\/izo.si\/wp-content\/uploads\/2023\/10\/proteus-a-logo-projekt-01-768x546.png 768w, https:\/\/izo.si\/wp-content\/uploads\/2023\/10\/proteus-a-logo-projekt-01-300x213.png 300w, https:\/\/izo.si\/wp-content\/uploads\/2023\/10\/proteus-a-logo-projekt-01-18x12.png 18w, https:\/\/izo.si\/wp-content\/uploads\/2023\/10\/proteus-a-logo-projekt-01.png 889w\" sizes=\"(max-width: 768px) 100vw, 768px\" \/><\/div>\n\t\t<\/a>\n\t\t\t\t<div class=\"elementor-post__text\">\n\t\t\t\t<h3 class=\"elementor-post__title\">\n\t\t\t<a href=\"https:\/\/izo.si\/en\/projekt-proteus\/\" >\n\t\t\t\tProjekt SciCom\t\t\t<\/a>\n\t\t<\/h3>\n\t\t\t\t<div class=\"elementor-post__excerpt\">\n\t\t\t<p>Sodobno komuniciranje znanosti za vklju\u010devanje mladih v okoljske izzive (SciCom) Projekt SciCom je bil namenjen izbolj\u0161anju sodelovanja mladih<\/p>\n\t\t<\/div>\n\t\t\n\t\t<a class=\"elementor-post__read-more\" href=\"https:\/\/izo.si\/en\/projekt-proteus\/\" >\n\t\t\t&gt;MORE\t\t<\/a>\n\n\t\t\t\t<\/div>\n\t\t\t\t<\/article>\n\t\t\t\t<article class=\"elementor-post elementor-grid-item post-3503 post type-post status-publish format-standard has-post-thumbnail hentry category-projekti\">\n\t\t\t\t<a class=\"elementor-post__thumbnail__link\" href=\"https:\/\/izo.si\/en\/ecofootprint-romunija\/\" >\n\t\t\t<div class=\"elementor-post__thumbnail\"><img loading=\"lazy\" decoding=\"async\" width=\"768\" height=\"507\" src=\"https:\/\/izo.si\/wp-content\/uploads\/2023\/03\/fulllogo_nobuffer-768x507.png\" class=\"attachment-medium_large size-medium_large wp-image-3515\" alt=\"\" srcset=\"https:\/\/izo.si\/wp-content\/uploads\/2023\/03\/fulllogo_nobuffer-768x507.png 768w, https:\/\/izo.si\/wp-content\/uploads\/2023\/03\/fulllogo_nobuffer-300x198.png 300w, https:\/\/izo.si\/wp-content\/uploads\/2023\/03\/fulllogo_nobuffer-1024x676.png 1024w, https:\/\/izo.si\/wp-content\/uploads\/2023\/03\/fulllogo_nobuffer.png 1280w\" sizes=\"(max-width: 768px) 100vw, 768px\" \/><\/div>\n\t\t<\/a>\n\t\t\t\t<div class=\"elementor-post__text\">\n\t\t\t\t<h3 class=\"elementor-post__title\">\n\t\t\t<a href=\"https:\/\/izo.si\/en\/ecofootprint-romunija\/\" >\n\t\t\t\tEcoFootprint Romania\t\t\t<\/a>\n\t\t<\/h3>\n\t\t\t\t<div class=\"elementor-post__excerpt\">\n\t\t\t<p>The general goal of the EcoFootprint Romania project is to enable Romanian teachers to successfully convey the principles of sustainable<\/p>\n\t\t<\/div>\n\t\t\n\t\t<a class=\"elementor-post__read-more\" href=\"https:\/\/izo.si\/en\/ecofootprint-romunija\/\" >\n\t\t\t&gt;MORE\t\t<\/a>\n\n\t\t\t\t<\/div>\n\t\t\t\t<\/article>\n\t\t\t\t<article class=\"elementor-post elementor-grid-item post-3454 post type-post status-publish format-standard has-post-thumbnail hentry category-projekti\">\n\t\t\t\t<a class=\"elementor-post__thumbnail__link\" href=\"https:\/\/izo.si\/en\/ljubljanski-ledenik\/\" >\n\t\t\t<div class=\"elementor-post__thumbnail\"><img loading=\"lazy\" decoding=\"async\" width=\"768\" height=\"768\" src=\"https:\/\/izo.si\/wp-content\/uploads\/2023\/06\/Untitled-design-768x768.png\" class=\"attachment-medium_large size-medium_large wp-image-4250\" alt=\"\" srcset=\"https:\/\/izo.si\/wp-content\/uploads\/2023\/06\/Untitled-design-768x768.png 768w, https:\/\/izo.si\/wp-content\/uploads\/2023\/06\/Untitled-design-300x300.png 300w, https:\/\/izo.si\/wp-content\/uploads\/2023\/06\/Untitled-design-1024x1024.png 1024w, https:\/\/izo.si\/wp-content\/uploads\/2023\/06\/Untitled-design-150x150.png 150w, https:\/\/izo.si\/wp-content\/uploads\/2023\/06\/Untitled-design-12x12.png 12w, https:\/\/izo.si\/wp-content\/uploads\/2023\/06\/Untitled-design.png 1080w\" sizes=\"(max-width: 768px) 100vw, 768px\" \/><\/div>\n\t\t<\/a>\n\t\t\t\t<div class=\"elementor-post__text\">\n\t\t\t\t<h3 class=\"elementor-post__title\">\n\t\t\t<a href=\"https:\/\/izo.si\/en\/ljubljanski-ledenik\/\" >\n\t\t\t\tLjubljana Glacier\t\t\t<\/a>\n\t\t<\/h3>\n\t\t\t\t<div class=\"elementor-post__excerpt\">\n\t\t\t<p>Ljubljanski ledenik (the Ljubljana Glacier) is an innovative, interactive urban orientation that seeks to raise public awareness about the dangers of heat waves.<\/p>\n\t\t<\/div>\n\t\t\n\t\t<a class=\"elementor-post__read-more\" href=\"https:\/\/izo.si\/en\/ljubljanski-ledenik\/\" >\n\t\t\t&gt;MORE\t\t<\/a>\n\n\t\t\t\t<\/div>\n\t\t\t\t<\/article>\n\t\t\t\t<article class=\"elementor-post elementor-grid-item post-3442 post type-post status-publish format-standard has-post-thumbnail hentry category-projekti\">\n\t\t\t\t<a class=\"elementor-post__thumbnail__link\" href=\"https:\/\/izo.si\/en\/sustainable-ngos\/\" >\n\t\t\t<div class=\"elementor-post__thumbnail\"><img loading=\"lazy\" decoding=\"async\" width=\"768\" height=\"768\" src=\"https:\/\/izo.si\/wp-content\/uploads\/2023\/03\/Sustainable-NGOs-templates-partners-1-768x768.png\" class=\"attachment-medium_large size-medium_large wp-image-3760\" alt=\"\" srcset=\"https:\/\/izo.si\/wp-content\/uploads\/2023\/03\/Sustainable-NGOs-templates-partners-1-768x768.png 768w, https:\/\/izo.si\/wp-content\/uploads\/2023\/03\/Sustainable-NGOs-templates-partners-1-300x300.png 300w, https:\/\/izo.si\/wp-content\/uploads\/2023\/03\/Sustainable-NGOs-templates-partners-1-1024x1024.png 1024w, https:\/\/izo.si\/wp-content\/uploads\/2023\/03\/Sustainable-NGOs-templates-partners-1-150x150.png 150w, https:\/\/izo.si\/wp-content\/uploads\/2023\/03\/Sustainable-NGOs-templates-partners-1-12x12.png 12w, https:\/\/izo.si\/wp-content\/uploads\/2023\/03\/Sustainable-NGOs-templates-partners-1.png 1080w\" sizes=\"(max-width: 768px) 100vw, 768px\" \/><\/div>\n\t\t<\/a>\n\t\t\t\t<div class=\"elementor-post__text\">\n\t\t\t\t<h3 class=\"elementor-post__title\">\n\t\t\t<a href=\"https:\/\/izo.si\/en\/sustainable-ngos\/\" >\n\t\t\t\tSustainable NGOs\t\t\t<\/a>\n\t\t<\/h3>\n\t\t\t\t<div class=\"elementor-post__excerpt\">\n\t\t\t<p>The Sustainable NGOs project aims to raise awareness about climate change and environmental challenges among young people in the youth sector, in alignment with European and<\/p>\n\t\t<\/div>\n\t\t\n\t\t<a class=\"elementor-post__read-more\" href=\"https:\/\/izo.si\/en\/sustainable-ngos\/\" >\n\t\t\t&gt;MORE\t\t<\/a>\n\n\t\t\t\t<\/div>\n\t\t\t\t<\/article>\n\t\t\t\t<article class=\"elementor-post elementor-grid-item post-3437 post type-post status-publish format-standard has-post-thumbnail hentry category-projekti\">\n\t\t\t\t<a class=\"elementor-post__thumbnail__link\" href=\"https:\/\/izo.si\/en\/ven-za-zdravje\/\" >\n\t\t\t<div class=\"elementor-post__thumbnail\"><img loading=\"lazy\" decoding=\"async\" width=\"768\" height=\"576\" src=\"https:\/\/izo.si\/wp-content\/uploads\/2023\/03\/Fotografije-za-IZO-projekte-768x576.png\" class=\"attachment-medium_large size-medium_large wp-image-3438\" alt=\"\" srcset=\"https:\/\/izo.si\/wp-content\/uploads\/2023\/03\/Fotografije-za-IZO-projekte-768x576.png 768w, https:\/\/izo.si\/wp-content\/uploads\/2023\/03\/Fotografije-za-IZO-projekte-300x225.png 300w, https:\/\/izo.si\/wp-content\/uploads\/2023\/03\/Fotografije-za-IZO-projekte-1024x768.png 1024w, https:\/\/izo.si\/wp-content\/uploads\/2023\/03\/Fotografije-za-IZO-projekte-1536x1152.png 1536w, https:\/\/izo.si\/wp-content\/uploads\/2023\/03\/Fotografije-za-IZO-projekte.png 1890w\" sizes=\"(max-width: 768px) 100vw, 768px\" \/><\/div>\n\t\t<\/a>\n\t\t\t\t<div class=\"elementor-post__text\">\n\t\t\t\t<h3 class=\"elementor-post__title\">\n\t\t\t<a href=\"https:\/\/izo.si\/en\/ven-za-zdravje\/\" >\n\t\t\t\tVen za zdravje\t\t\t<\/a>\n\t\t<\/h3>\n\t\t\t\t<div class=\"elementor-post__excerpt\">\n\t\t\t<p>The Ven za zdravje (Outside for Health) programme is aimed at various target groups, addressing them with the presentation of key aspects<\/p>\n\t\t<\/div>\n\t\t\n\t\t<a class=\"elementor-post__read-more\" href=\"https:\/\/izo.si\/en\/ven-za-zdravje\/\" >\n\t\t\t&gt;MORE\t\t<\/a>\n\n\t\t\t\t<\/div>\n\t\t\t\t<\/article>\n\t\t\t\t<article class=\"elementor-post elementor-grid-item post-932 post type-post status-publish format-standard has-post-thumbnail hentry category-projekti\">\n\t\t\t\t<a class=\"elementor-post__thumbnail__link\" href=\"https:\/\/izo.si\/en\/partnerstvo-za-okolje-in-zdravje\/\" >\n\t\t\t<div class=\"elementor-post__thumbnail\"><img loading=\"lazy\" decoding=\"async\" width=\"750\" height=\"500\" src=\"https:\/\/izo.si\/wp-content\/uploads\/2021\/03\/POZ_logo-1.jpg\" class=\"attachment-medium_large size-medium_large wp-image-1745\" alt=\"POZ_logo-1\" srcset=\"https:\/\/izo.si\/wp-content\/uploads\/2021\/03\/POZ_logo-1.jpg 750w, https:\/\/izo.si\/wp-content\/uploads\/2021\/03\/POZ_logo-1-300x200.jpg 300w\" sizes=\"(max-width: 750px) 100vw, 750px\" \/><\/div>\n\t\t<\/a>\n\t\t\t\t<div class=\"elementor-post__text\">\n\t\t\t\t<h3 class=\"elementor-post__title\">\n\t\t\t<a href=\"https:\/\/izo.si\/en\/partnerstvo-za-okolje-in-zdravje\/\" >\n\t\t\t\tPartnerstvo za okolje in zdravje\t\t\t<\/a>\n\t\t<\/h3>\n\t\t\t\t<div class=\"elementor-post__excerpt\">\n\t\t\t<p>Partnerstvo za okolje in zdravje 3.0 (Partnership for Environment and Health 3.0) builds upon the achievements of<\/p>\n\t\t<\/div>\n\t\t\n\t\t<a class=\"elementor-post__read-more\" href=\"https:\/\/izo.si\/en\/partnerstvo-za-okolje-in-zdravje\/\" >\n\t\t\t&gt;MORE\t\t<\/a>\n\n\t\t\t\t<\/div>\n\t\t\t\t<\/article>\n\t\t\t\t<article class=\"elementor-post elementor-grid-item post-3175 post type-post status-publish format-standard has-post-thumbnail hentry category-projekti\">\n\t\t\t\t<a class=\"elementor-post__thumbnail__link\" href=\"https:\/\/izo.si\/en\/podnebni-cilji-in-vsebine-v-vzgoji-in-izobrazevanju\/\" >\n\t\t\t<div class=\"elementor-post__thumbnail\"><img loading=\"lazy\" decoding=\"async\" width=\"768\" height=\"480\" src=\"https:\/\/izo.si\/wp-content\/uploads\/2022\/08\/Podnebni_cilji_v_vzgoji_in_izobrazevanju_1-768x480.png\" class=\"attachment-medium_large size-medium_large wp-image-3176\" alt=\"\" srcset=\"https:\/\/izo.si\/wp-content\/uploads\/2022\/08\/Podnebni_cilji_v_vzgoji_in_izobrazevanju_1-768x480.png 768w, https:\/\/izo.si\/wp-content\/uploads\/2022\/08\/Podnebni_cilji_v_vzgoji_in_izobrazevanju_1-300x188.png 300w, https:\/\/izo.si\/wp-content\/uploads\/2022\/08\/Podnebni_cilji_v_vzgoji_in_izobrazevanju_1-1024x640.png 1024w, https:\/\/izo.si\/wp-content\/uploads\/2022\/08\/Podnebni_cilji_v_vzgoji_in_izobrazevanju_1.png 1080w\" sizes=\"(max-width: 768px) 100vw, 768px\" \/><\/div>\n\t\t<\/a>\n\t\t\t\t<div class=\"elementor-post__text\">\n\t\t\t\t<h3 class=\"elementor-post__title\">\n\t\t\t<a href=\"https:\/\/izo.si\/en\/podnebni-cilji-in-vsebine-v-vzgoji-in-izobrazevanju\/\" >\n\t\t\t\tClimate Goals and Content in Education\t\t\t<\/a>\n\t\t<\/h3>\n\t\t\t\t<div class=\"elementor-post__excerpt\">\n\t\t\t<p>Z Andrago\u0161kim centrom sodelujemo pri projektu Podnebni cilji in vsebine v vzgoji in izobra\u017eevanju (2022\u20132023). Klju\u010dni&nbsp;namen projekta&nbsp;je pospe\u0161eno,<\/p>\n\t\t<\/div>\n\t\t\n\t\t<a class=\"elementor-post__read-more\" href=\"https:\/\/izo.si\/en\/podnebni-cilji-in-vsebine-v-vzgoji-in-izobrazevanju\/\" >\n\t\t\t&gt;MORE\t\t<\/a>\n\n\t\t\t\t<\/div>\n\t\t\t\t<\/article>\n\t\t\t\t<article class=\"elementor-post elementor-grid-item post-947 post type-post status-publish format-standard has-post-thumbnail hentry category-projekti\">\n\t\t\t\t<a class=\"elementor-post__thumbnail__link\" href=\"https:\/\/izo.si\/en\/projekti-preprecevanja-zasvojenosti-in-preventive-na-podrocju-zdravja\/\" >\n\t\t\t<div class=\"elementor-post__thumbnail\"><img loading=\"lazy\" decoding=\"async\" width=\"750\" height=\"500\" src=\"https:\/\/izo.si\/wp-content\/uploads\/2021\/03\/Projekti-preprec\u030cevanja-zasvojenosti-in-preventive-na-podroc\u030cju-zdravja.jpg\" class=\"attachment-medium_large size-medium_large wp-image-1737\" alt=\"Projekti preprec\u030cevanja zasvojenosti in preventive na podroc\u030cju zdravja\" srcset=\"https:\/\/izo.si\/wp-content\/uploads\/2021\/03\/Projekti-preprec\u030cevanja-zasvojenosti-in-preventive-na-podroc\u030cju-zdravja.jpg 750w, https:\/\/izo.si\/wp-content\/uploads\/2021\/03\/Projekti-preprec\u030cevanja-zasvojenosti-in-preventive-na-podroc\u030cju-zdravja-300x200.jpg 300w\" sizes=\"(max-width: 750px) 100vw, 750px\" \/><\/div>\n\t\t<\/a>\n\t\t\t\t<div class=\"elementor-post__text\">\n\t\t\t\t<h3 class=\"elementor-post__title\">\n\t\t\t<a href=\"https:\/\/izo.si\/en\/projekti-preprecevanja-zasvojenosti-in-preventive-na-podrocju-zdravja\/\" >\n\t\t\t\tProjects for addiction prevention and health promotion\t\t\t<\/a>\n\t\t<\/h3>\n\t\t\t\t<div class=\"elementor-post__excerpt\">\n\t\t\t<p>The Institute for Health and Environment maintains regular collaborations with public institutions in the Municipality of Ljubljana to implement preventative programmes<\/p>\n\t\t<\/div>\n\t\t\n\t\t<a class=\"elementor-post__read-more\" href=\"https:\/\/izo.si\/en\/projekti-preprecevanja-zasvojenosti-in-preventive-na-podrocju-zdravja\/\" >\n\t\t\t&gt;MORE\t\t<\/a>\n\n\t\t\t\t<\/div>\n\t\t\t\t<\/article>\n\t\t\t\t<\/div>\n\n\n\t\t\n\t\t\t\t\t\t<\/div>\n\t\t\t\t<\/div>\n\t\t\t\t\t<\/div>\n\t\t<\/div>\n\t\t\t\t\t<\/div>\n\t\t<\/section>\n\t\t\t\t<section class=\"elementor-section elementor-top-section elementor-element elementor-element-40a9559 elementor-section-height-min-height elementor-section-boxed elementor-section-height-default elementor-section-items-middle\" data-id=\"40a9559\" data-element_type=\"section\" data-settings=\"{&quot;background_background&quot;:&quot;gradient&quot;}\">\n\t\t\t\t\t\t\t<div class=\"elementor-background-overlay\"><\/div>\n\t\t\t\t\t\t\t<div class=\"elementor-container elementor-column-gap-default\">\n\t\t\t\t\t<div class=\"elementor-column elementor-col-100 elementor-top-column elementor-element elementor-element-1c8c28d\" data-id=\"1c8c28d\" data-element_type=\"column\">\n\t\t\t<div class=\"elementor-widget-wrap elementor-element-populated\">\n\t\t\t\t\t\t<div class=\"elementor-element elementor-element-7db26e4 elementor-widget elementor-widget-heading\" data-id=\"7db26e4\" data-element_type=\"widget\" data-widget_type=\"heading.default\">\n\t\t\t\t<div class=\"elementor-widget-container\">\n\t\t\t\t\t<h2 class=\"elementor-heading-title elementor-size-large\">PAST PROJECTS<\/h2>\t\t\t\t<\/div>\n\t\t\t\t<\/div>\n\t\t\t\t\t<\/div>\n\t\t<\/div>\n\t\t\t\t\t<\/div>\n\t\t<\/section>\n\t\t\t\t<section class=\"elementor-section elementor-top-section elementor-element elementor-element-93c1977 elementor-section-boxed elementor-section-height-default elementor-section-height-default\" data-id=\"93c1977\" data-element_type=\"section\">\n\t\t\t\t\t\t<div class=\"elementor-container elementor-column-gap-default\">\n\t\t\t\t\t<div class=\"elementor-column elementor-col-100 elementor-top-column elementor-element elementor-element-f5735df\" data-id=\"f5735df\" data-element_type=\"column\">\n\t\t\t<div class=\"elementor-widget-wrap elementor-element-populated\">\n\t\t\t\t\t\t<div class=\"elementor-element elementor-element-b8d63bb elementor-posts--align-center elementor-grid-3 elementor-grid-tablet-2 elementor-grid-mobile-1 elementor-posts--thumbnail-top elementor-widget elementor-widget-posts\" data-id=\"b8d63bb\" data-element_type=\"widget\" data-settings=\"{&quot;classic_row_gap&quot;:{&quot;unit&quot;:&quot;px&quot;,&quot;size&quot;:85,&quot;sizes&quot;:[]},&quot;classic_columns&quot;:&quot;3&quot;,&quot;classic_columns_tablet&quot;:&quot;2&quot;,&quot;classic_columns_mobile&quot;:&quot;1&quot;,&quot;classic_row_gap_tablet&quot;:{&quot;unit&quot;:&quot;px&quot;,&quot;size&quot;:&quot;&quot;,&quot;sizes&quot;:[]},&quot;classic_row_gap_mobile&quot;:{&quot;unit&quot;:&quot;px&quot;,&quot;size&quot;:&quot;&quot;,&quot;sizes&quot;:[]}}\" data-widget_type=\"posts.classic\">\n\t\t\t\t<div class=\"elementor-widget-container\">\n\t\t\t\t\t\t\t<div class=\"elementor-posts-container elementor-posts elementor-posts--skin-classic elementor-grid\">\n\t\t\t\t<article class=\"elementor-post elementor-grid-item post-2610 post type-post status-publish format-standard has-post-thumbnail hentry category-pretekli-projekti\">\n\t\t\t\t<a class=\"elementor-post__thumbnail__link\" href=\"https:\/\/izo.si\/en\/zeroco2med\/\" >\n\t\t\t<div class=\"elementor-post__thumbnail\"><img loading=\"lazy\" decoding=\"async\" width=\"768\" height=\"644\" src=\"https:\/\/izo.si\/wp-content\/uploads\/2022\/01\/Izdelek-brez-naslova-768x644.png\" class=\"attachment-medium_large size-medium_large wp-image-2611\" alt=\"\" srcset=\"https:\/\/izo.si\/wp-content\/uploads\/2022\/01\/Izdelek-brez-naslova-768x644.png 768w, https:\/\/izo.si\/wp-content\/uploads\/2022\/01\/Izdelek-brez-naslova-300x251.png 300w, https:\/\/izo.si\/wp-content\/uploads\/2022\/01\/Izdelek-brez-naslova.png 940w\" sizes=\"(max-width: 768px) 100vw, 768px\" \/><\/div>\n\t\t<\/a>\n\t\t\t\t<div class=\"elementor-post__text\">\n\t\t\t\t<h3 class=\"elementor-post__title\">\n\t\t\t<a href=\"https:\/\/izo.si\/en\/zeroco2med\/\" >\n\t\t\t\tZeroCO2MED\t\t\t<\/a>\n\t\t<\/h3>\n\t\t\t\t<div class=\"elementor-post__excerpt\">\n\t\t\t<p>The importance of evaluating the success of publicly funded projects is growing, not only in terms of scientific outcomes<\/p>\n\t\t<\/div>\n\t\t\n\t\t<a class=\"elementor-post__read-more\" href=\"https:\/\/izo.si\/en\/zeroco2med\/\" >\n\t\t\t&gt;MORE\t\t<\/a>\n\n\t\t\t\t<\/div>\n\t\t\t\t<\/article>\n\t\t\t\t<article class=\"elementor-post elementor-grid-item post-945 post type-post status-publish format-standard has-post-thumbnail hentry category-pretekli-projekti\">\n\t\t\t\t<a class=\"elementor-post__thumbnail__link\" href=\"https:\/\/izo.si\/en\/cleanair4health\/\" >\n\t\t\t<div class=\"elementor-post__thumbnail\"><img loading=\"lazy\" decoding=\"async\" width=\"750\" height=\"500\" src=\"https:\/\/izo.si\/wp-content\/uploads\/2021\/03\/cLEAN-AIR-FOR-HEALTH.jpg\" class=\"attachment-medium_large size-medium_large wp-image-1732\" alt=\"cLEAN AIR FOR HEALTH\" srcset=\"https:\/\/izo.si\/wp-content\/uploads\/2021\/03\/cLEAN-AIR-FOR-HEALTH.jpg 750w, https:\/\/izo.si\/wp-content\/uploads\/2021\/03\/cLEAN-AIR-FOR-HEALTH-300x200.jpg 300w\" sizes=\"(max-width: 750px) 100vw, 750px\" \/><\/div>\n\t\t<\/a>\n\t\t\t\t<div class=\"elementor-post__text\">\n\t\t\t\t<h3 class=\"elementor-post__title\">\n\t\t\t<a href=\"https:\/\/izo.si\/en\/cleanair4health\/\" >\n\t\t\t\tCleanAir4Health\t\t\t<\/a>\n\t\t<\/h3>\n\t\t\t\t<div class=\"elementor-post__excerpt\">\n\t\t\t<p>The CleanAir4Health project is an international endeavour that combines research and awareness-raising initiatives.<\/p>\n\t\t<\/div>\n\t\t\n\t\t<a class=\"elementor-post__read-more\" href=\"https:\/\/izo.si\/en\/cleanair4health\/\" >\n\t\t\t&gt;MORE\t\t<\/a>\n\n\t\t\t\t<\/div>\n\t\t\t\t<\/article>\n\t\t\t\t<article class=\"elementor-post elementor-grid-item post-943 post type-post status-publish format-standard has-post-thumbnail hentry category-pretekli-projekti\">\n\t\t\t\t<a class=\"elementor-post__thumbnail__link\" href=\"https:\/\/izo.si\/en\/yaeh\/\" >\n\t\t\t<div class=\"elementor-post__thumbnail\"><img loading=\"lazy\" decoding=\"async\" width=\"750\" height=\"500\" src=\"https:\/\/izo.si\/wp-content\/uploads\/2021\/03\/YAEH.jpg\" class=\"attachment-medium_large size-medium_large wp-image-1742\" alt=\"YAEH\" srcset=\"https:\/\/izo.si\/wp-content\/uploads\/2021\/03\/YAEH.jpg 750w, https:\/\/izo.si\/wp-content\/uploads\/2021\/03\/YAEH-300x200.jpg 300w\" sizes=\"(max-width: 750px) 100vw, 750px\" \/><\/div>\n\t\t<\/a>\n\t\t\t\t<div class=\"elementor-post__text\">\n\t\t\t\t<h3 class=\"elementor-post__title\">\n\t\t\t<a href=\"https:\/\/izo.si\/en\/yaeh\/\" >\n\t\t\t\tYAEH!\t\t\t<\/a>\n\t\t<\/h3>\n\t\t\t\t<div class=\"elementor-post__excerpt\">\n\t\t\t<p>Through the Youth Advocacy of Environment and Health (YAEH!) project, our goal is to empower youth<\/p>\n\t\t<\/div>\n\t\t\n\t\t<a class=\"elementor-post__read-more\" href=\"https:\/\/izo.si\/en\/yaeh\/\" >\n\t\t\t&gt;MORE\t\t<\/a>\n\n\t\t\t\t<\/div>\n\t\t\t\t<\/article>\n\t\t\t\t<article class=\"elementor-post elementor-grid-item post-939 post type-post status-publish format-standard has-post-thumbnail hentry category-pretekli-projekti\">\n\t\t\t\t<a class=\"elementor-post__thumbnail__link\" href=\"https:\/\/izo.si\/en\/sustainaware-climate-mitigation\/\" >\n\t\t\t<div class=\"elementor-post__thumbnail\"><img loading=\"lazy\" decoding=\"async\" width=\"750\" height=\"500\" src=\"https:\/\/izo.si\/wp-content\/uploads\/2021\/03\/Sustainaware_logo-1-1.png\" class=\"attachment-medium_large size-medium_large wp-image-1741\" alt=\"Sustainaware_logo-1\" srcset=\"https:\/\/izo.si\/wp-content\/uploads\/2021\/03\/Sustainaware_logo-1-1.png 750w, https:\/\/izo.si\/wp-content\/uploads\/2021\/03\/Sustainaware_logo-1-1-300x200.png 300w\" sizes=\"(max-width: 750px) 100vw, 750px\" \/><\/div>\n\t\t<\/a>\n\t\t\t\t<div class=\"elementor-post__text\">\n\t\t\t\t<h3 class=\"elementor-post__title\">\n\t\t\t<a href=\"https:\/\/izo.si\/en\/sustainaware-climate-mitigation\/\" >\n\t\t\t\tSustainaware Climate Mitigation\t\t\t<\/a>\n\t\t<\/h3>\n\t\t\t\t<div class=\"elementor-post__excerpt\">\n\t\t\t<p>The aim of the Sustainaware project is to educate young people in Slovenia and Hungary about climate change<\/p>\n\t\t<\/div>\n\t\t\n\t\t<a class=\"elementor-post__read-more\" href=\"https:\/\/izo.si\/en\/sustainaware-climate-mitigation\/\" >\n\t\t\t&gt;MORE\t\t<\/a>\n\n\t\t\t\t<\/div>\n\t\t\t\t<\/article>\n\t\t\t\t<article class=\"elementor-post elementor-grid-item post-1337 post type-post status-publish format-standard has-post-thumbnail hentry category-pretekli-projekti\">\n\t\t\t\t<a class=\"elementor-post__thumbnail__link\" href=\"https:\/\/izo.si\/en\/vplivnez-si\/\" >\n\t\t\t<div class=\"elementor-post__thumbnail\"><img loading=\"lazy\" decoding=\"async\" width=\"768\" height=\"768\" src=\"https:\/\/izo.si\/wp-content\/uploads\/2021\/03\/Instagram-post-vplivnez.si-1-768x768.png\" class=\"attachment-medium_large size-medium_large wp-image-3706\" alt=\"\" srcset=\"https:\/\/izo.si\/wp-content\/uploads\/2021\/03\/Instagram-post-vplivnez.si-1-768x768.png 768w, https:\/\/izo.si\/wp-content\/uploads\/2021\/03\/Instagram-post-vplivnez.si-1-300x300.png 300w, https:\/\/izo.si\/wp-content\/uploads\/2021\/03\/Instagram-post-vplivnez.si-1-1024x1024.png 1024w, https:\/\/izo.si\/wp-content\/uploads\/2021\/03\/Instagram-post-vplivnez.si-1-150x150.png 150w, https:\/\/izo.si\/wp-content\/uploads\/2021\/03\/Instagram-post-vplivnez.si-1-12x12.png 12w, https:\/\/izo.si\/wp-content\/uploads\/2021\/03\/Instagram-post-vplivnez.si-1.png 1080w\" sizes=\"(max-width: 768px) 100vw, 768px\" \/><\/div>\n\t\t<\/a>\n\t\t\t\t<div class=\"elementor-post__text\">\n\t\t\t\t<h3 class=\"elementor-post__title\">\n\t\t\t<a href=\"https:\/\/izo.si\/en\/vplivnez-si\/\" >\n\t\t\t\tTraining for Young Influencers\t\t\t<\/a>\n\t\t<\/h3>\n\t\t\t\t<div class=\"elementor-post__excerpt\">\n\t\t\t<p>The Institute for Health and Environment has already organised two editions of the Training for Young Influencers, featuring two Slovenian influencers, Nik \u0160krlec and Ga\u0161per Bergant.<\/p>\n\t\t<\/div>\n\t\t\n\t\t<a class=\"elementor-post__read-more\" href=\"https:\/\/izo.si\/en\/vplivnez-si\/\" >\n\t\t\t&gt;MORE\t\t<\/a>\n\n\t\t\t\t<\/div>\n\t\t\t\t<\/article>\n\t\t\t\t<article class=\"elementor-post elementor-grid-item post-960 post type-post status-publish format-standard has-post-thumbnail hentry category-pretekli-projekti\">\n\t\t\t\t<a class=\"elementor-post__thumbnail__link\" href=\"https:\/\/izo.si\/en\/ker-alkohol-ni-mleko\/\" >\n\t\t\t<div class=\"elementor-post__thumbnail\"><img loading=\"lazy\" decoding=\"async\" width=\"768\" height=\"644\" src=\"https:\/\/izo.si\/wp-content\/uploads\/2021\/03\/Izdelek-brez-naslova-1-768x644.png\" class=\"attachment-medium_large size-medium_large wp-image-2620\" alt=\"\" srcset=\"https:\/\/izo.si\/wp-content\/uploads\/2021\/03\/Izdelek-brez-naslova-1-768x644.png 768w, https:\/\/izo.si\/wp-content\/uploads\/2021\/03\/Izdelek-brez-naslova-1-300x251.png 300w, https:\/\/izo.si\/wp-content\/uploads\/2021\/03\/Izdelek-brez-naslova-1.png 940w\" sizes=\"(max-width: 768px) 100vw, 768px\" \/><\/div>\n\t\t<\/a>\n\t\t\t\t<div class=\"elementor-post__text\">\n\t\t\t\t<h3 class=\"elementor-post__title\">\n\t\t\t<a href=\"https:\/\/izo.si\/en\/ker-alkohol-ni-mleko\/\" >\n\t\t\t\tKer alkohol ni mleko\t\t\t<\/a>\n\t\t<\/h3>\n\t\t\t\t<div class=\"elementor-post__excerpt\">\n\t\t\t<p>The Ker alkohol ni mleko (Because Alcohol Is Not Milk) initiative was launched in 2018 through a partnership of ongoing project stakeholders. Recent research and prior activities<\/p>\n\t\t<\/div>\n\t\t\n\t\t<a class=\"elementor-post__read-more\" href=\"https:\/\/izo.si\/en\/ker-alkohol-ni-mleko\/\" >\n\t\t\t&gt;MORE\t\t<\/a>\n\n\t\t\t\t<\/div>\n\t\t\t\t<\/article>\n\t\t\t\t<article class=\"elementor-post elementor-grid-item post-957 post type-post status-publish format-standard has-post-thumbnail hentry category-pretekli-projekti\">\n\t\t\t\t<a class=\"elementor-post__thumbnail__link\" href=\"https:\/\/izo.si\/en\/preventivna-platforma\/\" >\n\t\t\t<div class=\"elementor-post__thumbnail\"><img loading=\"lazy\" decoding=\"async\" width=\"750\" height=\"500\" src=\"https:\/\/izo.si\/wp-content\/uploads\/2021\/03\/PREVENT-768x193-1.jpg\" class=\"attachment-medium_large size-medium_large wp-image-1736\" alt=\"\" srcset=\"https:\/\/izo.si\/wp-content\/uploads\/2021\/03\/PREVENT-768x193-1.jpg 750w, https:\/\/izo.si\/wp-content\/uploads\/2021\/03\/PREVENT-768x193-1-300x200.jpg 300w\" sizes=\"(max-width: 750px) 100vw, 750px\" \/><\/div>\n\t\t<\/a>\n\t\t\t\t<div class=\"elementor-post__text\">\n\t\t\t\t<h3 class=\"elementor-post__title\">\n\t\t\t<a href=\"https:\/\/izo.si\/en\/preventivna-platforma\/\" >\n\t\t\t\tPreventivna platforma\t\t\t<\/a>\n\t\t<\/h3>\n\t\t\t\t<div class=\"elementor-post__excerpt\">\n\t\t\t<p>The Prevent Platform programme aims to develop a comprehensive approach to prevention from 2020 to 2022. It will combine most of the applicant's programme activities and upgrade past work.<\/p>\n\t\t<\/div>\n\t\t\n\t\t<a class=\"elementor-post__read-more\" href=\"https:\/\/izo.si\/en\/preventivna-platforma\/\" >\n\t\t\t&gt;MORE\t\t<\/a>\n\n\t\t\t\t<\/div>\n\t\t\t\t<\/article>\n\t\t\t\t<article class=\"elementor-post elementor-grid-item post-955 post type-post status-publish format-standard has-post-thumbnail hentry category-pretekli-projekti\">\n\t\t\t\t<a class=\"elementor-post__thumbnail__link\" href=\"https:\/\/izo.si\/en\/recimo-ne-odvisnosti\/\" >\n\t\t\t<div class=\"elementor-post__thumbnail\"><img loading=\"lazy\" decoding=\"async\" width=\"750\" height=\"500\" src=\"https:\/\/izo.si\/wp-content\/uploads\/2021\/03\/Recimo-ne-odvisnosti.jpg\" class=\"attachment-medium_large size-medium_large wp-image-1738\" alt=\"Recimo ne odvisnosti\" srcset=\"https:\/\/izo.si\/wp-content\/uploads\/2021\/03\/Recimo-ne-odvisnosti.jpg 750w, https:\/\/izo.si\/wp-content\/uploads\/2021\/03\/Recimo-ne-odvisnosti-300x200.jpg 300w\" sizes=\"(max-width: 750px) 100vw, 750px\" \/><\/div>\n\t\t<\/a>\n\t\t\t\t<div class=\"elementor-post__text\">\n\t\t\t\t<h3 class=\"elementor-post__title\">\n\t\t\t<a href=\"https:\/\/izo.si\/en\/recimo-ne-odvisnosti\/\" >\n\t\t\t\tRecimo ne odvisnosti\t\t\t<\/a>\n\t\t<\/h3>\n\t\t\t\t<div class=\"elementor-post__excerpt\">\n\t\t\t<p>Our programme Recimo NE odvisnosti (Say NO to Addiction) has been in operation since 2017, with co-financing from the Ministry of Health of the Republic of Slovenia. In 2019, the programme<\/p>\n\t\t<\/div>\n\t\t\n\t\t<a class=\"elementor-post__read-more\" href=\"https:\/\/izo.si\/en\/recimo-ne-odvisnosti\/\" >\n\t\t\t&gt;MORE\t\t<\/a>\n\n\t\t\t\t<\/div>\n\t\t\t\t<\/article>\n\t\t\t\t<article class=\"elementor-post elementor-grid-item post-952 post type-post status-publish format-standard has-post-thumbnail hentry category-pretekli-projekti\">\n\t\t\t\t<a class=\"elementor-post__thumbnail__link\" href=\"https:\/\/izo.si\/en\/heroji\/\" >\n\t\t\t<div class=\"elementor-post__thumbnail\"><img loading=\"lazy\" decoding=\"async\" width=\"750\" height=\"500\" src=\"https:\/\/izo.si\/wp-content\/uploads\/2021\/03\/heroji-768x605-1.png\" class=\"attachment-medium_large size-medium_large wp-image-1733\" alt=\"heroji-768x605\" srcset=\"https:\/\/izo.si\/wp-content\/uploads\/2021\/03\/heroji-768x605-1.png 750w, https:\/\/izo.si\/wp-content\/uploads\/2021\/03\/heroji-768x605-1-300x200.png 300w\" sizes=\"(max-width: 750px) 100vw, 750px\" \/><\/div>\n\t\t<\/a>\n\t\t\t\t<div class=\"elementor-post__text\">\n\t\t\t\t<h3 class=\"elementor-post__title\">\n\t\t\t<a href=\"https:\/\/izo.si\/en\/heroji\/\" >\n\t\t\t\tHeroji\t\t\t<\/a>\n\t\t<\/h3>\n\t\t\t\t<div class=\"elementor-post__excerpt\">\n\t\t\t<p>The programme Heroji (Heroes) is coordinated by the Vozim Institute and co-funded by the Ministry of Health. The programme includes several activities such as<\/p>\n\t\t<\/div>\n\t\t\n\t\t<a class=\"elementor-post__read-more\" href=\"https:\/\/izo.si\/en\/heroji\/\" >\n\t\t\t&gt;MORE\t\t<\/a>\n\n\t\t\t\t<\/div>\n\t\t\t\t<\/article>\n\t\t\t\t<article class=\"elementor-post elementor-grid-item post-950 post type-post status-publish format-standard has-post-thumbnail hentry category-pretekli-projekti\">\n\t\t\t\t<a class=\"elementor-post__thumbnail__link\" href=\"https:\/\/izo.si\/en\/brez-izgovora-2020-2022\/\" >\n\t\t\t<div class=\"elementor-post__thumbnail\"><img loading=\"lazy\" decoding=\"async\" width=\"750\" height=\"500\" src=\"https:\/\/izo.si\/wp-content\/uploads\/2021\/03\/Brez-izgovora-2020-2022-1.jpg\" class=\"attachment-medium_large size-medium_large wp-image-1744\" alt=\"Brez izgovora 2020-2022\" srcset=\"https:\/\/izo.si\/wp-content\/uploads\/2021\/03\/Brez-izgovora-2020-2022-1.jpg 750w, https:\/\/izo.si\/wp-content\/uploads\/2021\/03\/Brez-izgovora-2020-2022-1-300x200.jpg 300w\" sizes=\"(max-width: 750px) 100vw, 750px\" \/><\/div>\n\t\t<\/a>\n\t\t\t\t<div class=\"elementor-post__text\">\n\t\t\t\t<h3 class=\"elementor-post__title\">\n\t\t\t<a href=\"https:\/\/izo.si\/en\/brez-izgovora-2020-2022\/\" >\n\t\t\t\tNo Excuse 2020\u20132022\t\t\t<\/a>\n\t\t<\/h3>\n\t\t\t\t<div class=\"elementor-post__excerpt\">\n\t\t\t<p>The Institute partners with the \"No Excuse\" project, co-funded by the Ministry of Health under the Health Protection and Promotion Programme for 2020\u20132022.<\/p>\n\t\t<\/div>\n\t\t\n\t\t<a class=\"elementor-post__read-more\" href=\"https:\/\/izo.si\/en\/brez-izgovora-2020-2022\/\" >\n\t\t\t&gt;MORE\t\t<\/a>\n\n\t\t\t\t<\/div>\n\t\t\t\t<\/article>\n\t\t\t\t<\/div>\n\n\n\t\t\n\t\t\t\t\t\t<\/div>\n\t\t\t\t<\/div>\n\t\t\t\t\t<\/div>\n\t\t<\/div>\n\t\t\t\t\t<\/div>\n\t\t<\/section>\n\t\t\t\t<\/div>","protected":false},"excerpt":{"rendered":"<p>PAST PROJECTS<\/p>","protected":false},"author":1,"featured_media":0,"parent":0,"menu_order":0,"comment_status":"closed","ping_status":"closed","template":"","meta":{"_monsterinsights_skip_tracking":false,"_monsterinsights_sitenote_active":false,"_monsterinsights_sitenote_note":"","_monsterinsights_sitenote_category":0,"_uf_show_specific_survey":0,"_uf_disable_surveys":false,"footnotes":""},"class_list":["post-93","page","type-page","status-publish","hentry"],"aioseo_notices":[],"yoast_head":"<!-- This site is optimized with the Yoast SEO plugin v24.5 - https:\/\/yoast.com\/wordpress\/plugins\/seo\/ -->\n<title>Projekti - IZO<\/title>\n<meta name=\"robots\" content=\"index, follow, max-snippet:-1, max-image-preview:large, max-video-preview:-1\" \/>\n<link rel=\"canonical\" href=\"https:\/\/izo.si\/en\/projekti\/\" \/>\n<meta property=\"og:locale\" content=\"en_GB\" \/>\n<meta property=\"og:type\" content=\"article\" \/>\n<meta property=\"og:title\" content=\"Projekti - IZO\" \/>\n<meta property=\"og:description\" content=\"Pretekli projekti\" \/>\n<meta property=\"og:url\" content=\"https:\/\/izo.si\/en\/projekti\/\" \/>\n<meta property=\"og:site_name\" content=\"IZO\" \/>\n<meta property=\"article:modified_time\" content=\"2023-03-20T08:57:52+00:00\" \/>\n<meta name=\"twitter:card\" content=\"summary_large_image\" \/>\n<script type=\"application\/ld+json\" class=\"yoast-schema-graph\">{\"@context\":\"https:\/\/schema.org\",\"@graph\":[{\"@type\":\"WebPage\",\"@id\":\"https:\/\/izo.si\/projekti\/\",\"url\":\"https:\/\/izo.si\/projekti\/\",\"name\":\"Projekti - IZO\",\"isPartOf\":{\"@id\":\"https:\/\/izo.si\/#website\"},\"datePublished\":\"2021-01-18T15:06:31+00:00\",\"dateModified\":\"2023-03-20T08:57:52+00:00\",\"breadcrumb\":{\"@id\":\"https:\/\/izo.si\/projekti\/#breadcrumb\"},\"inLanguage\":\"en-GB\",\"potentialAction\":[{\"@type\":\"ReadAction\",\"target\":[\"https:\/\/izo.si\/projekti\/\"]}]},{\"@type\":\"BreadcrumbList\",\"@id\":\"https:\/\/izo.si\/projekti\/#breadcrumb\",\"itemListElement\":[{\"@type\":\"ListItem\",\"position\":1,\"name\":\"Home\",\"item\":\"https:\/\/izo.si\/\"},{\"@type\":\"ListItem\",\"position\":2,\"name\":\"Projekti\"}]},{\"@type\":\"WebSite\",\"@id\":\"https:\/\/izo.si\/#website\",\"url\":\"https:\/\/izo.si\/\",\"name\":\"IZO\",\"description\":\"In\u0161titut za zdravje in okolje\",\"publisher\":{\"@id\":\"https:\/\/izo.si\/#organization\"},\"potentialAction\":[{\"@type\":\"SearchAction\",\"target\":{\"@type\":\"EntryPoint\",\"urlTemplate\":\"https:\/\/izo.si\/?s={search_term_string}\"},\"query-input\":{\"@type\":\"PropertyValueSpecification\",\"valueRequired\":true,\"valueName\":\"search_term_string\"}}],\"inLanguage\":\"en-GB\"},{\"@type\":\"Organization\",\"@id\":\"https:\/\/izo.si\/#organization\",\"name\":\"IZO\",\"url\":\"https:\/\/izo.si\/\",\"logo\":{\"@type\":\"ImageObject\",\"inLanguage\":\"en-GB\",\"@id\":\"https:\/\/izo.si\/#\/schema\/logo\/image\/\",\"url\":\"https:\/\/izo.si\/wp-content\/uploads\/2021\/01\/izo-logo@2x.png\",\"contentUrl\":\"https:\/\/izo.si\/wp-content\/uploads\/2021\/01\/izo-logo@2x.png\",\"width\":262,\"height\":139,\"caption\":\"IZO\"},\"image\":{\"@id\":\"https:\/\/izo.si\/#\/schema\/logo\/image\/\"}}]}<\/script>\n<!-- \/ Yoast SEO plugin. -->","yoast_head_json":{"title":"Projekti - IZO","robots":{"index":"index","follow":"follow","max-snippet":"max-snippet:-1","max-image-preview":"max-image-preview:large","max-video-preview":"max-video-preview:-1"},"canonical":"https:\/\/izo.si\/en\/projekti\/","og_locale":"en_GB","og_type":"article","og_title":"Projekti - IZO","og_description":"Pretekli projekti","og_url":"https:\/\/izo.si\/en\/projekti\/","og_site_name":"IZO","article_modified_time":"2023-03-20T08:57:52+00:00","twitter_card":"summary_large_image","schema":{"@context":"https:\/\/schema.org","@graph":[{"@type":"WebPage","@id":"https:\/\/izo.si\/projekti\/","url":"https:\/\/izo.si\/projekti\/","name":"Projekti - IZO","isPartOf":{"@id":"https:\/\/izo.si\/#website"},"datePublished":"2021-01-18T15:06:31+00:00","dateModified":"2023-03-20T08:57:52+00:00","breadcrumb":{"@id":"https:\/\/izo.si\/projekti\/#breadcrumb"},"inLanguage":"en-GB","potentialAction":[{"@type":"ReadAction","target":["https:\/\/izo.si\/projekti\/"]}]},{"@type":"BreadcrumbList","@id":"https:\/\/izo.si\/projekti\/#breadcrumb","itemListElement":[{"@type":"ListItem","position":1,"name":"Home","item":"https:\/\/izo.si\/"},{"@type":"ListItem","position":2,"name":"Projekti"}]},{"@type":"WebSite","@id":"https:\/\/izo.si\/#website","url":"https:\/\/izo.si\/","name":"IZO","description":"Institute for Health and Environment","publisher":{"@id":"https:\/\/izo.si\/#organization"},"potentialAction":[{"@type":"SearchAction","target":{"@type":"EntryPoint","urlTemplate":"https:\/\/izo.si\/?s={search_term_string}"},"query-input":{"@type":"PropertyValueSpecification","valueRequired":true,"valueName":"search_term_string"}}],"inLanguage":"en-GB"},{"@type":"Organization","@id":"https:\/\/izo.si\/#organization","name":"IZO","url":"https:\/\/izo.si\/","logo":{"@type":"ImageObject","inLanguage":"en-GB","@id":"https:\/\/izo.si\/#\/schema\/logo\/image\/","url":"https:\/\/izo.si\/wp-content\/uploads\/2021\/01\/izo-logo@2x.png","contentUrl":"https:\/\/izo.si\/wp-content\/uploads\/2021\/01\/izo-logo@2x.png","width":262,"height":139,"caption":"IZO"},"image":{"@id":"https:\/\/izo.si\/#\/schema\/logo\/image\/"}}]}},"_links":{"self":[{"href":"https:\/\/izo.si\/en\/wp-json\/wp\/v2\/pages\/93","targetHints":{"allow":["GET"]}}],"collection":[{"href":"https:\/\/izo.si\/en\/wp-json\/wp\/v2\/pages"}],"about":[{"href":"https:\/\/izo.si\/en\/wp-json\/wp\/v2\/types\/page"}],"author":[{"embeddable":true,"href":"https:\/\/izo.si\/en\/wp-json\/wp\/v2\/users\/1"}],"replies":[{"embeddable":true,"href":"https:\/\/izo.si\/en\/wp-json\/wp\/v2\/comments?post=93"}],"version-history":[{"count":160,"href":"https:\/\/izo.si\/en\/wp-json\/wp\/v2\/pages\/93\/revisions"}],"predecessor-version":[{"id":3480,"href":"https:\/\/izo.si\/en\/wp-json\/wp\/v2\/pages\/93\/revisions\/3480"}],"wp:attachment":[{"href":"https:\/\/izo.si\/en\/wp-json\/wp\/v2\/media?parent=93"}],"curies":[{"name":"wp","href":"https:\/\/api.w.org\/{rel}","templated":true}]}}