{"id":383,"date":"2021-03-05T12:24:13","date_gmt":"2021-03-05T12:24:13","guid":{"rendered":"https:\/\/izo.si\/?page_id=383"},"modified":"2023-01-20T09:19:14","modified_gmt":"2023-01-20T08:19:14","slug":"novice","status":"publish","type":"page","link":"https:\/\/izo.si\/en\/novice\/","title":{"rendered":"News"},"content":{"rendered":"<div data-elementor-type=\"wp-page\" data-elementor-id=\"383\" class=\"elementor elementor-383\">\n\t\t\t\t\t\t<section class=\"elementor-section elementor-top-section elementor-element elementor-element-391fc327 elementor-section-height-min-height elementor-section-boxed elementor-section-height-default elementor-section-items-middle\" data-id=\"391fc327\" data-element_type=\"section\" data-settings=\"{&quot;background_background&quot;:&quot;gradient&quot;}\">\n\t\t\t\t\t\t\t<div class=\"elementor-background-overlay\"><\/div>\n\t\t\t\t\t\t\t<div class=\"elementor-container elementor-column-gap-default\">\n\t\t\t\t\t<div class=\"elementor-column elementor-col-100 elementor-top-column elementor-element elementor-element-369a8e02\" data-id=\"369a8e02\" data-element_type=\"column\">\n\t\t\t<div class=\"elementor-widget-wrap elementor-element-populated\">\n\t\t\t\t\t\t<div class=\"elementor-element elementor-element-11b8fc5e elementor-widget elementor-widget-heading\" data-id=\"11b8fc5e\" data-element_type=\"widget\" data-widget_type=\"heading.default\">\n\t\t\t\t<div class=\"elementor-widget-container\">\n\t\t\t\t\t<h2 class=\"elementor-heading-title elementor-size-large\">News<\/h2>\t\t\t\t<\/div>\n\t\t\t\t<\/div>\n\t\t\t\t\t<\/div>\n\t\t<\/div>\n\t\t\t\t\t<\/div>\n\t\t<\/section>\n\t\t\t\t<section class=\"elementor-section elementor-top-section elementor-element elementor-element-7bfd257e elementor-section-boxed elementor-section-height-default elementor-section-height-default\" data-id=\"7bfd257e\" data-element_type=\"section\">\n\t\t\t\t\t\t<div class=\"elementor-container elementor-column-gap-default\">\n\t\t\t\t\t<div class=\"elementor-column elementor-col-100 elementor-top-column elementor-element elementor-element-5da7bdda\" data-id=\"5da7bdda\" data-element_type=\"column\">\n\t\t\t<div class=\"elementor-widget-wrap elementor-element-populated\">\n\t\t\t\t\t\t<div class=\"elementor-element elementor-element-78e3dfe elementor-grid-1 elementor-posts--thumbnail-right elementor-grid-tablet-1 elementor-hidden-phone elementor-grid-mobile-1 elementor-widget elementor-widget-posts\" data-id=\"78e3dfe\" data-element_type=\"widget\" data-settings=\"{&quot;classic_columns&quot;:&quot;1&quot;,&quot;classic_row_gap&quot;:{&quot;unit&quot;:&quot;px&quot;,&quot;size&quot;:80,&quot;sizes&quot;:[]},&quot;classic_columns_tablet&quot;:&quot;1&quot;,&quot;pagination_type&quot;:&quot;numbers_and_prev_next&quot;,&quot;classic_columns_mobile&quot;:&quot;1&quot;,&quot;classic_row_gap_tablet&quot;:{&quot;unit&quot;:&quot;px&quot;,&quot;size&quot;:&quot;&quot;,&quot;sizes&quot;:[]},&quot;classic_row_gap_mobile&quot;:{&quot;unit&quot;:&quot;px&quot;,&quot;size&quot;:&quot;&quot;,&quot;sizes&quot;:[]}}\" data-widget_type=\"posts.classic\">\n\t\t\t\t<div class=\"elementor-widget-container\">\n\t\t\t\t\t\t\t<div class=\"elementor-posts-container elementor-posts elementor-posts--skin-classic elementor-grid\">\n\t\t\t\t<article class=\"elementor-post elementor-grid-item post-6235 post type-post status-publish format-standard has-post-thumbnail hentry category-novice tag-dan-zemlje tag-ljubljana tag-mestni-toplotni-otoki tag-prekomerna-raba-naravnih-virov tag-svetovni-dan-zemlje tag-vrocinski-stres tag-zeleni-utrip-mladih tag-zum\">\n\t\t\t\t<a class=\"elementor-post__thumbnail__link\" href=\"https:\/\/izo.si\/en\/szj-dan-zemlje-2026\/\" >\n\t\t\t<div class=\"elementor-post__thumbnail\"><img fetchpriority=\"high\" decoding=\"async\" width=\"768\" height=\"432\" src=\"https:\/\/izo.si\/wp-content\/uploads\/2026\/04\/Header-Image-2-768x432.png\" class=\"attachment-medium_large size-medium_large wp-image-6236\" alt=\"\" srcset=\"https:\/\/izo.si\/wp-content\/uploads\/2026\/04\/Header-Image-2-768x432.png 768w, https:\/\/izo.si\/wp-content\/uploads\/2026\/04\/Header-Image-2-300x169.png 300w, https:\/\/izo.si\/wp-content\/uploads\/2026\/04\/Header-Image-2-1024x576.png 1024w, https:\/\/izo.si\/wp-content\/uploads\/2026\/04\/Header-Image-2-1536x864.png 1536w, https:\/\/izo.si\/wp-content\/uploads\/2026\/04\/Header-Image-2-2048x1152.png 2048w, https:\/\/izo.si\/wp-content\/uploads\/2026\/04\/Header-Image-2-18x10.png 18w\" sizes=\"(max-width: 768px) 100vw, 768px\" \/><\/div>\n\t\t<\/a>\n\t\t\t\t<div class=\"elementor-post__text\">\n\t\t\t\t<h3 class=\"elementor-post__title\">\n\t\t\t<a href=\"https:\/\/izo.si\/en\/szj-dan-zemlje-2026\/\" >\n\t\t\t\tSZJ: Na\u0161a mo\u010d, na\u0161 planet \u2013 Zeleni utrip mladih za mesta prihodnosti\t\t\t<\/a>\n\t\t<\/h3>\n\t\t\t\t<div class=\"elementor-post__meta-data\">\n\t\t\t\t\t<span class=\"elementor-post-date\">\n\t\t\t22. 04. 2026\t\t<\/span>\n\t\t\t\t<\/div>\n\t\t\t\t<div class=\"elementor-post__excerpt\">\n\t\t\t<p>Ljubljana, 22. april 2026 \u2013 Danes obele\u017eujemo Svetovni dan Zemlje, ki nas opominja, da je odgovoren odnos do okolja skupna naloga vseh. V \u010dasu nara\u0161\u010dajo\u010dih<\/p>\n\t\t<\/div>\n\t\t\n\t\t<a class=\"elementor-post__read-more\" href=\"https:\/\/izo.si\/en\/szj-dan-zemlje-2026\/\" >\n\t\t\tPREBERI VE\u010c\t\t<\/a>\n\n\t\t\t\t<\/div>\n\t\t\t\t<\/article>\n\t\t\t\t<article class=\"elementor-post elementor-grid-item post-6192 post type-post status-publish format-standard has-post-thumbnail hentry category-novice tag-konferenca tag-okolje tag-podnebna-pravicnost tag-trajnost tag-urban-future tag-urbana-mobilnost tag-zdravje\">\n\t\t\t\t<a class=\"elementor-post__thumbnail__link\" href=\"https:\/\/izo.si\/en\/na-konferenci-urban-future-2026\/\" >\n\t\t\t<div class=\"elementor-post__thumbnail\"><img decoding=\"async\" width=\"768\" height=\"432\" src=\"https:\/\/izo.si\/wp-content\/uploads\/2026\/04\/Urban-Future-768x432.png\" class=\"attachment-medium_large size-medium_large wp-image-6206\" alt=\"\" srcset=\"https:\/\/izo.si\/wp-content\/uploads\/2026\/04\/Urban-Future-768x432.png 768w, https:\/\/izo.si\/wp-content\/uploads\/2026\/04\/Urban-Future-300x169.png 300w, https:\/\/izo.si\/wp-content\/uploads\/2026\/04\/Urban-Future-1024x576.png 1024w, https:\/\/izo.si\/wp-content\/uploads\/2026\/04\/Urban-Future-18x10.png 18w, https:\/\/izo.si\/wp-content\/uploads\/2026\/04\/Urban-Future.png 1280w\" sizes=\"(max-width: 768px) 100vw, 768px\" \/><\/div>\n\t\t<\/a>\n\t\t\t\t<div class=\"elementor-post__text\">\n\t\t\t\t<h3 class=\"elementor-post__title\">\n\t\t\t<a href=\"https:\/\/izo.si\/en\/na-konferenci-urban-future-2026\/\" >\n\t\t\t\tNa konferenci Urban Future 2026: Kako mesta postajajo pravi\u010dnej\u0161a, trajnostnej\u0161a in pametnej\u0161a\t\t\t<\/a>\n\t\t<\/h3>\n\t\t\t\t<div class=\"elementor-post__meta-data\">\n\t\t\t\t\t<span class=\"elementor-post-date\">\n\t\t\t01. 04. 2026\t\t<\/span>\n\t\t\t\t<\/div>\n\t\t\t\t<div class=\"elementor-post__excerpt\">\n\t\t\t<p>Konferenca Urban Future, ki je konec marca 2026 potekala v Ljubljani, je ponovno potrdila, da so sodobni urbani izzivi nelo\u010dljivo povezani s socialno pravi\u010dnostjo, podnebnimi<\/p>\n\t\t<\/div>\n\t\t\n\t\t<a class=\"elementor-post__read-more\" href=\"https:\/\/izo.si\/en\/na-konferenci-urban-future-2026\/\" >\n\t\t\tPREBERI VE\u010c\t\t<\/a>\n\n\t\t\t\t<\/div>\n\t\t\t\t<\/article>\n\t\t\t\t<article class=\"elementor-post elementor-grid-item post-6146 post type-post status-publish format-standard has-post-thumbnail hentry category-novice tag-digitalna-platforma tag-konferenca tag-mrv tag-ogljicno-kmetovanje tag-regenerativno-kmetijstvo tag-sredozemlje\">\n\t\t\t\t<a class=\"elementor-post__thumbnail__link\" href=\"https:\/\/izo.si\/en\/vabilo-konferenca-cfmed-barcelona\/\" >\n\t\t\t<div class=\"elementor-post__thumbnail\"><img decoding=\"async\" width=\"768\" height=\"193\" src=\"https:\/\/izo.si\/wp-content\/uploads\/2024\/07\/Screenshot-2024-07-12-at-16.13.50-768x193.png\" class=\"attachment-medium_large size-medium_large wp-image-4603\" alt=\"\" srcset=\"https:\/\/izo.si\/wp-content\/uploads\/2024\/07\/Screenshot-2024-07-12-at-16.13.50-768x193.png 768w, https:\/\/izo.si\/wp-content\/uploads\/2024\/07\/Screenshot-2024-07-12-at-16.13.50-300x75.png 300w, https:\/\/izo.si\/wp-content\/uploads\/2024\/07\/Screenshot-2024-07-12-at-16.13.50-1024x257.png 1024w, https:\/\/izo.si\/wp-content\/uploads\/2024\/07\/Screenshot-2024-07-12-at-16.13.50-1536x386.png 1536w, https:\/\/izo.si\/wp-content\/uploads\/2024\/07\/Screenshot-2024-07-12-at-16.13.50-18x5.png 18w, https:\/\/izo.si\/wp-content\/uploads\/2024\/07\/Screenshot-2024-07-12-at-16.13.50.png 1830w\" sizes=\"(max-width: 768px) 100vw, 768px\" \/><\/div>\n\t\t<\/a>\n\t\t\t\t<div class=\"elementor-post__text\">\n\t\t\t\t<h3 class=\"elementor-post__title\">\n\t\t\t<a href=\"https:\/\/izo.si\/en\/vabilo-konferenca-cfmed-barcelona\/\" >\n\t\t\t\tVabljeni na konferenco Carbon Farming MED v Barceloni\t\t\t<\/a>\n\t\t<\/h3>\n\t\t\t\t<div class=\"elementor-post__meta-data\">\n\t\t\t\t\t<span class=\"elementor-post-date\">\n\t\t\t16. 03. 2026\t\t<\/span>\n\t\t\t\t<\/div>\n\t\t\t\t<div class=\"elementor-post__excerpt\">\n\t\t\t<p>Pridru\u017eite se nam na osrednjem dogodku projekta Carbon Farming MED, ki bo potekal 28. in 29. maja v Barceloni. Spoznajte najnovej\u0161e prakse oglji\u010dnega kmetovanja in<\/p>\n\t\t<\/div>\n\t\t\n\t\t<a class=\"elementor-post__read-more\" href=\"https:\/\/izo.si\/en\/vabilo-konferenca-cfmed-barcelona\/\" >\n\t\t\tPREBERI VE\u010c\t\t<\/a>\n\n\t\t\t\t<\/div>\n\t\t\t\t<\/article>\n\t\t\t\t<article class=\"elementor-post elementor-grid-item post-6134 post type-post status-publish format-standard has-post-thumbnail hentry category-novice tag-carbon-farming tag-digitalna-platforma tag-kmetijstvo tag-konferenca tag-mrv tag-ogljicno-kmetovanje tag-regenerativno-kmetijstvo tag-trajnostne-kmetijske-prakse\">\n\t\t\t\t<a class=\"elementor-post__thumbnail__link\" href=\"https:\/\/izo.si\/en\/cf-med-novicnik-2\/\" >\n\t\t\t<div class=\"elementor-post__thumbnail\"><img loading=\"lazy\" decoding=\"async\" width=\"768\" height=\"432\" src=\"https:\/\/izo.si\/wp-content\/uploads\/2026\/03\/CF-Novicnik-2-768x432.png\" class=\"attachment-medium_large size-medium_large wp-image-6136\" alt=\"\" srcset=\"https:\/\/izo.si\/wp-content\/uploads\/2026\/03\/CF-Novicnik-2-768x432.png 768w, https:\/\/izo.si\/wp-content\/uploads\/2026\/03\/CF-Novicnik-2-300x169.png 300w, https:\/\/izo.si\/wp-content\/uploads\/2026\/03\/CF-Novicnik-2-1024x576.png 1024w, https:\/\/izo.si\/wp-content\/uploads\/2026\/03\/CF-Novicnik-2-18x10.png 18w, https:\/\/izo.si\/wp-content\/uploads\/2026\/03\/CF-Novicnik-2.png 1280w\" sizes=\"(max-width: 768px) 100vw, 768px\" \/><\/div>\n\t\t<\/a>\n\t\t\t\t<div class=\"elementor-post__text\">\n\t\t\t\t<h3 class=\"elementor-post__title\">\n\t\t\t<a href=\"https:\/\/izo.si\/en\/cf-med-novicnik-2\/\" >\n\t\t\t\tOglji\u010dno kmetovanje v Sredozemlju: Od pilotnih kmetij do digitalnih re\u0161itev\t\t\t<\/a>\n\t\t<\/h3>\n\t\t\t\t<div class=\"elementor-post__meta-data\">\n\t\t\t\t\t<span class=\"elementor-post-date\">\n\t\t\t16. 03. 2026\t\t<\/span>\n\t\t\t\t<\/div>\n\t\t\t\t<div class=\"elementor-post__excerpt\">\n\t\t\t<p>Vabljeni k branju druge izdaje novi\u010dnika projekta Carbon Farming MED, v kateri predstavljamo prehod iz raziskovalne faze v obdobje implementacije konkretnih re\u0161itev za oglji\u010dno kmetovanje<\/p>\n\t\t<\/div>\n\t\t\n\t\t<a class=\"elementor-post__read-more\" href=\"https:\/\/izo.si\/en\/cf-med-novicnik-2\/\" >\n\t\t\tPREBERI VE\u010c\t\t<\/a>\n\n\t\t\t\t<\/div>\n\t\t\t\t<\/article>\n\t\t\t\t<article class=\"elementor-post elementor-grid-item post-6064 post type-post status-publish format-standard has-post-thumbnail hentry category-novice tag-delo-v-nvo tag-mladi-talenti tag-mladinski-delavci tag-nevladni-sektor tag-okolje tag-trajnost tag-zdravje\">\n\t\t\t\t<a class=\"elementor-post__thumbnail__link\" href=\"https:\/\/izo.si\/en\/mladi-talenti-2026-prijave\/\" >\n\t\t\t<div class=\"elementor-post__thumbnail\"><img loading=\"lazy\" decoding=\"async\" width=\"768\" height=\"307\" src=\"https:\/\/izo.si\/wp-content\/uploads\/2026\/03\/Mladi-talenti-2026-banner-768x307.png\" class=\"attachment-medium_large size-medium_large wp-image-6065\" alt=\"\" srcset=\"https:\/\/izo.si\/wp-content\/uploads\/2026\/03\/Mladi-talenti-2026-banner-768x307.png 768w, https:\/\/izo.si\/wp-content\/uploads\/2026\/03\/Mladi-talenti-2026-banner-300x120.png 300w, https:\/\/izo.si\/wp-content\/uploads\/2026\/03\/Mladi-talenti-2026-banner-18x7.png 18w, https:\/\/izo.si\/wp-content\/uploads\/2026\/03\/Mladi-talenti-2026-banner.png 1000w\" sizes=\"(max-width: 768px) 100vw, 768px\" \/><\/div>\n\t\t<\/a>\n\t\t\t\t<div class=\"elementor-post__text\">\n\t\t\t\t<h3 class=\"elementor-post__title\">\n\t\t\t<a href=\"https:\/\/izo.si\/en\/mladi-talenti-2026-prijave\/\" >\n\t\t\t\tOdprte prijave za Mlade talente 2026!\t\t\t<\/a>\n\t\t<\/h3>\n\t\t\t\t<div class=\"elementor-post__meta-data\">\n\t\t\t\t\t<span class=\"elementor-post-date\">\n\t\t\t06. 03. 2026\t\t<\/span>\n\t\t\t\t<\/div>\n\t\t\t\t<div class=\"elementor-post__excerpt\">\n\t\t\t<p>Komu je program namenjen \u010ce te zanima delo na podro\u010dju nevladnega sektorja, mladinskega dela, javnega zdravja, okolja, trajnostnega razvoja, socialne participacije ali socialnega podjetni\u0161tva in<\/p>\n\t\t<\/div>\n\t\t\n\t\t<a class=\"elementor-post__read-more\" href=\"https:\/\/izo.si\/en\/mladi-talenti-2026-prijave\/\" >\n\t\t\tPREBERI VE\u010c\t\t<\/a>\n\n\t\t\t\t<\/div>\n\t\t\t\t<\/article>\n\t\t\t\t<article class=\"elementor-post elementor-grid-item post-6029 post type-post status-publish format-standard has-post-thumbnail hentry category-novice tag-digitalna-orodja tag-environer tag-medijska-pismenost tag-medkulturno-sodelovanje tag-mladinski-delavci tag-mrezenje tag-prostovoljci\">\n\t\t\t\t<a class=\"elementor-post__thumbnail__link\" href=\"https:\/\/izo.si\/en\/vabilo-na-usposabljanje-gruzija-environer\/\" >\n\t\t\t<div class=\"elementor-post__thumbnail\"><img loading=\"lazy\" decoding=\"async\" width=\"768\" height=\"432\" src=\"https:\/\/izo.si\/wp-content\/uploads\/2026\/02\/Environer-Infopack-768x432.png\" class=\"attachment-medium_large size-medium_large wp-image-6030\" alt=\"\" srcset=\"https:\/\/izo.si\/wp-content\/uploads\/2026\/02\/Environer-Infopack-768x432.png 768w, https:\/\/izo.si\/wp-content\/uploads\/2026\/02\/Environer-Infopack-300x169.png 300w, https:\/\/izo.si\/wp-content\/uploads\/2026\/02\/Environer-Infopack-1024x576.png 1024w, https:\/\/izo.si\/wp-content\/uploads\/2026\/02\/Environer-Infopack-1536x864.png 1536w, https:\/\/izo.si\/wp-content\/uploads\/2026\/02\/Environer-Infopack-18x10.png 18w, https:\/\/izo.si\/wp-content\/uploads\/2026\/02\/Environer-Infopack.png 1920w\" sizes=\"(max-width: 768px) 100vw, 768px\" \/><\/div>\n\t\t<\/a>\n\t\t\t\t<div class=\"elementor-post__text\">\n\t\t\t\t<h3 class=\"elementor-post__title\">\n\t\t\t<a href=\"https:\/\/izo.si\/en\/vabilo-na-usposabljanje-gruzija-environer\/\" >\n\t\t\t\tVabilo na usposabljanje v Gruziji: Environer &#8211; Training &amp; Tools 4 Trainers\t\t\t<\/a>\n\t\t<\/h3>\n\t\t\t\t<div class=\"elementor-post__meta-data\">\n\t\t\t\t\t<span class=\"elementor-post-date\">\n\t\t\t04. 02. 2026\t\t<\/span>\n\t\t\t\t<\/div>\n\t\t\t\t<div class=\"elementor-post__excerpt\">\n\t\t\t<p>V okviru projekta Environer vas vabimo na naslednje v nizu brezpla\u010dnih usposabljanj, tokrat v Gruziji! Training &amp; Tools 4 Trainers 24. \u2013 28. marec 2026<\/p>\n\t\t<\/div>\n\t\t\n\t\t<a class=\"elementor-post__read-more\" href=\"https:\/\/izo.si\/en\/vabilo-na-usposabljanje-gruzija-environer\/\" >\n\t\t\tPREBERI VE\u010c\t\t<\/a>\n\n\t\t\t\t<\/div>\n\t\t\t\t<\/article>\n\t\t\t\t<article class=\"elementor-post elementor-grid-item post-5986 post type-post status-publish format-standard has-post-thumbnail hentry category-novice tag-escape-room tag-food-odyssey tag-geografija-v-soli tag-igrifikacija tag-soba-pobega tag-trajnostna-prehrana\">\n\t\t\t\t<a class=\"elementor-post__thumbnail__link\" href=\"https:\/\/izo.si\/en\/strokovni-clanek-igrifikacija-geografija-v-soli\/\" >\n\t\t\t<div class=\"elementor-post__thumbnail\"><img loading=\"lazy\" decoding=\"async\" width=\"768\" height=\"576\" src=\"https:\/\/izo.si\/wp-content\/uploads\/2025\/12\/20251216_121006-768x576.jpg\" class=\"attachment-medium_large size-medium_large wp-image-5987\" alt=\"\" srcset=\"https:\/\/izo.si\/wp-content\/uploads\/2025\/12\/20251216_121006-768x576.jpg 768w, https:\/\/izo.si\/wp-content\/uploads\/2025\/12\/20251216_121006-300x225.jpg 300w, https:\/\/izo.si\/wp-content\/uploads\/2025\/12\/20251216_121006-1024x768.jpg 1024w, https:\/\/izo.si\/wp-content\/uploads\/2025\/12\/20251216_121006-1536x1152.jpg 1536w, https:\/\/izo.si\/wp-content\/uploads\/2025\/12\/20251216_121006-2048x1536.jpg 2048w, https:\/\/izo.si\/wp-content\/uploads\/2025\/12\/20251216_121006-16x12.jpg 16w\" sizes=\"(max-width: 768px) 100vw, 768px\" \/><\/div>\n\t\t<\/a>\n\t\t\t\t<div class=\"elementor-post__text\">\n\t\t\t\t<h3 class=\"elementor-post__title\">\n\t\t\t<a href=\"https:\/\/izo.si\/en\/strokovni-clanek-igrifikacija-geografija-v-soli\/\" >\n\t\t\t\tStrokovni \u010dlanek o igrifikaciji na podro\u010dju prehranskih sistemov objavljen v reviji Geografija v \u0161oli\t\t\t<\/a>\n\t\t<\/h3>\n\t\t\t\t<div class=\"elementor-post__meta-data\">\n\t\t\t\t\t<span class=\"elementor-post-date\">\n\t\t\t16. 12. 2025\t\t<\/span>\n\t\t\t\t<\/div>\n\t\t\t\t<div class=\"elementor-post__excerpt\">\n\t\t\t<p>Inovativni pristopi k pou\u010devanju trajnostnih prehranskih sistemov postajajo nujni v \u010dasu, ko prehranske navade vplivajo na okolje, zdravje in dru\u017ebo. V \u010dlanku, objavljenem v aktualni<\/p>\n\t\t<\/div>\n\t\t\n\t\t<a class=\"elementor-post__read-more\" href=\"https:\/\/izo.si\/en\/strokovni-clanek-igrifikacija-geografija-v-soli\/\" >\n\t\t\tPREBERI VE\u010c\t\t<\/a>\n\n\t\t\t\t<\/div>\n\t\t\t\t<\/article>\n\t\t\t\t<article class=\"elementor-post elementor-grid-item post-5954 post type-post status-publish format-standard has-post-thumbnail hentry category-novice tag-digitalna-pedagogika tag-e-learning tag-erasmus tag-razpis tag-trajnost tag-ucenje-na-daljavo\">\n\t\t\t\t<a class=\"elementor-post__thumbnail__link\" href=\"https:\/\/izo.si\/en\/razpis-za-storitve-projekt-e-learn\/\" >\n\t\t\t<div class=\"elementor-post__thumbnail\"><img loading=\"lazy\" decoding=\"async\" width=\"768\" height=\"432\" src=\"https:\/\/izo.si\/wp-content\/uploads\/2025\/12\/E-learn-768x432.png\" class=\"attachment-medium_large size-medium_large wp-image-5955\" alt=\"\" srcset=\"https:\/\/izo.si\/wp-content\/uploads\/2025\/12\/E-learn-768x432.png 768w, https:\/\/izo.si\/wp-content\/uploads\/2025\/12\/E-learn-300x169.png 300w, https:\/\/izo.si\/wp-content\/uploads\/2025\/12\/E-learn-1024x576.png 1024w, https:\/\/izo.si\/wp-content\/uploads\/2025\/12\/E-learn-18x10.png 18w, https:\/\/izo.si\/wp-content\/uploads\/2025\/12\/E-learn.png 1280w\" sizes=\"(max-width: 768px) 100vw, 768px\" \/><\/div>\n\t\t<\/a>\n\t\t\t\t<div class=\"elementor-post__text\">\n\t\t\t\t<h3 class=\"elementor-post__title\">\n\t\t\t<a href=\"https:\/\/izo.si\/en\/razpis-za-storitve-projekt-e-learn\/\" >\n\t\t\t\tRazpis za storitve v okviru delovnega sklopa 3 \u2013 Razvoj te\u010dajev in pilotni projekti v okviru projekta \u201eE-learn\u201c\t\t\t<\/a>\n\t\t<\/h3>\n\t\t\t\t<div class=\"elementor-post__meta-data\">\n\t\t\t\t\t<span class=\"elementor-post-date\">\n\t\t\t15. 12. 2025\t\t<\/span>\n\t\t\t\t<\/div>\n\t\t\t\t<div class=\"elementor-post__excerpt\">\n\t\t\t<p>O PROJEKTU Projekt Distance Learning Made Easy: A Comprehensive Approach to Open Educational Resources for Distance Learning Enhancement (Enostavno u\u010denje na daljavo: Celovit pristop k<\/p>\n\t\t<\/div>\n\t\t\n\t\t<a class=\"elementor-post__read-more\" href=\"https:\/\/izo.si\/en\/razpis-za-storitve-projekt-e-learn\/\" >\n\t\t\tPREBERI VE\u010c\t\t<\/a>\n\n\t\t\t\t<\/div>\n\t\t\t\t<\/article>\n\t\t\t\t<article class=\"elementor-post elementor-grid-item post-5916 post type-post status-publish format-standard has-post-thumbnail hentry category-novice tag-trajnost tag-trajnostna-prehrana tag-trajnostne-kmetijske-prakse\">\n\t\t\t\t<a class=\"elementor-post__thumbnail__link\" href=\"https:\/\/izo.si\/en\/szj-majn-kupujes-manj-skodujes-2025\/\" >\n\t\t\t<div class=\"elementor-post__thumbnail\"><img loading=\"lazy\" decoding=\"async\" width=\"768\" height=\"432\" src=\"https:\/\/izo.si\/wp-content\/uploads\/2025\/12\/Manj-kupujes-manj-skodujes-1-768x432.png\" class=\"attachment-medium_large size-medium_large wp-image-5935\" alt=\"\" srcset=\"https:\/\/izo.si\/wp-content\/uploads\/2025\/12\/Manj-kupujes-manj-skodujes-1-768x432.png 768w, https:\/\/izo.si\/wp-content\/uploads\/2025\/12\/Manj-kupujes-manj-skodujes-1-300x169.png 300w, https:\/\/izo.si\/wp-content\/uploads\/2025\/12\/Manj-kupujes-manj-skodujes-1-1024x576.png 1024w, https:\/\/izo.si\/wp-content\/uploads\/2025\/12\/Manj-kupujes-manj-skodujes-1-18x10.png 18w, https:\/\/izo.si\/wp-content\/uploads\/2025\/12\/Manj-kupujes-manj-skodujes-1.png 1280w\" sizes=\"(max-width: 768px) 100vw, 768px\" \/><\/div>\n\t\t<\/a>\n\t\t\t\t<div class=\"elementor-post__text\">\n\t\t\t\t<h3 class=\"elementor-post__title\">\n\t\t\t<a href=\"https:\/\/izo.si\/en\/szj-majn-kupujes-manj-skodujes-2025\/\" >\n\t\t\t\tSZJ: Prazniki di\u0161ijo po domu. Zato na mizo daj lokalno in trajnostno hrano\t\t\t<\/a>\n\t\t<\/h3>\n\t\t\t\t<div class=\"elementor-post__meta-data\">\n\t\t\t\t\t<span class=\"elementor-post-date\">\n\t\t\t02. 12. 2025\t\t<\/span>\n\t\t\t\t<\/div>\n\t\t\t\t<div class=\"elementor-post__excerpt\">\n\t\t\t<p>Manj kupuje\u0161, manj \u0161koduje\u0161 \u2013 decembrska kampanja za odgovorne potro\u0161nike December je \u010das topline, dru\u017eenja in praznovanja \u2013 a hkrati tudi obdobje pretirane potro\u0161nje. Zato<\/p>\n\t\t<\/div>\n\t\t\n\t\t<a class=\"elementor-post__read-more\" href=\"https:\/\/izo.si\/en\/szj-majn-kupujes-manj-skodujes-2025\/\" >\n\t\t\tPREBERI VE\u010c\t\t<\/a>\n\n\t\t\t\t<\/div>\n\t\t\t\t<\/article>\n\t\t\t\t<article class=\"elementor-post elementor-grid-item post-5855 post type-post status-publish format-standard has-post-thumbnail hentry category-novice category-ves-kaj-dihas tag-citizen-science tag-delci-pm tag-domzale tag-kvaliteta-zraka tag-ljubiteljska-znanost tag-lokalne-meritve-kakovosti-zraka tag-skofljica tag-vrhnika\">\n\t\t\t\t<a class=\"elementor-post__thumbnail__link\" href=\"https:\/\/izo.si\/en\/szj-ob-zakljucku-projekta-vkd\/\" >\n\t\t\t<div class=\"elementor-post__thumbnail\"><img loading=\"lazy\" decoding=\"async\" width=\"768\" height=\"432\" src=\"https:\/\/izo.si\/wp-content\/uploads\/2025\/11\/Thumbnails_SZJ-in-novice-1-768x432.png\" class=\"attachment-medium_large size-medium_large wp-image-5861\" alt=\"\" srcset=\"https:\/\/izo.si\/wp-content\/uploads\/2025\/11\/Thumbnails_SZJ-in-novice-1-768x432.png 768w, https:\/\/izo.si\/wp-content\/uploads\/2025\/11\/Thumbnails_SZJ-in-novice-1-300x169.png 300w, https:\/\/izo.si\/wp-content\/uploads\/2025\/11\/Thumbnails_SZJ-in-novice-1-1024x576.png 1024w, https:\/\/izo.si\/wp-content\/uploads\/2025\/11\/Thumbnails_SZJ-in-novice-1-18x10.png 18w, https:\/\/izo.si\/wp-content\/uploads\/2025\/11\/Thumbnails_SZJ-in-novice-1.png 1280w\" sizes=\"(max-width: 768px) 100vw, 768px\" \/><\/div>\n\t\t<\/a>\n\t\t\t\t<div class=\"elementor-post__text\">\n\t\t\t\t<h3 class=\"elementor-post__title\">\n\t\t\t<a href=\"https:\/\/izo.si\/en\/szj-ob-zakljucku-projekta-vkd\/\" >\n\t\t\t\tSZJ: Ljubiteljska znanost v praksi: Kaj je 7 mesecev meritev razkrilo o kakovosti zraka v Dom\u017ealah, Vrhniki in \u0160kofljici\t\t\t<\/a>\n\t\t<\/h3>\n\t\t\t\t<div class=\"elementor-post__meta-data\">\n\t\t\t\t\t<span class=\"elementor-post-date\">\n\t\t\t28. 11. 2025\t\t<\/span>\n\t\t\t\t<\/div>\n\t\t\t\t<div class=\"elementor-post__excerpt\">\n\t\t\t<p>Ljubljana, 28. november 2025 \u2013 Kakovost zraka ostaja eno najpomembnej\u0161ih, a pogosto spregledanih podro\u010dij javnega zdravja. Posledice vdihovanja onesna\u017eeval, zlasti delcev\u00a0 PM2.5 in PM10, imajo<\/p>\n\t\t<\/div>\n\t\t\n\t\t<a class=\"elementor-post__read-more\" href=\"https:\/\/izo.si\/en\/szj-ob-zakljucku-projekta-vkd\/\" >\n\t\t\tPREBERI VE\u010c\t\t<\/a>\n\n\t\t\t\t<\/div>\n\t\t\t\t<\/article>\n\t\t\t\t<article class=\"elementor-post elementor-grid-item post-6098 post type-post status-publish format-standard has-post-thumbnail hentry category-novice category-ves-kaj-dihas tag-delavnice tag-delci-pm tag-izobrazevanje tag-kakovost-zraka tag-onesnazen-zrak tag-osnovna-sola tag-trajnost tag-ucenje-na-daljavo\">\n\t\t\t\t<a class=\"elementor-post__thumbnail__link\" href=\"https:\/\/izo.si\/en\/kaj-dihamo-osnovnosolci-skrivnosti-zraka\/\" >\n\t\t\t<div class=\"elementor-post__thumbnail\"><img loading=\"lazy\" decoding=\"async\" width=\"768\" height=\"432\" src=\"https:\/\/izo.si\/wp-content\/uploads\/2026\/03\/VKD-delavnice-768x432.png\" class=\"attachment-medium_large size-medium_large wp-image-6129\" alt=\"\" srcset=\"https:\/\/izo.si\/wp-content\/uploads\/2026\/03\/VKD-delavnice-768x432.png 768w, https:\/\/izo.si\/wp-content\/uploads\/2026\/03\/VKD-delavnice-300x169.png 300w, https:\/\/izo.si\/wp-content\/uploads\/2026\/03\/VKD-delavnice-1024x576.png 1024w, https:\/\/izo.si\/wp-content\/uploads\/2026\/03\/VKD-delavnice-18x10.png 18w, https:\/\/izo.si\/wp-content\/uploads\/2026\/03\/VKD-delavnice.png 1280w\" sizes=\"(max-width: 768px) 100vw, 768px\" \/><\/div>\n\t\t<\/a>\n\t\t\t\t<div class=\"elementor-post__text\">\n\t\t\t\t<h3 class=\"elementor-post__title\">\n\t\t\t<a href=\"https:\/\/izo.si\/en\/kaj-dihamo-osnovnosolci-skrivnosti-zraka\/\" >\n\t\t\t\tKaj dihamo? Osnovno\u0161olci na delavnicah spoznavali skrivnosti zraka\t\t\t<\/a>\n\t\t<\/h3>\n\t\t\t\t<div class=\"elementor-post__meta-data\">\n\t\t\t\t\t<span class=\"elementor-post-date\">\n\t\t\t20. 11. 2025\t\t<\/span>\n\t\t\t\t<\/div>\n\t\t\t\t<div class=\"elementor-post__excerpt\">\n\t\t\t<p>Kako nastane onesna\u017een zrak? Kaj so PM delci? In zakaj je pomembno, kak\u0161en zrak dihamo vsak dan? S temi vpra\u0161anji so se ukvarjali osnovno\u0161olci na<\/p>\n\t\t<\/div>\n\t\t\n\t\t<a class=\"elementor-post__read-more\" href=\"https:\/\/izo.si\/en\/kaj-dihamo-osnovnosolci-skrivnosti-zraka\/\" >\n\t\t\tPREBERI VE\u010c\t\t<\/a>\n\n\t\t\t\t<\/div>\n\t\t\t\t<\/article>\n\t\t\t\t<article class=\"elementor-post elementor-grid-item post-5817 post type-post status-publish format-standard has-post-thumbnail hentry category-novice tag-carbon-farming-med tag-ogljicno-kmetovanje\">\n\t\t\t\t<a class=\"elementor-post__thumbnail__link\" href=\"https:\/\/izo.si\/en\/sredozemsko-kmetijstvo-kot-resitev-za-podnebne-spremembe\/\" >\n\t\t\t<div class=\"elementor-post__thumbnail\"><img loading=\"lazy\" decoding=\"async\" width=\"768\" height=\"432\" src=\"https:\/\/izo.si\/wp-content\/uploads\/2025\/11\/CF-SZJ-17.-11-1-1-768x432.png\" class=\"attachment-medium_large size-medium_large wp-image-5832\" alt=\"\" srcset=\"https:\/\/izo.si\/wp-content\/uploads\/2025\/11\/CF-SZJ-17.-11-1-1-768x432.png 768w, https:\/\/izo.si\/wp-content\/uploads\/2025\/11\/CF-SZJ-17.-11-1-1-300x169.png 300w, https:\/\/izo.si\/wp-content\/uploads\/2025\/11\/CF-SZJ-17.-11-1-1-1024x576.png 1024w, https:\/\/izo.si\/wp-content\/uploads\/2025\/11\/CF-SZJ-17.-11-1-1-18x10.png 18w, https:\/\/izo.si\/wp-content\/uploads\/2025\/11\/CF-SZJ-17.-11-1-1.png 1280w\" sizes=\"(max-width: 768px) 100vw, 768px\" \/><\/div>\n\t\t<\/a>\n\t\t\t\t<div class=\"elementor-post__text\">\n\t\t\t\t<h3 class=\"elementor-post__title\">\n\t\t\t<a href=\"https:\/\/izo.si\/en\/sredozemsko-kmetijstvo-kot-resitev-za-podnebne-spremembe\/\" >\n\t\t\t\tSredozemsko kmetijstvo kot re\u0161itev za podnebne spremembe: projekt Carbon Farming MED\t\t\t<\/a>\n\t\t<\/h3>\n\t\t\t\t<div class=\"elementor-post__meta-data\">\n\t\t\t\t\t<span class=\"elementor-post-date\">\n\t\t\t17. 11. 2025\t\t<\/span>\n\t\t\t\t<\/div>\n\t\t\t\t<div class=\"elementor-post__excerpt\">\n\t\t\t<p>Sredozemska regija se segreva kar za 20 % hitreje od svetovnega povpre\u010dja. Vro\u010dinski valovi in su\u0161e so vse pogostej\u0161i, med najbolj prizadetimi pa je prav<\/p>\n\t\t<\/div>\n\t\t\n\t\t<a class=\"elementor-post__read-more\" href=\"https:\/\/izo.si\/en\/sredozemsko-kmetijstvo-kot-resitev-za-podnebne-spremembe\/\" >\n\t\t\tPREBERI VE\u010c\t\t<\/a>\n\n\t\t\t\t<\/div>\n\t\t\t\t<\/article>\n\t\t\t\t<article class=\"elementor-post elementor-grid-item post-5803 post type-post status-publish format-standard has-post-thumbnail hentry category-novice tag-digitalna-orodja tag-environer tag-medijska-pismenost tag-medkulturno-sodelovanje tag-mladinski-delavci tag-mrezenje tag-prostovoljci\">\n\t\t\t\t<a class=\"elementor-post__thumbnail__link\" href=\"https:\/\/izo.si\/en\/vabilo-environer-training-tools-4-trainers\/\" >\n\t\t\t<div class=\"elementor-post__thumbnail\"><img loading=\"lazy\" decoding=\"async\" width=\"768\" height=\"432\" src=\"https:\/\/izo.si\/wp-content\/uploads\/2025\/11\/Environer-thumb-1-768x432.png\" class=\"attachment-medium_large size-medium_large wp-image-5806\" alt=\"\" srcset=\"https:\/\/izo.si\/wp-content\/uploads\/2025\/11\/Environer-thumb-1-768x432.png 768w, https:\/\/izo.si\/wp-content\/uploads\/2025\/11\/Environer-thumb-1-300x169.png 300w, https:\/\/izo.si\/wp-content\/uploads\/2025\/11\/Environer-thumb-1-1024x576.png 1024w, https:\/\/izo.si\/wp-content\/uploads\/2025\/11\/Environer-thumb-1-18x10.png 18w, https:\/\/izo.si\/wp-content\/uploads\/2025\/11\/Environer-thumb-1.png 1280w\" sizes=\"(max-width: 768px) 100vw, 768px\" \/><\/div>\n\t\t<\/a>\n\t\t\t\t<div class=\"elementor-post__text\">\n\t\t\t\t<h3 class=\"elementor-post__title\">\n\t\t\t<a href=\"https:\/\/izo.si\/en\/vabilo-environer-training-tools-4-trainers\/\" >\n\t\t\t\tVabilo na usposabljanje: Environer &#8211; Training &amp; Tools 4 Trainers\t\t\t<\/a>\n\t\t<\/h3>\n\t\t\t\t<div class=\"elementor-post__meta-data\">\n\t\t\t\t\t<span class=\"elementor-post-date\">\n\t\t\t13. 11. 2025\t\t<\/span>\n\t\t\t\t<\/div>\n\t\t\t\t<div class=\"elementor-post__excerpt\">\n\t\t\t<p>V okviru projekta Environer vas prisr\u010dno vabimo na brezpla\u010dno usposabljanje Training &#038; Tools 4 Trainers 3. \u2013 5. december 2025 Impact Hub, Slovenska 56, Ljubljana<\/p>\n\t\t<\/div>\n\t\t\n\t\t<a class=\"elementor-post__read-more\" href=\"https:\/\/izo.si\/en\/vabilo-environer-training-tools-4-trainers\/\" >\n\t\t\tPREBERI VE\u010c\t\t<\/a>\n\n\t\t\t\t<\/div>\n\t\t\t\t<\/article>\n\t\t\t\t<article class=\"elementor-post elementor-grid-item post-5785 post type-post status-publish format-standard has-post-thumbnail hentry category-novice tag-edc tag-endokrini-motilci tag-mikroplastika tag-pfas tag-rak-mod tag-rak-prostate tag-skodljive-kemikalije tag-tezke-kovine tag-vecne-kemikalije tag-zdravje-moskih\">\n\t\t\t\t<a class=\"elementor-post__thumbnail__link\" href=\"https:\/\/izo.si\/en\/novo-porocilo-vpliv-kemicnega-onesnazevanja-na-zdravje-moskih\/\" >\n\t\t\t<div class=\"elementor-post__thumbnail\"><img loading=\"lazy\" decoding=\"async\" width=\"768\" height=\"432\" src=\"https:\/\/izo.si\/wp-content\/uploads\/2025\/11\/chem-1-768x432.png\" class=\"attachment-medium_large size-medium_large wp-image-5787\" alt=\"\" srcset=\"https:\/\/izo.si\/wp-content\/uploads\/2025\/11\/chem-1-768x432.png 768w, https:\/\/izo.si\/wp-content\/uploads\/2025\/11\/chem-1-300x169.png 300w, https:\/\/izo.si\/wp-content\/uploads\/2025\/11\/chem-1-1024x576.png 1024w, https:\/\/izo.si\/wp-content\/uploads\/2025\/11\/chem-1-18x10.png 18w, https:\/\/izo.si\/wp-content\/uploads\/2025\/11\/chem-1.png 1280w\" sizes=\"(max-width: 768px) 100vw, 768px\" \/><\/div>\n\t\t<\/a>\n\t\t\t\t<div class=\"elementor-post__text\">\n\t\t\t\t<h3 class=\"elementor-post__title\">\n\t\t\t<a href=\"https:\/\/izo.si\/en\/novo-porocilo-vpliv-kemicnega-onesnazevanja-na-zdravje-moskih\/\" >\n\t\t\t\tNovo poro\u010dilo o vplivu kemi\u010dnega onesna\u017eevanja na zdravje mo\u0161kih\t\t\t<\/a>\n\t\t<\/h3>\n\t\t\t\t<div class=\"elementor-post__meta-data\">\n\t\t\t\t\t<span class=\"elementor-post-date\">\n\t\t\t05. 11. 2025\t\t<\/span>\n\t\t\t\t<\/div>\n\t\t\t\t<div class=\"elementor-post__excerpt\">\n\t\t\t<p>Znanstveno poro\u010dilo organizacije Health and Environment Alliance\u00a0(HEAL) razkriva resno in premalo prepoznano gro\u017enjo, ki jo kemi\u010dno onesna\u017eevanje predstavlja za zdravje mo\u0161kih po vsej Evropi. Vedno<\/p>\n\t\t<\/div>\n\t\t\n\t\t<a class=\"elementor-post__read-more\" href=\"https:\/\/izo.si\/en\/novo-porocilo-vpliv-kemicnega-onesnazevanja-na-zdravje-moskih\/\" >\n\t\t\tPREBERI VE\u010c\t\t<\/a>\n\n\t\t\t\t<\/div>\n\t\t\t\t<\/article>\n\t\t\t\t<article class=\"elementor-post elementor-grid-item post-6002 post type-post status-publish format-standard has-post-thumbnail hentry category-novice category-ves-kaj-dihas tag-arso tag-delci-pm tag-dusikov-dioksid tag-meritve-kakovosti-zraka tag-onesnazen-zrak tag-ozon tag-trdni-delci\">\n\t\t\t\t<a class=\"elementor-post__thumbnail__link\" href=\"https:\/\/izo.si\/en\/nova-brosura-ves-kaj-dihas\/\" >\n\t\t\t<div class=\"elementor-post__thumbnail\"><img loading=\"lazy\" decoding=\"async\" width=\"768\" height=\"543\" src=\"https:\/\/izo.si\/wp-content\/uploads\/2026\/01\/VES-KAJ-DIHAS-online-brosura_1-768x543.png\" class=\"attachment-medium_large size-medium_large wp-image-6008\" alt=\"\" srcset=\"https:\/\/izo.si\/wp-content\/uploads\/2026\/01\/VES-KAJ-DIHAS-online-brosura_1-768x543.png 768w, https:\/\/izo.si\/wp-content\/uploads\/2026\/01\/VES-KAJ-DIHAS-online-brosura_1-300x212.png 300w, https:\/\/izo.si\/wp-content\/uploads\/2026\/01\/VES-KAJ-DIHAS-online-brosura_1-1024x724.png 1024w, https:\/\/izo.si\/wp-content\/uploads\/2026\/01\/VES-KAJ-DIHAS-online-brosura_1-1536x1086.png 1536w, https:\/\/izo.si\/wp-content\/uploads\/2026\/01\/VES-KAJ-DIHAS-online-brosura_1-2048x1448.png 2048w, https:\/\/izo.si\/wp-content\/uploads\/2026\/01\/VES-KAJ-DIHAS-online-brosura_1-18x12.png 18w\" sizes=\"(max-width: 768px) 100vw, 768px\" \/><\/div>\n\t\t<\/a>\n\t\t\t\t<div class=\"elementor-post__text\">\n\t\t\t\t<h3 class=\"elementor-post__title\">\n\t\t\t<a href=\"https:\/\/izo.si\/en\/nova-brosura-ves-kaj-dihas\/\" >\n\t\t\t\tNova bro\u0161ura: Ve\u0161, kaj diha\u0161?\t\t\t<\/a>\n\t\t<\/h3>\n\t\t\t\t<div class=\"elementor-post__meta-data\">\n\t\t\t\t\t<span class=\"elementor-post-date\">\n\t\t\t04. 11. 2025\t\t<\/span>\n\t\t\t\t<\/div>\n\t\t\t\t<div class=\"elementor-post__excerpt\">\n\t\t\t<p>V okviru projekta smo pripravili informativno bro\u0161uro \u00bbVe\u0161, kaj diha\u0161?\u00ab, s katero \u017eelimo ozave\u0161\u010dati o pomenu kakovosti zraka in njegovem vplivu na zdravje ljudi. Vsak<\/p>\n\t\t<\/div>\n\t\t\n\t\t<a class=\"elementor-post__read-more\" href=\"https:\/\/izo.si\/en\/nova-brosura-ves-kaj-dihas\/\" >\n\t\t\tPREBERI VE\u010c\t\t<\/a>\n\n\t\t\t\t<\/div>\n\t\t\t\t<\/article>\n\t\t\t\t<article class=\"elementor-post elementor-grid-item post-5721 post type-post status-publish format-standard has-post-thumbnail hentry category-novice category-ves-kaj-dihas tag-arso tag-delci-pm tag-iqair tag-meritve-kakovosti-zraka tag-onesnazen-zrak tag-trdni-delci\">\n\t\t\t\t<a class=\"elementor-post__thumbnail__link\" href=\"https:\/\/izo.si\/en\/na-vrhniki-o-kakovosti-zraka-in-prizadevanjih-za-cistejse-okolje\/\" >\n\t\t\t<div class=\"elementor-post__thumbnail\"><img loading=\"lazy\" decoding=\"async\" width=\"768\" height=\"432\" src=\"https:\/\/izo.si\/wp-content\/uploads\/2025\/11\/VKD-naslovna-768x432.png\" class=\"attachment-medium_large size-medium_large wp-image-5784\" alt=\"\" srcset=\"https:\/\/izo.si\/wp-content\/uploads\/2025\/11\/VKD-naslovna-768x432.png 768w, https:\/\/izo.si\/wp-content\/uploads\/2025\/11\/VKD-naslovna-300x169.png 300w, https:\/\/izo.si\/wp-content\/uploads\/2025\/11\/VKD-naslovna-1024x576.png 1024w, https:\/\/izo.si\/wp-content\/uploads\/2025\/11\/VKD-naslovna-18x10.png 18w, https:\/\/izo.si\/wp-content\/uploads\/2025\/11\/VKD-naslovna.png 1280w\" sizes=\"(max-width: 768px) 100vw, 768px\" \/><\/div>\n\t\t<\/a>\n\t\t\t\t<div class=\"elementor-post__text\">\n\t\t\t\t<h3 class=\"elementor-post__title\">\n\t\t\t<a href=\"https:\/\/izo.si\/en\/na-vrhniki-o-kakovosti-zraka-in-prizadevanjih-za-cistejse-okolje\/\" >\n\t\t\t\tNa Vrhniki o kakovosti zraka in prizadevanjih za \u010distej\u0161e okolje\t\t\t<\/a>\n\t\t<\/h3>\n\t\t\t\t<div class=\"elementor-post__meta-data\">\n\t\t\t\t\t<span class=\"elementor-post-date\">\n\t\t\t10. 10. 2025\t\t<\/span>\n\t\t\t\t<\/div>\n\t\t\t\t<div class=\"elementor-post__excerpt\">\n\t\t\t<p>In\u0161titut za zdravje in okolje je 9. oktobra 2025 v Cankarjevi knji\u017enici Vrhnika skupaj s CIPRA Slovenija izvedel dogodek Ve\u0161, kaj diha\u0161? \u2013 Od meritev<\/p>\n\t\t<\/div>\n\t\t\n\t\t<a class=\"elementor-post__read-more\" href=\"https:\/\/izo.si\/en\/na-vrhniki-o-kakovosti-zraka-in-prizadevanjih-za-cistejse-okolje\/\" >\n\t\t\tPREBERI VE\u010c\t\t<\/a>\n\n\t\t\t\t<\/div>\n\t\t\t\t<\/article>\n\t\t\t\t<article class=\"elementor-post elementor-grid-item post-5681 post type-post status-publish format-standard has-post-thumbnail hentry category-novice category-ves-kaj-dihas tag-arso tag-delci-pm tag-dusikov-dioksid tag-iqair tag-meritve-kakovosti-zraka tag-onesnazen-zrak tag-ozon tag-trdni-delci\">\n\t\t\t\t<a class=\"elementor-post__thumbnail__link\" href=\"https:\/\/izo.si\/en\/hiter-vodic-za-preverjanje-kakovosti-zraka\/\" >\n\t\t\t<div class=\"elementor-post__thumbnail\"><img loading=\"lazy\" decoding=\"async\" width=\"768\" height=\"432\" src=\"https:\/\/izo.si\/wp-content\/uploads\/2025\/09\/VKD-clanek-1-768x432.png\" class=\"attachment-medium_large size-medium_large wp-image-5682\" alt=\"\" srcset=\"https:\/\/izo.si\/wp-content\/uploads\/2025\/09\/VKD-clanek-1-768x432.png 768w, https:\/\/izo.si\/wp-content\/uploads\/2025\/09\/VKD-clanek-1-300x169.png 300w, https:\/\/izo.si\/wp-content\/uploads\/2025\/09\/VKD-clanek-1-1024x576.png 1024w, https:\/\/izo.si\/wp-content\/uploads\/2025\/09\/VKD-clanek-1-18x10.png 18w, https:\/\/izo.si\/wp-content\/uploads\/2025\/09\/VKD-clanek-1.png 1280w\" sizes=\"(max-width: 768px) 100vw, 768px\" \/><\/div>\n\t\t<\/a>\n\t\t\t\t<div class=\"elementor-post__text\">\n\t\t\t\t<h3 class=\"elementor-post__title\">\n\t\t\t<a href=\"https:\/\/izo.si\/en\/hiter-vodic-za-preverjanje-kakovosti-zraka\/\" >\n\t\t\t\tHiter vodi\u010d za preverjanje kakovosti zraka\t\t\t<\/a>\n\t\t<\/h3>\n\t\t\t\t<div class=\"elementor-post__meta-data\">\n\t\t\t\t\t<span class=\"elementor-post-date\">\n\t\t\t29. 09. 2025\t\t<\/span>\n\t\t\t\t<\/div>\n\t\t\t\t<div class=\"elementor-post__excerpt\">\n\t\t\t<p>Na dan v povpre\u010dju vdihnemo ve\u010d kot 10.000 litrov zraka, kar pomeni pribli\u017eno 20.000 vdihov. Kakovost zraka ima zato pomemben vpliv na na\u0161e zdravje in<\/p>\n\t\t<\/div>\n\t\t\n\t\t<a class=\"elementor-post__read-more\" href=\"https:\/\/izo.si\/en\/hiter-vodic-za-preverjanje-kakovosti-zraka\/\" >\n\t\t\tPREBERI VE\u010c\t\t<\/a>\n\n\t\t\t\t<\/div>\n\t\t\t\t<\/article>\n\t\t\t\t<article class=\"elementor-post elementor-grid-item post-5564 post type-post status-publish format-standard has-post-thumbnail hentry category-novice category-ves-kaj-dihas tag-delci-pm tag-kurjava tag-lokalna-skupnost tag-ogrevanje tag-onesnazen-zrak\">\n\t\t\t\t<a class=\"elementor-post__thumbnail__link\" href=\"https:\/\/izo.si\/en\/vabilo-ves-kaj-dihas-vrhnika\/\" >\n\t\t\t<div class=\"elementor-post__thumbnail\"><img loading=\"lazy\" decoding=\"async\" width=\"768\" height=\"432\" src=\"https:\/\/izo.si\/wp-content\/uploads\/2025\/09\/Vrhnika-1-768x432.png\" class=\"attachment-medium_large size-medium_large wp-image-5593\" alt=\"\" srcset=\"https:\/\/izo.si\/wp-content\/uploads\/2025\/09\/Vrhnika-1-768x432.png 768w, https:\/\/izo.si\/wp-content\/uploads\/2025\/09\/Vrhnika-1-300x169.png 300w, https:\/\/izo.si\/wp-content\/uploads\/2025\/09\/Vrhnika-1-1024x576.png 1024w, https:\/\/izo.si\/wp-content\/uploads\/2025\/09\/Vrhnika-1-18x10.png 18w, https:\/\/izo.si\/wp-content\/uploads\/2025\/09\/Vrhnika-1.png 1280w\" sizes=\"(max-width: 768px) 100vw, 768px\" \/><\/div>\n\t\t<\/a>\n\t\t\t\t<div class=\"elementor-post__text\">\n\t\t\t\t<h3 class=\"elementor-post__title\">\n\t\t\t<a href=\"https:\/\/izo.si\/en\/vabilo-ves-kaj-dihas-vrhnika\/\" >\n\t\t\t\tSZJ: Vabilo na dogodek Ve\u0161, kaj diha\u0161? Od meritev kakovosti zraka\u00a0do konkretnih ukrepov\t\t\t<\/a>\n\t\t<\/h3>\n\t\t\t\t<div class=\"elementor-post__meta-data\">\n\t\t\t\t\t<span class=\"elementor-post-date\">\n\t\t\t12. 09. 2025\t\t<\/span>\n\t\t\t\t<\/div>\n\t\t\t\t<div class=\"elementor-post__excerpt\">\n\t\t\t<p>SPORO\u010cILO ZA JAVNOST Vabilo na dogodek Ve\u0161, kaj diha\u0161? Od meritev kakovosti zraka do konkretnih ukrepov \u010cetrtek, 9. 10. 2025, 16.30\u201318.30 Cankarjeva knji\u017enica Vrhnika, Tr\u017ea\u0161ka<\/p>\n\t\t<\/div>\n\t\t\n\t\t<a class=\"elementor-post__read-more\" href=\"https:\/\/izo.si\/en\/vabilo-ves-kaj-dihas-vrhnika\/\" >\n\t\t\tPREBERI VE\u010c\t\t<\/a>\n\n\t\t\t\t<\/div>\n\t\t\t\t<\/article>\n\t\t\t\t<article class=\"elementor-post elementor-grid-item post-5595 post type-post status-publish format-standard has-post-thumbnail hentry category-novice category-produkti tag-3m-impact-global tag-storitve tag-trajnostne-storitve\">\n\t\t\t\t<a class=\"elementor-post__thumbnail__link\" href=\"https:\/\/izo.si\/en\/zacenjamo-novo-poglavje-3m-impact\/\" >\n\t\t\t<div class=\"elementor-post__thumbnail\"><img loading=\"lazy\" decoding=\"async\" width=\"768\" height=\"432\" src=\"https:\/\/izo.si\/wp-content\/uploads\/2025\/09\/3M-Impact-Global-768x432.png\" class=\"attachment-medium_large size-medium_large wp-image-5594\" alt=\"\" srcset=\"https:\/\/izo.si\/wp-content\/uploads\/2025\/09\/3M-Impact-Global-768x432.png 768w, https:\/\/izo.si\/wp-content\/uploads\/2025\/09\/3M-Impact-Global-300x169.png 300w, https:\/\/izo.si\/wp-content\/uploads\/2025\/09\/3M-Impact-Global-1024x576.png 1024w, https:\/\/izo.si\/wp-content\/uploads\/2025\/09\/3M-Impact-Global-18x10.png 18w, https:\/\/izo.si\/wp-content\/uploads\/2025\/09\/3M-Impact-Global.png 1280w\" sizes=\"(max-width: 768px) 100vw, 768px\" \/><\/div>\n\t\t<\/a>\n\t\t\t\t<div class=\"elementor-post__text\">\n\t\t\t\t<h3 class=\"elementor-post__title\">\n\t\t\t<a href=\"https:\/\/izo.si\/en\/zacenjamo-novo-poglavje-3m-impact\/\" >\n\t\t\t\tZa\u010denjamo novo poglavje: Sodelovanje v programu 3M Impact Global\t\t\t<\/a>\n\t\t<\/h3>\n\t\t\t\t<div class=\"elementor-post__meta-data\">\n\t\t\t\t\t<span class=\"elementor-post-date\">\n\t\t\t08. 09. 2025\t\t<\/span>\n\t\t\t\t<\/div>\n\t\t\t\t<div class=\"elementor-post__excerpt\">\n\t\t\t<p>V In\u0161titutu za zdravje in okolje (IZO) smo pri\u010deli uradno sodelovanje v mednarodnem programu 3M Impact Global, ki ga omogo\u010da organizacija Pyxera Global. V naslednjih<\/p>\n\t\t<\/div>\n\t\t\n\t\t<a class=\"elementor-post__read-more\" href=\"https:\/\/izo.si\/en\/zacenjamo-novo-poglavje-3m-impact\/\" >\n\t\t\tPREBERI VE\u010c\t\t<\/a>\n\n\t\t\t\t<\/div>\n\t\t\t\t<\/article>\n\t\t\t\t<article class=\"elementor-post elementor-grid-item post-5524 post type-post status-publish format-standard has-post-thumbnail hentry category-novice tag-delci-pm tag-dusikov-dioksid tag-ljubljana tag-maribor tag-mednarodni-dan-cistega-zraka-za-modro-nebo tag-onesnazen-zrak tag-ozon tag-zagovornistvo\">\n\t\t\t\t<a class=\"elementor-post__thumbnail__link\" href=\"https:\/\/izo.si\/en\/mednarodni-dan-cistega-zraka-za-modro-nebo2025\/\" >\n\t\t\t<div class=\"elementor-post__thumbnail\"><img loading=\"lazy\" decoding=\"async\" width=\"768\" height=\"432\" src=\"https:\/\/izo.si\/wp-content\/uploads\/2025\/09\/Mednarodni-dan-cistega-zraka-za-modro-nebo-768x432.png\" class=\"attachment-medium_large size-medium_large wp-image-5522\" alt=\"\" srcset=\"https:\/\/izo.si\/wp-content\/uploads\/2025\/09\/Mednarodni-dan-cistega-zraka-za-modro-nebo-768x432.png 768w, https:\/\/izo.si\/wp-content\/uploads\/2025\/09\/Mednarodni-dan-cistega-zraka-za-modro-nebo-300x169.png 300w, https:\/\/izo.si\/wp-content\/uploads\/2025\/09\/Mednarodni-dan-cistega-zraka-za-modro-nebo-1024x576.png 1024w, https:\/\/izo.si\/wp-content\/uploads\/2025\/09\/Mednarodni-dan-cistega-zraka-za-modro-nebo-18x10.png 18w, https:\/\/izo.si\/wp-content\/uploads\/2025\/09\/Mednarodni-dan-cistega-zraka-za-modro-nebo.png 1280w\" sizes=\"(max-width: 768px) 100vw, 768px\" \/><\/div>\n\t\t<\/a>\n\t\t\t\t<div class=\"elementor-post__text\">\n\t\t\t\t<h3 class=\"elementor-post__title\">\n\t\t\t<a href=\"https:\/\/izo.si\/en\/mednarodni-dan-cistega-zraka-za-modro-nebo2025\/\" >\n\t\t\t\tSZJ: Dirka za zrak &#8211; 99 % ljudi diha onesna\u017een zrak\t\t\t<\/a>\n\t\t<\/h3>\n\t\t\t\t<div class=\"elementor-post__meta-data\">\n\t\t\t\t\t<span class=\"elementor-post-date\">\n\t\t\t07. 09. 2025\t\t<\/span>\n\t\t\t\t<\/div>\n\t\t\t\t<div class=\"elementor-post__excerpt\">\n\t\t\t<p>Ljubljana, 7. september 2025 \u2013 Ob leto\u0161njem Mednarodnem dnevu \u010distega zraka za modro nebo, ki poteka pod geslom \u201cDirka za zrak\u201d (\u201cRacing for Air\u201d), se<\/p>\n\t\t<\/div>\n\t\t\n\t\t<a class=\"elementor-post__read-more\" href=\"https:\/\/izo.si\/en\/mednarodni-dan-cistega-zraka-za-modro-nebo2025\/\" >\n\t\t\tPREBERI VE\u010c\t\t<\/a>\n\n\t\t\t\t<\/div>\n\t\t\t\t<\/article>\n\t\t\t\t<\/div>\n\n\n\t\t\n\t\t\t\t<div class=\"e-load-more-anchor\" data-page=\"1\" data-max-page=\"6\" data-next-page=\"https:\/\/izo.si\/en\/wp-json\/wp\/v2\/pages\/383\/page\/2\/\"><\/div>\n\t\t\t\t<nav class=\"elementor-pagination\" role=\"navigation\" aria-label=\"Pagination\">\n\t\t\t<span class=\"page-numbers prev\">< Nazaj<\/span>\n<span aria-current=\"page\" class=\"page-numbers current\"><span class=\"elementor-screen-only\">Page<\/span>1<\/span>\n<a class=\"page-numbers\" href=\"https:\/\/izo.si\/en\/wp-json\/wp\/v2\/pages\/383\/page\/2\/\"><span class=\"elementor-screen-only\">Page<\/span>2<\/a>\n<a class=\"page-numbers\" href=\"https:\/\/izo.si\/en\/wp-json\/wp\/v2\/pages\/383\/page\/3\/\"><span class=\"elementor-screen-only\">Page<\/span>3<\/a>\n<a class=\"page-numbers\" href=\"https:\/\/izo.si\/en\/wp-json\/wp\/v2\/pages\/383\/page\/4\/\"><span class=\"elementor-screen-only\">Page<\/span>4<\/a>\n<a class=\"page-numbers\" href=\"https:\/\/izo.si\/en\/wp-json\/wp\/v2\/pages\/383\/page\/5\/\"><span class=\"elementor-screen-only\">Page<\/span>5<\/a>\n<a class=\"page-numbers next\" href=\"https:\/\/izo.si\/en\/wp-json\/wp\/v2\/pages\/383\/page\/2\/\">Naprej ><\/a>\t\t<\/nav>\n\t\t\t\t\t\t<\/div>\n\t\t\t\t<\/div>\n\t\t\t\t<div class=\"elementor-element elementor-element-31f95c7b elementor-grid-1 elementor-grid-tablet-1 elementor-hidden-desktop elementor-hidden-tablet elementor-grid-mobile-1 elementor-posts--thumbnail-top elementor-widget elementor-widget-posts\" data-id=\"31f95c7b\" data-element_type=\"widget\" data-settings=\"{&quot;classic_columns&quot;:&quot;1&quot;,&quot;classic_row_gap&quot;:{&quot;unit&quot;:&quot;px&quot;,&quot;size&quot;:80,&quot;sizes&quot;:[]},&quot;classic_columns_tablet&quot;:&quot;1&quot;,&quot;classic_columns_mobile&quot;:&quot;1&quot;,&quot;classic_row_gap_tablet&quot;:{&quot;unit&quot;:&quot;px&quot;,&quot;size&quot;:&quot;&quot;,&quot;sizes&quot;:[]},&quot;classic_row_gap_mobile&quot;:{&quot;unit&quot;:&quot;px&quot;,&quot;size&quot;:&quot;&quot;,&quot;sizes&quot;:[]}}\" data-widget_type=\"posts.classic\">\n\t\t\t\t<div class=\"elementor-widget-container\">\n\t\t\t\t\t\t\t<div class=\"elementor-posts-container elementor-posts elementor-posts--skin-classic elementor-grid\">\n\t\t\t\t<article class=\"elementor-post elementor-grid-item post-6235 post type-post status-publish format-standard has-post-thumbnail hentry category-novice tag-dan-zemlje tag-ljubljana tag-mestni-toplotni-otoki tag-prekomerna-raba-naravnih-virov tag-svetovni-dan-zemlje tag-vrocinski-stres tag-zeleni-utrip-mladih tag-zum\">\n\t\t\t\t<a class=\"elementor-post__thumbnail__link\" href=\"https:\/\/izo.si\/en\/szj-dan-zemlje-2026\/\" >\n\t\t\t<div class=\"elementor-post__thumbnail\"><img loading=\"lazy\" decoding=\"async\" width=\"300\" height=\"169\" src=\"https:\/\/izo.si\/wp-content\/uploads\/2026\/04\/Header-Image-2-300x169.png\" class=\"attachment-medium size-medium wp-image-6236\" alt=\"\" srcset=\"https:\/\/izo.si\/wp-content\/uploads\/2026\/04\/Header-Image-2-300x169.png 300w, https:\/\/izo.si\/wp-content\/uploads\/2026\/04\/Header-Image-2-1024x576.png 1024w, https:\/\/izo.si\/wp-content\/uploads\/2026\/04\/Header-Image-2-768x432.png 768w, https:\/\/izo.si\/wp-content\/uploads\/2026\/04\/Header-Image-2-1536x864.png 1536w, https:\/\/izo.si\/wp-content\/uploads\/2026\/04\/Header-Image-2-2048x1152.png 2048w, https:\/\/izo.si\/wp-content\/uploads\/2026\/04\/Header-Image-2-18x10.png 18w\" sizes=\"(max-width: 300px) 100vw, 300px\" \/><\/div>\n\t\t<\/a>\n\t\t\t\t<div class=\"elementor-post__text\">\n\t\t\t\t<h3 class=\"elementor-post__title\">\n\t\t\t<a href=\"https:\/\/izo.si\/en\/szj-dan-zemlje-2026\/\" >\n\t\t\t\tSZJ: Na\u0161a mo\u010d, na\u0161 planet \u2013 Zeleni utrip mladih za mesta prihodnosti\t\t\t<\/a>\n\t\t<\/h3>\n\t\t\t\t<div class=\"elementor-post__meta-data\">\n\t\t\t\t\t<span class=\"elementor-post-date\">\n\t\t\t22. 04. 2026\t\t<\/span>\n\t\t\t\t<\/div>\n\t\t\t\t<div class=\"elementor-post__excerpt\">\n\t\t\t<p>Ljubljana, 22. april 2026 \u2013 Danes obele\u017eujemo Svetovni dan Zemlje, ki nas opominja, da je odgovoren odnos do okolja skupna naloga vseh. V \u010dasu nara\u0161\u010dajo\u010dih<\/p>\n\t\t<\/div>\n\t\t\n\t\t<a class=\"elementor-post__read-more\" href=\"https:\/\/izo.si\/en\/szj-dan-zemlje-2026\/\" >\n\t\t\tPREBERI VE\u010c\t\t<\/a>\n\n\t\t\t\t<\/div>\n\t\t\t\t<\/article>\n\t\t\t\t<article class=\"elementor-post elementor-grid-item post-6192 post type-post status-publish format-standard has-post-thumbnail hentry category-novice tag-konferenca tag-okolje tag-podnebna-pravicnost tag-trajnost tag-urban-future tag-urbana-mobilnost tag-zdravje\">\n\t\t\t\t<a class=\"elementor-post__thumbnail__link\" href=\"https:\/\/izo.si\/en\/na-konferenci-urban-future-2026\/\" >\n\t\t\t<div class=\"elementor-post__thumbnail\"><img loading=\"lazy\" decoding=\"async\" width=\"300\" height=\"169\" src=\"https:\/\/izo.si\/wp-content\/uploads\/2026\/04\/Urban-Future-300x169.png\" class=\"attachment-medium size-medium wp-image-6206\" alt=\"\" srcset=\"https:\/\/izo.si\/wp-content\/uploads\/2026\/04\/Urban-Future-300x169.png 300w, https:\/\/izo.si\/wp-content\/uploads\/2026\/04\/Urban-Future-1024x576.png 1024w, https:\/\/izo.si\/wp-content\/uploads\/2026\/04\/Urban-Future-768x432.png 768w, https:\/\/izo.si\/wp-content\/uploads\/2026\/04\/Urban-Future-18x10.png 18w, https:\/\/izo.si\/wp-content\/uploads\/2026\/04\/Urban-Future.png 1280w\" sizes=\"(max-width: 300px) 100vw, 300px\" \/><\/div>\n\t\t<\/a>\n\t\t\t\t<div class=\"elementor-post__text\">\n\t\t\t\t<h3 class=\"elementor-post__title\">\n\t\t\t<a href=\"https:\/\/izo.si\/en\/na-konferenci-urban-future-2026\/\" >\n\t\t\t\tNa konferenci Urban Future 2026: Kako mesta postajajo pravi\u010dnej\u0161a, trajnostnej\u0161a in pametnej\u0161a\t\t\t<\/a>\n\t\t<\/h3>\n\t\t\t\t<div class=\"elementor-post__meta-data\">\n\t\t\t\t\t<span class=\"elementor-post-date\">\n\t\t\t01. 04. 2026\t\t<\/span>\n\t\t\t\t<\/div>\n\t\t\t\t<div class=\"elementor-post__excerpt\">\n\t\t\t<p>Konferenca Urban Future, ki je konec marca 2026 potekala v Ljubljani, je ponovno potrdila, da so sodobni urbani izzivi nelo\u010dljivo povezani s socialno pravi\u010dnostjo, podnebnimi<\/p>\n\t\t<\/div>\n\t\t\n\t\t<a class=\"elementor-post__read-more\" href=\"https:\/\/izo.si\/en\/na-konferenci-urban-future-2026\/\" >\n\t\t\tPREBERI VE\u010c\t\t<\/a>\n\n\t\t\t\t<\/div>\n\t\t\t\t<\/article>\n\t\t\t\t<article class=\"elementor-post elementor-grid-item post-6146 post type-post status-publish format-standard has-post-thumbnail hentry category-novice tag-digitalna-platforma tag-konferenca tag-mrv tag-ogljicno-kmetovanje tag-regenerativno-kmetijstvo tag-sredozemlje\">\n\t\t\t\t<a class=\"elementor-post__thumbnail__link\" href=\"https:\/\/izo.si\/en\/vabilo-konferenca-cfmed-barcelona\/\" >\n\t\t\t<div class=\"elementor-post__thumbnail\"><img loading=\"lazy\" decoding=\"async\" width=\"300\" height=\"75\" src=\"https:\/\/izo.si\/wp-content\/uploads\/2024\/07\/Screenshot-2024-07-12-at-16.13.50-300x75.png\" class=\"attachment-medium size-medium wp-image-4603\" alt=\"\" srcset=\"https:\/\/izo.si\/wp-content\/uploads\/2024\/07\/Screenshot-2024-07-12-at-16.13.50-300x75.png 300w, https:\/\/izo.si\/wp-content\/uploads\/2024\/07\/Screenshot-2024-07-12-at-16.13.50-1024x257.png 1024w, https:\/\/izo.si\/wp-content\/uploads\/2024\/07\/Screenshot-2024-07-12-at-16.13.50-768x193.png 768w, https:\/\/izo.si\/wp-content\/uploads\/2024\/07\/Screenshot-2024-07-12-at-16.13.50-1536x386.png 1536w, https:\/\/izo.si\/wp-content\/uploads\/2024\/07\/Screenshot-2024-07-12-at-16.13.50-18x5.png 18w, https:\/\/izo.si\/wp-content\/uploads\/2024\/07\/Screenshot-2024-07-12-at-16.13.50.png 1830w\" sizes=\"(max-width: 300px) 100vw, 300px\" \/><\/div>\n\t\t<\/a>\n\t\t\t\t<div class=\"elementor-post__text\">\n\t\t\t\t<h3 class=\"elementor-post__title\">\n\t\t\t<a href=\"https:\/\/izo.si\/en\/vabilo-konferenca-cfmed-barcelona\/\" >\n\t\t\t\tVabljeni na konferenco Carbon Farming MED v Barceloni\t\t\t<\/a>\n\t\t<\/h3>\n\t\t\t\t<div class=\"elementor-post__meta-data\">\n\t\t\t\t\t<span class=\"elementor-post-date\">\n\t\t\t16. 03. 2026\t\t<\/span>\n\t\t\t\t<\/div>\n\t\t\t\t<div class=\"elementor-post__excerpt\">\n\t\t\t<p>Pridru\u017eite se nam na osrednjem dogodku projekta Carbon Farming MED, ki bo potekal 28. in 29. maja v Barceloni. Spoznajte najnovej\u0161e prakse oglji\u010dnega kmetovanja in<\/p>\n\t\t<\/div>\n\t\t\n\t\t<a class=\"elementor-post__read-more\" href=\"https:\/\/izo.si\/en\/vabilo-konferenca-cfmed-barcelona\/\" >\n\t\t\tPREBERI VE\u010c\t\t<\/a>\n\n\t\t\t\t<\/div>\n\t\t\t\t<\/article>\n\t\t\t\t<article class=\"elementor-post elementor-grid-item post-6134 post type-post status-publish format-standard has-post-thumbnail hentry category-novice tag-carbon-farming tag-digitalna-platforma tag-kmetijstvo tag-konferenca tag-mrv tag-ogljicno-kmetovanje tag-regenerativno-kmetijstvo tag-trajnostne-kmetijske-prakse\">\n\t\t\t\t<a class=\"elementor-post__thumbnail__link\" href=\"https:\/\/izo.si\/en\/cf-med-novicnik-2\/\" >\n\t\t\t<div class=\"elementor-post__thumbnail\"><img loading=\"lazy\" decoding=\"async\" width=\"300\" height=\"169\" src=\"https:\/\/izo.si\/wp-content\/uploads\/2026\/03\/CF-Novicnik-2-300x169.png\" class=\"attachment-medium size-medium wp-image-6136\" alt=\"\" srcset=\"https:\/\/izo.si\/wp-content\/uploads\/2026\/03\/CF-Novicnik-2-300x169.png 300w, https:\/\/izo.si\/wp-content\/uploads\/2026\/03\/CF-Novicnik-2-1024x576.png 1024w, https:\/\/izo.si\/wp-content\/uploads\/2026\/03\/CF-Novicnik-2-768x432.png 768w, https:\/\/izo.si\/wp-content\/uploads\/2026\/03\/CF-Novicnik-2-18x10.png 18w, https:\/\/izo.si\/wp-content\/uploads\/2026\/03\/CF-Novicnik-2.png 1280w\" sizes=\"(max-width: 300px) 100vw, 300px\" \/><\/div>\n\t\t<\/a>\n\t\t\t\t<div class=\"elementor-post__text\">\n\t\t\t\t<h3 class=\"elementor-post__title\">\n\t\t\t<a href=\"https:\/\/izo.si\/en\/cf-med-novicnik-2\/\" >\n\t\t\t\tOglji\u010dno kmetovanje v Sredozemlju: Od pilotnih kmetij do digitalnih re\u0161itev\t\t\t<\/a>\n\t\t<\/h3>\n\t\t\t\t<div class=\"elementor-post__meta-data\">\n\t\t\t\t\t<span class=\"elementor-post-date\">\n\t\t\t16. 03. 2026\t\t<\/span>\n\t\t\t\t<\/div>\n\t\t\t\t<div class=\"elementor-post__excerpt\">\n\t\t\t<p>Vabljeni k branju druge izdaje novi\u010dnika projekta Carbon Farming MED, v kateri predstavljamo prehod iz raziskovalne faze v obdobje implementacije konkretnih re\u0161itev za oglji\u010dno kmetovanje<\/p>\n\t\t<\/div>\n\t\t\n\t\t<a class=\"elementor-post__read-more\" href=\"https:\/\/izo.si\/en\/cf-med-novicnik-2\/\" >\n\t\t\tPREBERI VE\u010c\t\t<\/a>\n\n\t\t\t\t<\/div>\n\t\t\t\t<\/article>\n\t\t\t\t<article class=\"elementor-post elementor-grid-item post-6064 post type-post status-publish format-standard has-post-thumbnail hentry category-novice tag-delo-v-nvo tag-mladi-talenti tag-mladinski-delavci tag-nevladni-sektor tag-okolje tag-trajnost tag-zdravje\">\n\t\t\t\t<a class=\"elementor-post__thumbnail__link\" href=\"https:\/\/izo.si\/en\/mladi-talenti-2026-prijave\/\" >\n\t\t\t<div class=\"elementor-post__thumbnail\"><img loading=\"lazy\" decoding=\"async\" width=\"300\" height=\"120\" src=\"https:\/\/izo.si\/wp-content\/uploads\/2026\/03\/Mladi-talenti-2026-banner-300x120.png\" class=\"attachment-medium size-medium wp-image-6065\" alt=\"\" srcset=\"https:\/\/izo.si\/wp-content\/uploads\/2026\/03\/Mladi-talenti-2026-banner-300x120.png 300w, https:\/\/izo.si\/wp-content\/uploads\/2026\/03\/Mladi-talenti-2026-banner-768x307.png 768w, https:\/\/izo.si\/wp-content\/uploads\/2026\/03\/Mladi-talenti-2026-banner-18x7.png 18w, https:\/\/izo.si\/wp-content\/uploads\/2026\/03\/Mladi-talenti-2026-banner.png 1000w\" sizes=\"(max-width: 300px) 100vw, 300px\" \/><\/div>\n\t\t<\/a>\n\t\t\t\t<div class=\"elementor-post__text\">\n\t\t\t\t<h3 class=\"elementor-post__title\">\n\t\t\t<a href=\"https:\/\/izo.si\/en\/mladi-talenti-2026-prijave\/\" >\n\t\t\t\tOdprte prijave za Mlade talente 2026!\t\t\t<\/a>\n\t\t<\/h3>\n\t\t\t\t<div class=\"elementor-post__meta-data\">\n\t\t\t\t\t<span class=\"elementor-post-date\">\n\t\t\t06. 03. 2026\t\t<\/span>\n\t\t\t\t<\/div>\n\t\t\t\t<div class=\"elementor-post__excerpt\">\n\t\t\t<p>Komu je program namenjen \u010ce te zanima delo na podro\u010dju nevladnega sektorja, mladinskega dela, javnega zdravja, okolja, trajnostnega razvoja, socialne participacije ali socialnega podjetni\u0161tva in<\/p>\n\t\t<\/div>\n\t\t\n\t\t<a class=\"elementor-post__read-more\" href=\"https:\/\/izo.si\/en\/mladi-talenti-2026-prijave\/\" >\n\t\t\tPREBERI VE\u010c\t\t<\/a>\n\n\t\t\t\t<\/div>\n\t\t\t\t<\/article>\n\t\t\t\t<article class=\"elementor-post elementor-grid-item post-6029 post type-post status-publish format-standard has-post-thumbnail hentry category-novice tag-digitalna-orodja tag-environer tag-medijska-pismenost tag-medkulturno-sodelovanje tag-mladinski-delavci tag-mrezenje tag-prostovoljci\">\n\t\t\t\t<a class=\"elementor-post__thumbnail__link\" href=\"https:\/\/izo.si\/en\/vabilo-na-usposabljanje-gruzija-environer\/\" >\n\t\t\t<div class=\"elementor-post__thumbnail\"><img loading=\"lazy\" decoding=\"async\" width=\"300\" height=\"169\" src=\"https:\/\/izo.si\/wp-content\/uploads\/2026\/02\/Environer-Infopack-300x169.png\" class=\"attachment-medium size-medium wp-image-6030\" alt=\"\" srcset=\"https:\/\/izo.si\/wp-content\/uploads\/2026\/02\/Environer-Infopack-300x169.png 300w, https:\/\/izo.si\/wp-content\/uploads\/2026\/02\/Environer-Infopack-1024x576.png 1024w, https:\/\/izo.si\/wp-content\/uploads\/2026\/02\/Environer-Infopack-768x432.png 768w, https:\/\/izo.si\/wp-content\/uploads\/2026\/02\/Environer-Infopack-1536x864.png 1536w, https:\/\/izo.si\/wp-content\/uploads\/2026\/02\/Environer-Infopack-18x10.png 18w, https:\/\/izo.si\/wp-content\/uploads\/2026\/02\/Environer-Infopack.png 1920w\" sizes=\"(max-width: 300px) 100vw, 300px\" \/><\/div>\n\t\t<\/a>\n\t\t\t\t<div class=\"elementor-post__text\">\n\t\t\t\t<h3 class=\"elementor-post__title\">\n\t\t\t<a href=\"https:\/\/izo.si\/en\/vabilo-na-usposabljanje-gruzija-environer\/\" >\n\t\t\t\tVabilo na usposabljanje v Gruziji: Environer &#8211; Training &amp; Tools 4 Trainers\t\t\t<\/a>\n\t\t<\/h3>\n\t\t\t\t<div class=\"elementor-post__meta-data\">\n\t\t\t\t\t<span class=\"elementor-post-date\">\n\t\t\t04. 02. 2026\t\t<\/span>\n\t\t\t\t<\/div>\n\t\t\t\t<div class=\"elementor-post__excerpt\">\n\t\t\t<p>V okviru projekta Environer vas vabimo na naslednje v nizu brezpla\u010dnih usposabljanj, tokrat v Gruziji! Training &amp; Tools 4 Trainers 24. \u2013 28. marec 2026<\/p>\n\t\t<\/div>\n\t\t\n\t\t<a class=\"elementor-post__read-more\" href=\"https:\/\/izo.si\/en\/vabilo-na-usposabljanje-gruzija-environer\/\" >\n\t\t\tPREBERI VE\u010c\t\t<\/a>\n\n\t\t\t\t<\/div>\n\t\t\t\t<\/article>\n\t\t\t\t<article class=\"elementor-post elementor-grid-item post-5986 post type-post status-publish format-standard has-post-thumbnail hentry category-novice tag-escape-room tag-food-odyssey tag-geografija-v-soli tag-igrifikacija tag-soba-pobega tag-trajnostna-prehrana\">\n\t\t\t\t<a class=\"elementor-post__thumbnail__link\" href=\"https:\/\/izo.si\/en\/strokovni-clanek-igrifikacija-geografija-v-soli\/\" >\n\t\t\t<div class=\"elementor-post__thumbnail\"><img loading=\"lazy\" decoding=\"async\" width=\"300\" height=\"225\" src=\"https:\/\/izo.si\/wp-content\/uploads\/2025\/12\/20251216_121006-300x225.jpg\" class=\"attachment-medium size-medium wp-image-5987\" alt=\"\" srcset=\"https:\/\/izo.si\/wp-content\/uploads\/2025\/12\/20251216_121006-300x225.jpg 300w, https:\/\/izo.si\/wp-content\/uploads\/2025\/12\/20251216_121006-1024x768.jpg 1024w, https:\/\/izo.si\/wp-content\/uploads\/2025\/12\/20251216_121006-768x576.jpg 768w, https:\/\/izo.si\/wp-content\/uploads\/2025\/12\/20251216_121006-1536x1152.jpg 1536w, https:\/\/izo.si\/wp-content\/uploads\/2025\/12\/20251216_121006-2048x1536.jpg 2048w, https:\/\/izo.si\/wp-content\/uploads\/2025\/12\/20251216_121006-16x12.jpg 16w\" sizes=\"(max-width: 300px) 100vw, 300px\" \/><\/div>\n\t\t<\/a>\n\t\t\t\t<div class=\"elementor-post__text\">\n\t\t\t\t<h3 class=\"elementor-post__title\">\n\t\t\t<a href=\"https:\/\/izo.si\/en\/strokovni-clanek-igrifikacija-geografija-v-soli\/\" >\n\t\t\t\tStrokovni \u010dlanek o igrifikaciji na podro\u010dju prehranskih sistemov objavljen v reviji Geografija v \u0161oli\t\t\t<\/a>\n\t\t<\/h3>\n\t\t\t\t<div class=\"elementor-post__meta-data\">\n\t\t\t\t\t<span class=\"elementor-post-date\">\n\t\t\t16. 12. 2025\t\t<\/span>\n\t\t\t\t<\/div>\n\t\t\t\t<div class=\"elementor-post__excerpt\">\n\t\t\t<p>Inovativni pristopi k pou\u010devanju trajnostnih prehranskih sistemov postajajo nujni v \u010dasu, ko prehranske navade vplivajo na okolje, zdravje in dru\u017ebo. V \u010dlanku, objavljenem v aktualni<\/p>\n\t\t<\/div>\n\t\t\n\t\t<a class=\"elementor-post__read-more\" href=\"https:\/\/izo.si\/en\/strokovni-clanek-igrifikacija-geografija-v-soli\/\" >\n\t\t\tPREBERI VE\u010c\t\t<\/a>\n\n\t\t\t\t<\/div>\n\t\t\t\t<\/article>\n\t\t\t\t<article class=\"elementor-post elementor-grid-item post-5954 post type-post status-publish format-standard has-post-thumbnail hentry category-novice tag-digitalna-pedagogika tag-e-learning tag-erasmus tag-razpis tag-trajnost tag-ucenje-na-daljavo\">\n\t\t\t\t<a class=\"elementor-post__thumbnail__link\" href=\"https:\/\/izo.si\/en\/razpis-za-storitve-projekt-e-learn\/\" >\n\t\t\t<div class=\"elementor-post__thumbnail\"><img loading=\"lazy\" decoding=\"async\" width=\"300\" height=\"169\" src=\"https:\/\/izo.si\/wp-content\/uploads\/2025\/12\/E-learn-300x169.png\" class=\"attachment-medium size-medium wp-image-5955\" alt=\"\" srcset=\"https:\/\/izo.si\/wp-content\/uploads\/2025\/12\/E-learn-300x169.png 300w, https:\/\/izo.si\/wp-content\/uploads\/2025\/12\/E-learn-1024x576.png 1024w, https:\/\/izo.si\/wp-content\/uploads\/2025\/12\/E-learn-768x432.png 768w, https:\/\/izo.si\/wp-content\/uploads\/2025\/12\/E-learn-18x10.png 18w, https:\/\/izo.si\/wp-content\/uploads\/2025\/12\/E-learn.png 1280w\" sizes=\"(max-width: 300px) 100vw, 300px\" \/><\/div>\n\t\t<\/a>\n\t\t\t\t<div class=\"elementor-post__text\">\n\t\t\t\t<h3 class=\"elementor-post__title\">\n\t\t\t<a href=\"https:\/\/izo.si\/en\/razpis-za-storitve-projekt-e-learn\/\" >\n\t\t\t\tRazpis za storitve v okviru delovnega sklopa 3 \u2013 Razvoj te\u010dajev in pilotni projekti v okviru projekta \u201eE-learn\u201c\t\t\t<\/a>\n\t\t<\/h3>\n\t\t\t\t<div class=\"elementor-post__meta-data\">\n\t\t\t\t\t<span class=\"elementor-post-date\">\n\t\t\t15. 12. 2025\t\t<\/span>\n\t\t\t\t<\/div>\n\t\t\t\t<div class=\"elementor-post__excerpt\">\n\t\t\t<p>O PROJEKTU Projekt Distance Learning Made Easy: A Comprehensive Approach to Open Educational Resources for Distance Learning Enhancement (Enostavno u\u010denje na daljavo: Celovit pristop k<\/p>\n\t\t<\/div>\n\t\t\n\t\t<a class=\"elementor-post__read-more\" href=\"https:\/\/izo.si\/en\/razpis-za-storitve-projekt-e-learn\/\" >\n\t\t\tPREBERI VE\u010c\t\t<\/a>\n\n\t\t\t\t<\/div>\n\t\t\t\t<\/article>\n\t\t\t\t<article class=\"elementor-post elementor-grid-item post-5916 post type-post status-publish format-standard has-post-thumbnail hentry category-novice tag-trajnost tag-trajnostna-prehrana tag-trajnostne-kmetijske-prakse\">\n\t\t\t\t<a class=\"elementor-post__thumbnail__link\" href=\"https:\/\/izo.si\/en\/szj-majn-kupujes-manj-skodujes-2025\/\" >\n\t\t\t<div class=\"elementor-post__thumbnail\"><img loading=\"lazy\" decoding=\"async\" width=\"300\" height=\"169\" src=\"https:\/\/izo.si\/wp-content\/uploads\/2025\/12\/Manj-kupujes-manj-skodujes-1-300x169.png\" class=\"attachment-medium size-medium wp-image-5935\" alt=\"\" srcset=\"https:\/\/izo.si\/wp-content\/uploads\/2025\/12\/Manj-kupujes-manj-skodujes-1-300x169.png 300w, https:\/\/izo.si\/wp-content\/uploads\/2025\/12\/Manj-kupujes-manj-skodujes-1-1024x576.png 1024w, https:\/\/izo.si\/wp-content\/uploads\/2025\/12\/Manj-kupujes-manj-skodujes-1-768x432.png 768w, https:\/\/izo.si\/wp-content\/uploads\/2025\/12\/Manj-kupujes-manj-skodujes-1-18x10.png 18w, https:\/\/izo.si\/wp-content\/uploads\/2025\/12\/Manj-kupujes-manj-skodujes-1.png 1280w\" sizes=\"(max-width: 300px) 100vw, 300px\" \/><\/div>\n\t\t<\/a>\n\t\t\t\t<div class=\"elementor-post__text\">\n\t\t\t\t<h3 class=\"elementor-post__title\">\n\t\t\t<a href=\"https:\/\/izo.si\/en\/szj-majn-kupujes-manj-skodujes-2025\/\" >\n\t\t\t\tSZJ: Prazniki di\u0161ijo po domu. Zato na mizo daj lokalno in trajnostno hrano\t\t\t<\/a>\n\t\t<\/h3>\n\t\t\t\t<div class=\"elementor-post__meta-data\">\n\t\t\t\t\t<span class=\"elementor-post-date\">\n\t\t\t02. 12. 2025\t\t<\/span>\n\t\t\t\t<\/div>\n\t\t\t\t<div class=\"elementor-post__excerpt\">\n\t\t\t<p>Manj kupuje\u0161, manj \u0161koduje\u0161 \u2013 decembrska kampanja za odgovorne potro\u0161nike December je \u010das topline, dru\u017eenja in praznovanja \u2013 a hkrati tudi obdobje pretirane potro\u0161nje. Zato<\/p>\n\t\t<\/div>\n\t\t\n\t\t<a class=\"elementor-post__read-more\" href=\"https:\/\/izo.si\/en\/szj-majn-kupujes-manj-skodujes-2025\/\" >\n\t\t\tPREBERI VE\u010c\t\t<\/a>\n\n\t\t\t\t<\/div>\n\t\t\t\t<\/article>\n\t\t\t\t<article class=\"elementor-post elementor-grid-item post-5855 post type-post status-publish format-standard has-post-thumbnail hentry category-novice category-ves-kaj-dihas tag-citizen-science tag-delci-pm tag-domzale tag-kvaliteta-zraka tag-ljubiteljska-znanost tag-lokalne-meritve-kakovosti-zraka tag-skofljica tag-vrhnika\">\n\t\t\t\t<a class=\"elementor-post__thumbnail__link\" href=\"https:\/\/izo.si\/en\/szj-ob-zakljucku-projekta-vkd\/\" >\n\t\t\t<div class=\"elementor-post__thumbnail\"><img loading=\"lazy\" decoding=\"async\" width=\"300\" height=\"169\" src=\"https:\/\/izo.si\/wp-content\/uploads\/2025\/11\/Thumbnails_SZJ-in-novice-1-300x169.png\" class=\"attachment-medium size-medium wp-image-5861\" alt=\"\" srcset=\"https:\/\/izo.si\/wp-content\/uploads\/2025\/11\/Thumbnails_SZJ-in-novice-1-300x169.png 300w, https:\/\/izo.si\/wp-content\/uploads\/2025\/11\/Thumbnails_SZJ-in-novice-1-1024x576.png 1024w, https:\/\/izo.si\/wp-content\/uploads\/2025\/11\/Thumbnails_SZJ-in-novice-1-768x432.png 768w, https:\/\/izo.si\/wp-content\/uploads\/2025\/11\/Thumbnails_SZJ-in-novice-1-18x10.png 18w, https:\/\/izo.si\/wp-content\/uploads\/2025\/11\/Thumbnails_SZJ-in-novice-1.png 1280w\" sizes=\"(max-width: 300px) 100vw, 300px\" \/><\/div>\n\t\t<\/a>\n\t\t\t\t<div class=\"elementor-post__text\">\n\t\t\t\t<h3 class=\"elementor-post__title\">\n\t\t\t<a href=\"https:\/\/izo.si\/en\/szj-ob-zakljucku-projekta-vkd\/\" >\n\t\t\t\tSZJ: Ljubiteljska znanost v praksi: Kaj je 7 mesecev meritev razkrilo o kakovosti zraka v Dom\u017ealah, Vrhniki in \u0160kofljici\t\t\t<\/a>\n\t\t<\/h3>\n\t\t\t\t<div class=\"elementor-post__meta-data\">\n\t\t\t\t\t<span class=\"elementor-post-date\">\n\t\t\t28. 11. 2025\t\t<\/span>\n\t\t\t\t<\/div>\n\t\t\t\t<div class=\"elementor-post__excerpt\">\n\t\t\t<p>Ljubljana, 28. november 2025 \u2013 Kakovost zraka ostaja eno najpomembnej\u0161ih, a pogosto spregledanih podro\u010dij javnega zdravja. Posledice vdihovanja onesna\u017eeval, zlasti delcev\u00a0 PM2.5 in PM10, imajo<\/p>\n\t\t<\/div>\n\t\t\n\t\t<a class=\"elementor-post__read-more\" href=\"https:\/\/izo.si\/en\/szj-ob-zakljucku-projekta-vkd\/\" >\n\t\t\tPREBERI VE\u010c\t\t<\/a>\n\n\t\t\t\t<\/div>\n\t\t\t\t<\/article>\n\t\t\t\t<article class=\"elementor-post elementor-grid-item post-6098 post type-post status-publish format-standard has-post-thumbnail hentry category-novice category-ves-kaj-dihas tag-delavnice tag-delci-pm tag-izobrazevanje tag-kakovost-zraka tag-onesnazen-zrak tag-osnovna-sola tag-trajnost tag-ucenje-na-daljavo\">\n\t\t\t\t<a class=\"elementor-post__thumbnail__link\" href=\"https:\/\/izo.si\/en\/kaj-dihamo-osnovnosolci-skrivnosti-zraka\/\" >\n\t\t\t<div class=\"elementor-post__thumbnail\"><img loading=\"lazy\" decoding=\"async\" width=\"300\" height=\"169\" src=\"https:\/\/izo.si\/wp-content\/uploads\/2026\/03\/VKD-delavnice-300x169.png\" class=\"attachment-medium size-medium wp-image-6129\" alt=\"\" srcset=\"https:\/\/izo.si\/wp-content\/uploads\/2026\/03\/VKD-delavnice-300x169.png 300w, https:\/\/izo.si\/wp-content\/uploads\/2026\/03\/VKD-delavnice-1024x576.png 1024w, https:\/\/izo.si\/wp-content\/uploads\/2026\/03\/VKD-delavnice-768x432.png 768w, https:\/\/izo.si\/wp-content\/uploads\/2026\/03\/VKD-delavnice-18x10.png 18w, https:\/\/izo.si\/wp-content\/uploads\/2026\/03\/VKD-delavnice.png 1280w\" sizes=\"(max-width: 300px) 100vw, 300px\" \/><\/div>\n\t\t<\/a>\n\t\t\t\t<div class=\"elementor-post__text\">\n\t\t\t\t<h3 class=\"elementor-post__title\">\n\t\t\t<a href=\"https:\/\/izo.si\/en\/kaj-dihamo-osnovnosolci-skrivnosti-zraka\/\" >\n\t\t\t\tKaj dihamo? Osnovno\u0161olci na delavnicah spoznavali skrivnosti zraka\t\t\t<\/a>\n\t\t<\/h3>\n\t\t\t\t<div class=\"elementor-post__meta-data\">\n\t\t\t\t\t<span class=\"elementor-post-date\">\n\t\t\t20. 11. 2025\t\t<\/span>\n\t\t\t\t<\/div>\n\t\t\t\t<div class=\"elementor-post__excerpt\">\n\t\t\t<p>Kako nastane onesna\u017een zrak? Kaj so PM delci? In zakaj je pomembno, kak\u0161en zrak dihamo vsak dan? S temi vpra\u0161anji so se ukvarjali osnovno\u0161olci na<\/p>\n\t\t<\/div>\n\t\t\n\t\t<a class=\"elementor-post__read-more\" href=\"https:\/\/izo.si\/en\/kaj-dihamo-osnovnosolci-skrivnosti-zraka\/\" >\n\t\t\tPREBERI VE\u010c\t\t<\/a>\n\n\t\t\t\t<\/div>\n\t\t\t\t<\/article>\n\t\t\t\t<article class=\"elementor-post elementor-grid-item post-5817 post type-post status-publish format-standard has-post-thumbnail hentry category-novice tag-carbon-farming-med tag-ogljicno-kmetovanje\">\n\t\t\t\t<a class=\"elementor-post__thumbnail__link\" href=\"https:\/\/izo.si\/en\/sredozemsko-kmetijstvo-kot-resitev-za-podnebne-spremembe\/\" >\n\t\t\t<div class=\"elementor-post__thumbnail\"><img loading=\"lazy\" decoding=\"async\" width=\"300\" height=\"169\" src=\"https:\/\/izo.si\/wp-content\/uploads\/2025\/11\/CF-SZJ-17.-11-1-1-300x169.png\" class=\"attachment-medium size-medium wp-image-5832\" alt=\"\" srcset=\"https:\/\/izo.si\/wp-content\/uploads\/2025\/11\/CF-SZJ-17.-11-1-1-300x169.png 300w, https:\/\/izo.si\/wp-content\/uploads\/2025\/11\/CF-SZJ-17.-11-1-1-1024x576.png 1024w, https:\/\/izo.si\/wp-content\/uploads\/2025\/11\/CF-SZJ-17.-11-1-1-768x432.png 768w, https:\/\/izo.si\/wp-content\/uploads\/2025\/11\/CF-SZJ-17.-11-1-1-18x10.png 18w, https:\/\/izo.si\/wp-content\/uploads\/2025\/11\/CF-SZJ-17.-11-1-1.png 1280w\" sizes=\"(max-width: 300px) 100vw, 300px\" \/><\/div>\n\t\t<\/a>\n\t\t\t\t<div class=\"elementor-post__text\">\n\t\t\t\t<h3 class=\"elementor-post__title\">\n\t\t\t<a href=\"https:\/\/izo.si\/en\/sredozemsko-kmetijstvo-kot-resitev-za-podnebne-spremembe\/\" >\n\t\t\t\tSredozemsko kmetijstvo kot re\u0161itev za podnebne spremembe: projekt Carbon Farming MED\t\t\t<\/a>\n\t\t<\/h3>\n\t\t\t\t<div class=\"elementor-post__meta-data\">\n\t\t\t\t\t<span class=\"elementor-post-date\">\n\t\t\t17. 11. 2025\t\t<\/span>\n\t\t\t\t<\/div>\n\t\t\t\t<div class=\"elementor-post__excerpt\">\n\t\t\t<p>Sredozemska regija se segreva kar za 20 % hitreje od svetovnega povpre\u010dja. Vro\u010dinski valovi in su\u0161e so vse pogostej\u0161i, med najbolj prizadetimi pa je prav<\/p>\n\t\t<\/div>\n\t\t\n\t\t<a class=\"elementor-post__read-more\" href=\"https:\/\/izo.si\/en\/sredozemsko-kmetijstvo-kot-resitev-za-podnebne-spremembe\/\" >\n\t\t\tPREBERI VE\u010c\t\t<\/a>\n\n\t\t\t\t<\/div>\n\t\t\t\t<\/article>\n\t\t\t\t<article class=\"elementor-post elementor-grid-item post-5803 post type-post status-publish format-standard has-post-thumbnail hentry category-novice tag-digitalna-orodja tag-environer tag-medijska-pismenost tag-medkulturno-sodelovanje tag-mladinski-delavci tag-mrezenje tag-prostovoljci\">\n\t\t\t\t<a class=\"elementor-post__thumbnail__link\" href=\"https:\/\/izo.si\/en\/vabilo-environer-training-tools-4-trainers\/\" >\n\t\t\t<div class=\"elementor-post__thumbnail\"><img loading=\"lazy\" decoding=\"async\" width=\"300\" height=\"169\" src=\"https:\/\/izo.si\/wp-content\/uploads\/2025\/11\/Environer-thumb-1-300x169.png\" class=\"attachment-medium size-medium wp-image-5806\" alt=\"\" srcset=\"https:\/\/izo.si\/wp-content\/uploads\/2025\/11\/Environer-thumb-1-300x169.png 300w, https:\/\/izo.si\/wp-content\/uploads\/2025\/11\/Environer-thumb-1-1024x576.png 1024w, https:\/\/izo.si\/wp-content\/uploads\/2025\/11\/Environer-thumb-1-768x432.png 768w, https:\/\/izo.si\/wp-content\/uploads\/2025\/11\/Environer-thumb-1-18x10.png 18w, https:\/\/izo.si\/wp-content\/uploads\/2025\/11\/Environer-thumb-1.png 1280w\" sizes=\"(max-width: 300px) 100vw, 300px\" \/><\/div>\n\t\t<\/a>\n\t\t\t\t<div class=\"elementor-post__text\">\n\t\t\t\t<h3 class=\"elementor-post__title\">\n\t\t\t<a href=\"https:\/\/izo.si\/en\/vabilo-environer-training-tools-4-trainers\/\" >\n\t\t\t\tVabilo na usposabljanje: Environer &#8211; Training &amp; Tools 4 Trainers\t\t\t<\/a>\n\t\t<\/h3>\n\t\t\t\t<div class=\"elementor-post__meta-data\">\n\t\t\t\t\t<span class=\"elementor-post-date\">\n\t\t\t13. 11. 2025\t\t<\/span>\n\t\t\t\t<\/div>\n\t\t\t\t<div class=\"elementor-post__excerpt\">\n\t\t\t<p>V okviru projekta Environer vas prisr\u010dno vabimo na brezpla\u010dno usposabljanje Training &#038; Tools 4 Trainers 3. \u2013 5. december 2025 Impact Hub, Slovenska 56, Ljubljana<\/p>\n\t\t<\/div>\n\t\t\n\t\t<a class=\"elementor-post__read-more\" href=\"https:\/\/izo.si\/en\/vabilo-environer-training-tools-4-trainers\/\" >\n\t\t\tPREBERI VE\u010c\t\t<\/a>\n\n\t\t\t\t<\/div>\n\t\t\t\t<\/article>\n\t\t\t\t<article class=\"elementor-post elementor-grid-item post-5785 post type-post status-publish format-standard has-post-thumbnail hentry category-novice tag-edc tag-endokrini-motilci tag-mikroplastika tag-pfas tag-rak-mod tag-rak-prostate tag-skodljive-kemikalije tag-tezke-kovine tag-vecne-kemikalije tag-zdravje-moskih\">\n\t\t\t\t<a class=\"elementor-post__thumbnail__link\" href=\"https:\/\/izo.si\/en\/novo-porocilo-vpliv-kemicnega-onesnazevanja-na-zdravje-moskih\/\" >\n\t\t\t<div class=\"elementor-post__thumbnail\"><img loading=\"lazy\" decoding=\"async\" width=\"300\" height=\"169\" src=\"https:\/\/izo.si\/wp-content\/uploads\/2025\/11\/chem-1-300x169.png\" class=\"attachment-medium size-medium wp-image-5787\" alt=\"\" srcset=\"https:\/\/izo.si\/wp-content\/uploads\/2025\/11\/chem-1-300x169.png 300w, https:\/\/izo.si\/wp-content\/uploads\/2025\/11\/chem-1-1024x576.png 1024w, https:\/\/izo.si\/wp-content\/uploads\/2025\/11\/chem-1-768x432.png 768w, https:\/\/izo.si\/wp-content\/uploads\/2025\/11\/chem-1-18x10.png 18w, https:\/\/izo.si\/wp-content\/uploads\/2025\/11\/chem-1.png 1280w\" sizes=\"(max-width: 300px) 100vw, 300px\" \/><\/div>\n\t\t<\/a>\n\t\t\t\t<div class=\"elementor-post__text\">\n\t\t\t\t<h3 class=\"elementor-post__title\">\n\t\t\t<a href=\"https:\/\/izo.si\/en\/novo-porocilo-vpliv-kemicnega-onesnazevanja-na-zdravje-moskih\/\" >\n\t\t\t\tNovo poro\u010dilo o vplivu kemi\u010dnega onesna\u017eevanja na zdravje mo\u0161kih\t\t\t<\/a>\n\t\t<\/h3>\n\t\t\t\t<div class=\"elementor-post__meta-data\">\n\t\t\t\t\t<span class=\"elementor-post-date\">\n\t\t\t05. 11. 2025\t\t<\/span>\n\t\t\t\t<\/div>\n\t\t\t\t<div class=\"elementor-post__excerpt\">\n\t\t\t<p>Znanstveno poro\u010dilo organizacije Health and Environment Alliance\u00a0(HEAL) razkriva resno in premalo prepoznano gro\u017enjo, ki jo kemi\u010dno onesna\u017eevanje predstavlja za zdravje mo\u0161kih po vsej Evropi. Vedno<\/p>\n\t\t<\/div>\n\t\t\n\t\t<a class=\"elementor-post__read-more\" href=\"https:\/\/izo.si\/en\/novo-porocilo-vpliv-kemicnega-onesnazevanja-na-zdravje-moskih\/\" >\n\t\t\tPREBERI VE\u010c\t\t<\/a>\n\n\t\t\t\t<\/div>\n\t\t\t\t<\/article>\n\t\t\t\t<article class=\"elementor-post elementor-grid-item post-6002 post type-post status-publish format-standard has-post-thumbnail hentry category-novice category-ves-kaj-dihas tag-arso tag-delci-pm tag-dusikov-dioksid tag-meritve-kakovosti-zraka tag-onesnazen-zrak tag-ozon tag-trdni-delci\">\n\t\t\t\t<a class=\"elementor-post__thumbnail__link\" href=\"https:\/\/izo.si\/en\/nova-brosura-ves-kaj-dihas\/\" >\n\t\t\t<div class=\"elementor-post__thumbnail\"><img loading=\"lazy\" decoding=\"async\" width=\"300\" height=\"212\" src=\"https:\/\/izo.si\/wp-content\/uploads\/2026\/01\/VES-KAJ-DIHAS-online-brosura_1-300x212.png\" class=\"attachment-medium size-medium wp-image-6008\" alt=\"\" srcset=\"https:\/\/izo.si\/wp-content\/uploads\/2026\/01\/VES-KAJ-DIHAS-online-brosura_1-300x212.png 300w, https:\/\/izo.si\/wp-content\/uploads\/2026\/01\/VES-KAJ-DIHAS-online-brosura_1-1024x724.png 1024w, https:\/\/izo.si\/wp-content\/uploads\/2026\/01\/VES-KAJ-DIHAS-online-brosura_1-768x543.png 768w, https:\/\/izo.si\/wp-content\/uploads\/2026\/01\/VES-KAJ-DIHAS-online-brosura_1-1536x1086.png 1536w, https:\/\/izo.si\/wp-content\/uploads\/2026\/01\/VES-KAJ-DIHAS-online-brosura_1-2048x1448.png 2048w, https:\/\/izo.si\/wp-content\/uploads\/2026\/01\/VES-KAJ-DIHAS-online-brosura_1-18x12.png 18w\" sizes=\"(max-width: 300px) 100vw, 300px\" \/><\/div>\n\t\t<\/a>\n\t\t\t\t<div class=\"elementor-post__text\">\n\t\t\t\t<h3 class=\"elementor-post__title\">\n\t\t\t<a href=\"https:\/\/izo.si\/en\/nova-brosura-ves-kaj-dihas\/\" >\n\t\t\t\tNova bro\u0161ura: Ve\u0161, kaj diha\u0161?\t\t\t<\/a>\n\t\t<\/h3>\n\t\t\t\t<div class=\"elementor-post__meta-data\">\n\t\t\t\t\t<span class=\"elementor-post-date\">\n\t\t\t04. 11. 2025\t\t<\/span>\n\t\t\t\t<\/div>\n\t\t\t\t<div class=\"elementor-post__excerpt\">\n\t\t\t<p>V okviru projekta smo pripravili informativno bro\u0161uro \u00bbVe\u0161, kaj diha\u0161?\u00ab, s katero \u017eelimo ozave\u0161\u010dati o pomenu kakovosti zraka in njegovem vplivu na zdravje ljudi. Vsak<\/p>\n\t\t<\/div>\n\t\t\n\t\t<a class=\"elementor-post__read-more\" href=\"https:\/\/izo.si\/en\/nova-brosura-ves-kaj-dihas\/\" >\n\t\t\tPREBERI VE\u010c\t\t<\/a>\n\n\t\t\t\t<\/div>\n\t\t\t\t<\/article>\n\t\t\t\t<article class=\"elementor-post elementor-grid-item post-5721 post type-post status-publish format-standard has-post-thumbnail hentry category-novice category-ves-kaj-dihas tag-arso tag-delci-pm tag-iqair tag-meritve-kakovosti-zraka tag-onesnazen-zrak tag-trdni-delci\">\n\t\t\t\t<a class=\"elementor-post__thumbnail__link\" href=\"https:\/\/izo.si\/en\/na-vrhniki-o-kakovosti-zraka-in-prizadevanjih-za-cistejse-okolje\/\" >\n\t\t\t<div class=\"elementor-post__thumbnail\"><img loading=\"lazy\" decoding=\"async\" width=\"300\" height=\"169\" src=\"https:\/\/izo.si\/wp-content\/uploads\/2025\/11\/VKD-naslovna-300x169.png\" class=\"attachment-medium size-medium wp-image-5784\" alt=\"\" srcset=\"https:\/\/izo.si\/wp-content\/uploads\/2025\/11\/VKD-naslovna-300x169.png 300w, https:\/\/izo.si\/wp-content\/uploads\/2025\/11\/VKD-naslovna-1024x576.png 1024w, https:\/\/izo.si\/wp-content\/uploads\/2025\/11\/VKD-naslovna-768x432.png 768w, https:\/\/izo.si\/wp-content\/uploads\/2025\/11\/VKD-naslovna-18x10.png 18w, https:\/\/izo.si\/wp-content\/uploads\/2025\/11\/VKD-naslovna.png 1280w\" sizes=\"(max-width: 300px) 100vw, 300px\" \/><\/div>\n\t\t<\/a>\n\t\t\t\t<div class=\"elementor-post__text\">\n\t\t\t\t<h3 class=\"elementor-post__title\">\n\t\t\t<a href=\"https:\/\/izo.si\/en\/na-vrhniki-o-kakovosti-zraka-in-prizadevanjih-za-cistejse-okolje\/\" >\n\t\t\t\tNa Vrhniki o kakovosti zraka in prizadevanjih za \u010distej\u0161e okolje\t\t\t<\/a>\n\t\t<\/h3>\n\t\t\t\t<div class=\"elementor-post__meta-data\">\n\t\t\t\t\t<span class=\"elementor-post-date\">\n\t\t\t10. 10. 2025\t\t<\/span>\n\t\t\t\t<\/div>\n\t\t\t\t<div class=\"elementor-post__excerpt\">\n\t\t\t<p>In\u0161titut za zdravje in okolje je 9. oktobra 2025 v Cankarjevi knji\u017enici Vrhnika skupaj s CIPRA Slovenija izvedel dogodek Ve\u0161, kaj diha\u0161? \u2013 Od meritev<\/p>\n\t\t<\/div>\n\t\t\n\t\t<a class=\"elementor-post__read-more\" href=\"https:\/\/izo.si\/en\/na-vrhniki-o-kakovosti-zraka-in-prizadevanjih-za-cistejse-okolje\/\" >\n\t\t\tPREBERI VE\u010c\t\t<\/a>\n\n\t\t\t\t<\/div>\n\t\t\t\t<\/article>\n\t\t\t\t<article class=\"elementor-post elementor-grid-item post-5681 post type-post status-publish format-standard has-post-thumbnail hentry category-novice category-ves-kaj-dihas tag-arso tag-delci-pm tag-dusikov-dioksid tag-iqair tag-meritve-kakovosti-zraka tag-onesnazen-zrak tag-ozon tag-trdni-delci\">\n\t\t\t\t<a class=\"elementor-post__thumbnail__link\" href=\"https:\/\/izo.si\/en\/hiter-vodic-za-preverjanje-kakovosti-zraka\/\" >\n\t\t\t<div class=\"elementor-post__thumbnail\"><img loading=\"lazy\" decoding=\"async\" width=\"300\" height=\"169\" src=\"https:\/\/izo.si\/wp-content\/uploads\/2025\/09\/VKD-clanek-1-300x169.png\" class=\"attachment-medium size-medium wp-image-5682\" alt=\"\" srcset=\"https:\/\/izo.si\/wp-content\/uploads\/2025\/09\/VKD-clanek-1-300x169.png 300w, https:\/\/izo.si\/wp-content\/uploads\/2025\/09\/VKD-clanek-1-1024x576.png 1024w, https:\/\/izo.si\/wp-content\/uploads\/2025\/09\/VKD-clanek-1-768x432.png 768w, https:\/\/izo.si\/wp-content\/uploads\/2025\/09\/VKD-clanek-1-18x10.png 18w, https:\/\/izo.si\/wp-content\/uploads\/2025\/09\/VKD-clanek-1.png 1280w\" sizes=\"(max-width: 300px) 100vw, 300px\" \/><\/div>\n\t\t<\/a>\n\t\t\t\t<div class=\"elementor-post__text\">\n\t\t\t\t<h3 class=\"elementor-post__title\">\n\t\t\t<a href=\"https:\/\/izo.si\/en\/hiter-vodic-za-preverjanje-kakovosti-zraka\/\" >\n\t\t\t\tHiter vodi\u010d za preverjanje kakovosti zraka\t\t\t<\/a>\n\t\t<\/h3>\n\t\t\t\t<div class=\"elementor-post__meta-data\">\n\t\t\t\t\t<span class=\"elementor-post-date\">\n\t\t\t29. 09. 2025\t\t<\/span>\n\t\t\t\t<\/div>\n\t\t\t\t<div class=\"elementor-post__excerpt\">\n\t\t\t<p>Na dan v povpre\u010dju vdihnemo ve\u010d kot 10.000 litrov zraka, kar pomeni pribli\u017eno 20.000 vdihov. Kakovost zraka ima zato pomemben vpliv na na\u0161e zdravje in<\/p>\n\t\t<\/div>\n\t\t\n\t\t<a class=\"elementor-post__read-more\" href=\"https:\/\/izo.si\/en\/hiter-vodic-za-preverjanje-kakovosti-zraka\/\" >\n\t\t\tPREBERI VE\u010c\t\t<\/a>\n\n\t\t\t\t<\/div>\n\t\t\t\t<\/article>\n\t\t\t\t<article class=\"elementor-post elementor-grid-item post-5564 post type-post status-publish format-standard has-post-thumbnail hentry category-novice category-ves-kaj-dihas tag-delci-pm tag-kurjava tag-lokalna-skupnost tag-ogrevanje tag-onesnazen-zrak\">\n\t\t\t\t<a class=\"elementor-post__thumbnail__link\" href=\"https:\/\/izo.si\/en\/vabilo-ves-kaj-dihas-vrhnika\/\" >\n\t\t\t<div class=\"elementor-post__thumbnail\"><img loading=\"lazy\" decoding=\"async\" width=\"300\" height=\"169\" src=\"https:\/\/izo.si\/wp-content\/uploads\/2025\/09\/Vrhnika-1-300x169.png\" class=\"attachment-medium size-medium wp-image-5593\" alt=\"\" srcset=\"https:\/\/izo.si\/wp-content\/uploads\/2025\/09\/Vrhnika-1-300x169.png 300w, https:\/\/izo.si\/wp-content\/uploads\/2025\/09\/Vrhnika-1-1024x576.png 1024w, https:\/\/izo.si\/wp-content\/uploads\/2025\/09\/Vrhnika-1-768x432.png 768w, https:\/\/izo.si\/wp-content\/uploads\/2025\/09\/Vrhnika-1-18x10.png 18w, https:\/\/izo.si\/wp-content\/uploads\/2025\/09\/Vrhnika-1.png 1280w\" sizes=\"(max-width: 300px) 100vw, 300px\" \/><\/div>\n\t\t<\/a>\n\t\t\t\t<div class=\"elementor-post__text\">\n\t\t\t\t<h3 class=\"elementor-post__title\">\n\t\t\t<a href=\"https:\/\/izo.si\/en\/vabilo-ves-kaj-dihas-vrhnika\/\" >\n\t\t\t\tSZJ: Vabilo na dogodek Ve\u0161, kaj diha\u0161? Od meritev kakovosti zraka\u00a0do konkretnih ukrepov\t\t\t<\/a>\n\t\t<\/h3>\n\t\t\t\t<div class=\"elementor-post__meta-data\">\n\t\t\t\t\t<span class=\"elementor-post-date\">\n\t\t\t12. 09. 2025\t\t<\/span>\n\t\t\t\t<\/div>\n\t\t\t\t<div class=\"elementor-post__excerpt\">\n\t\t\t<p>SPORO\u010cILO ZA JAVNOST Vabilo na dogodek Ve\u0161, kaj diha\u0161? Od meritev kakovosti zraka do konkretnih ukrepov \u010cetrtek, 9. 10. 2025, 16.30\u201318.30 Cankarjeva knji\u017enica Vrhnika, Tr\u017ea\u0161ka<\/p>\n\t\t<\/div>\n\t\t\n\t\t<a class=\"elementor-post__read-more\" href=\"https:\/\/izo.si\/en\/vabilo-ves-kaj-dihas-vrhnika\/\" >\n\t\t\tPREBERI VE\u010c\t\t<\/a>\n\n\t\t\t\t<\/div>\n\t\t\t\t<\/article>\n\t\t\t\t<article class=\"elementor-post elementor-grid-item post-5595 post type-post status-publish format-standard has-post-thumbnail hentry category-novice category-produkti tag-3m-impact-global tag-storitve tag-trajnostne-storitve\">\n\t\t\t\t<a class=\"elementor-post__thumbnail__link\" href=\"https:\/\/izo.si\/en\/zacenjamo-novo-poglavje-3m-impact\/\" >\n\t\t\t<div class=\"elementor-post__thumbnail\"><img loading=\"lazy\" decoding=\"async\" width=\"300\" height=\"169\" src=\"https:\/\/izo.si\/wp-content\/uploads\/2025\/09\/3M-Impact-Global-300x169.png\" class=\"attachment-medium size-medium wp-image-5594\" alt=\"\" srcset=\"https:\/\/izo.si\/wp-content\/uploads\/2025\/09\/3M-Impact-Global-300x169.png 300w, https:\/\/izo.si\/wp-content\/uploads\/2025\/09\/3M-Impact-Global-1024x576.png 1024w, https:\/\/izo.si\/wp-content\/uploads\/2025\/09\/3M-Impact-Global-768x432.png 768w, https:\/\/izo.si\/wp-content\/uploads\/2025\/09\/3M-Impact-Global-18x10.png 18w, https:\/\/izo.si\/wp-content\/uploads\/2025\/09\/3M-Impact-Global.png 1280w\" sizes=\"(max-width: 300px) 100vw, 300px\" \/><\/div>\n\t\t<\/a>\n\t\t\t\t<div class=\"elementor-post__text\">\n\t\t\t\t<h3 class=\"elementor-post__title\">\n\t\t\t<a href=\"https:\/\/izo.si\/en\/zacenjamo-novo-poglavje-3m-impact\/\" >\n\t\t\t\tZa\u010denjamo novo poglavje: Sodelovanje v programu 3M Impact Global\t\t\t<\/a>\n\t\t<\/h3>\n\t\t\t\t<div class=\"elementor-post__meta-data\">\n\t\t\t\t\t<span class=\"elementor-post-date\">\n\t\t\t08. 09. 2025\t\t<\/span>\n\t\t\t\t<\/div>\n\t\t\t\t<div class=\"elementor-post__excerpt\">\n\t\t\t<p>V In\u0161titutu za zdravje in okolje (IZO) smo pri\u010deli uradno sodelovanje v mednarodnem programu 3M Impact Global, ki ga omogo\u010da organizacija Pyxera Global. V naslednjih<\/p>\n\t\t<\/div>\n\t\t\n\t\t<a class=\"elementor-post__read-more\" href=\"https:\/\/izo.si\/en\/zacenjamo-novo-poglavje-3m-impact\/\" >\n\t\t\tPREBERI VE\u010c\t\t<\/a>\n\n\t\t\t\t<\/div>\n\t\t\t\t<\/article>\n\t\t\t\t<article class=\"elementor-post elementor-grid-item post-5524 post type-post status-publish format-standard has-post-thumbnail hentry category-novice tag-delci-pm tag-dusikov-dioksid tag-ljubljana tag-maribor tag-mednarodni-dan-cistega-zraka-za-modro-nebo tag-onesnazen-zrak tag-ozon tag-zagovornistvo\">\n\t\t\t\t<a class=\"elementor-post__thumbnail__link\" href=\"https:\/\/izo.si\/en\/mednarodni-dan-cistega-zraka-za-modro-nebo2025\/\" >\n\t\t\t<div class=\"elementor-post__thumbnail\"><img loading=\"lazy\" decoding=\"async\" width=\"300\" height=\"169\" src=\"https:\/\/izo.si\/wp-content\/uploads\/2025\/09\/Mednarodni-dan-cistega-zraka-za-modro-nebo-300x169.png\" class=\"attachment-medium size-medium wp-image-5522\" alt=\"\" srcset=\"https:\/\/izo.si\/wp-content\/uploads\/2025\/09\/Mednarodni-dan-cistega-zraka-za-modro-nebo-300x169.png 300w, https:\/\/izo.si\/wp-content\/uploads\/2025\/09\/Mednarodni-dan-cistega-zraka-za-modro-nebo-1024x576.png 1024w, https:\/\/izo.si\/wp-content\/uploads\/2025\/09\/Mednarodni-dan-cistega-zraka-za-modro-nebo-768x432.png 768w, https:\/\/izo.si\/wp-content\/uploads\/2025\/09\/Mednarodni-dan-cistega-zraka-za-modro-nebo-18x10.png 18w, https:\/\/izo.si\/wp-content\/uploads\/2025\/09\/Mednarodni-dan-cistega-zraka-za-modro-nebo.png 1280w\" sizes=\"(max-width: 300px) 100vw, 300px\" \/><\/div>\n\t\t<\/a>\n\t\t\t\t<div class=\"elementor-post__text\">\n\t\t\t\t<h3 class=\"elementor-post__title\">\n\t\t\t<a href=\"https:\/\/izo.si\/en\/mednarodni-dan-cistega-zraka-za-modro-nebo2025\/\" >\n\t\t\t\tSZJ: Dirka za zrak &#8211; 99 % ljudi diha onesna\u017een zrak\t\t\t<\/a>\n\t\t<\/h3>\n\t\t\t\t<div class=\"elementor-post__meta-data\">\n\t\t\t\t\t<span class=\"elementor-post-date\">\n\t\t\t07. 09. 2025\t\t<\/span>\n\t\t\t\t<\/div>\n\t\t\t\t<div class=\"elementor-post__excerpt\">\n\t\t\t<p>Ljubljana, 7. september 2025 \u2013 Ob leto\u0161njem Mednarodnem dnevu \u010distega zraka za modro nebo, ki poteka pod geslom \u201cDirka za zrak\u201d (\u201cRacing for Air\u201d), se<\/p>\n\t\t<\/div>\n\t\t\n\t\t<a class=\"elementor-post__read-more\" href=\"https:\/\/izo.si\/en\/mednarodni-dan-cistega-zraka-za-modro-nebo2025\/\" >\n\t\t\tPREBERI VE\u010c\t\t<\/a>\n\n\t\t\t\t<\/div>\n\t\t\t\t<\/article>\n\t\t\t\t<article class=\"elementor-post elementor-grid-item post-5619 post type-post status-publish format-standard has-post-thumbnail hentry category-novice tag-escape-room tag-food-odyssey tag-igrifikacija tag-soba-pobega tag-trajnost tag-trajnostna-prehrana\">\n\t\t\t\t<a class=\"elementor-post__thumbnail__link\" href=\"https:\/\/izo.si\/en\/prehrana-kot-ogledalo-druzbe\/\" >\n\t\t\t<div class=\"elementor-post__thumbnail\"><img loading=\"lazy\" decoding=\"async\" width=\"300\" height=\"169\" src=\"https:\/\/izo.si\/wp-content\/uploads\/2025\/09\/FoOdyssey-novica-2-300x169.png\" class=\"attachment-medium size-medium wp-image-5620\" alt=\"\" srcset=\"https:\/\/izo.si\/wp-content\/uploads\/2025\/09\/FoOdyssey-novica-2-300x169.png 300w, https:\/\/izo.si\/wp-content\/uploads\/2025\/09\/FoOdyssey-novica-2-1024x576.png 1024w, https:\/\/izo.si\/wp-content\/uploads\/2025\/09\/FoOdyssey-novica-2-768x432.png 768w, https:\/\/izo.si\/wp-content\/uploads\/2025\/09\/FoOdyssey-novica-2-18x10.png 18w, https:\/\/izo.si\/wp-content\/uploads\/2025\/09\/FoOdyssey-novica-2.png 1280w\" sizes=\"(max-width: 300px) 100vw, 300px\" \/><\/div>\n\t\t<\/a>\n\t\t\t\t<div class=\"elementor-post__text\">\n\t\t\t\t<h3 class=\"elementor-post__title\">\n\t\t\t<a href=\"https:\/\/izo.si\/en\/prehrana-kot-ogledalo-druzbe\/\" >\n\t\t\t\tPrehrana kot ogledalo dru\u017ebe\t\t\t<\/a>\n\t\t<\/h3>\n\t\t\t\t<div class=\"elementor-post__meta-data\">\n\t\t\t\t\t<span class=\"elementor-post-date\">\n\t\t\t03. 09. 2025\t\t<\/span>\n\t\t\t\t<\/div>\n\t\t\t\t<div class=\"elementor-post__excerpt\">\n\t\t\t<p>Prehrana je konstitutivni element \u010dlove\u0161kih dru\u017eb, saj presega zgolj biolo\u0161ko funkcijo zadovoljevanja osnovnih potreb. Je izraz kulturnih identitet, politi\u010dnih usmeritev in ekonomskih struktur, hkrati pa<\/p>\n\t\t<\/div>\n\t\t\n\t\t<a class=\"elementor-post__read-more\" href=\"https:\/\/izo.si\/en\/prehrana-kot-ogledalo-druzbe\/\" >\n\t\t\tPREBERI VE\u010c\t\t<\/a>\n\n\t\t\t\t<\/div>\n\t\t\t\t<\/article>\n\t\t\t\t<article class=\"elementor-post elementor-grid-item post-5658 post type-post status-publish format-standard has-post-thumbnail hentry category-novice category-ves-kaj-dihas tag-delci-pm tag-dusikov-dioksid tag-onesnazen-zrak tag-ozon tag-trdni-delci\">\n\t\t\t\t<a class=\"elementor-post__thumbnail__link\" href=\"https:\/\/izo.si\/en\/vpliv-kakovosti-zraka-na-zdravje\/\" >\n\t\t\t<div class=\"elementor-post__thumbnail\"><img loading=\"lazy\" decoding=\"async\" width=\"300\" height=\"169\" src=\"https:\/\/izo.si\/wp-content\/uploads\/2025\/09\/VKD-clanek-2-1-300x169.png\" class=\"attachment-medium size-medium wp-image-5666\" alt=\"\" srcset=\"https:\/\/izo.si\/wp-content\/uploads\/2025\/09\/VKD-clanek-2-1-300x169.png 300w, https:\/\/izo.si\/wp-content\/uploads\/2025\/09\/VKD-clanek-2-1-1024x576.png 1024w, https:\/\/izo.si\/wp-content\/uploads\/2025\/09\/VKD-clanek-2-1-768x432.png 768w, https:\/\/izo.si\/wp-content\/uploads\/2025\/09\/VKD-clanek-2-1-18x10.png 18w, https:\/\/izo.si\/wp-content\/uploads\/2025\/09\/VKD-clanek-2-1.png 1280w\" sizes=\"(max-width: 300px) 100vw, 300px\" \/><\/div>\n\t\t<\/a>\n\t\t\t\t<div class=\"elementor-post__text\">\n\t\t\t\t<h3 class=\"elementor-post__title\">\n\t\t\t<a href=\"https:\/\/izo.si\/en\/vpliv-kakovosti-zraka-na-zdravje\/\" >\n\t\t\t\tVpliv kakovosti zraka na zdravje: Kaj dihamo in kako to vpliva na nas?\t\t\t<\/a>\n\t\t<\/h3>\n\t\t\t\t<div class=\"elementor-post__meta-data\">\n\t\t\t\t\t<span class=\"elementor-post-date\">\n\t\t\t02. 09. 2025\t\t<\/span>\n\t\t\t\t<\/div>\n\t\t\t\t<div class=\"elementor-post__excerpt\">\n\t\t\t<p>\u010ceprav se zdi, da je zrak okoli nas \u00bbneviden\u00ab in samoumeven, vse bolj postaja jasno, da njegova kakovost neposredno vpliva na na\u0161e zdravje. Zrak, ki<\/p>\n\t\t<\/div>\n\t\t\n\t\t<a class=\"elementor-post__read-more\" href=\"https:\/\/izo.si\/en\/vpliv-kakovosti-zraka-na-zdravje\/\" >\n\t\t\tPREBERI VE\u010c\t\t<\/a>\n\n\t\t\t\t<\/div>\n\t\t\t\t<\/article>\n\t\t\t\t<article class=\"elementor-post elementor-grid-item post-5612 post type-post status-publish format-standard has-post-thumbnail hentry category-novice tag-escape-room tag-igrifikacija tag-soba-pobega tag-sustainaware tag-trajnost\">\n\t\t\t\t<a class=\"elementor-post__thumbnail__link\" href=\"https:\/\/izo.si\/en\/soba-pobega-sustainaware-digitalna-pustolovscina\/\" >\n\t\t\t<div class=\"elementor-post__thumbnail\"><img loading=\"lazy\" decoding=\"async\" width=\"300\" height=\"169\" src=\"https:\/\/izo.si\/wp-content\/uploads\/2025\/09\/Sustainaware-novica-1-300x169.png\" class=\"attachment-medium size-medium wp-image-5613\" alt=\"\" srcset=\"https:\/\/izo.si\/wp-content\/uploads\/2025\/09\/Sustainaware-novica-1-300x169.png 300w, https:\/\/izo.si\/wp-content\/uploads\/2025\/09\/Sustainaware-novica-1-1024x576.png 1024w, https:\/\/izo.si\/wp-content\/uploads\/2025\/09\/Sustainaware-novica-1-768x432.png 768w, https:\/\/izo.si\/wp-content\/uploads\/2025\/09\/Sustainaware-novica-1-18x10.png 18w, https:\/\/izo.si\/wp-content\/uploads\/2025\/09\/Sustainaware-novica-1.png 1280w\" sizes=\"(max-width: 300px) 100vw, 300px\" \/><\/div>\n\t\t<\/a>\n\t\t\t\t<div class=\"elementor-post__text\">\n\t\t\t\t<h3 class=\"elementor-post__title\">\n\t\t\t<a href=\"https:\/\/izo.si\/en\/soba-pobega-sustainaware-digitalna-pustolovscina\/\" >\n\t\t\t\tKako digitalna soba pobega spodbuja razmislek o trajnostni prihodnosti\t\t\t<\/a>\n\t\t<\/h3>\n\t\t\t\t<div class=\"elementor-post__meta-data\">\n\t\t\t\t\t<span class=\"elementor-post-date\">\n\t\t\t01. 09. 2025\t\t<\/span>\n\t\t\t\t<\/div>\n\t\t\t\t<div class=\"elementor-post__excerpt\">\n\t\t\t<p>Kako mlade navdu\u0161iti, da razmi\u0161ljajo o podnebnih spremembah in trajnostnem na\u010dinu \u017eivljenja? Eden od odgovorov je igra \u2013 tak\u0161na, ki zdru\u017euje radovednost, sodelovanje in raziskovanje.<\/p>\n\t\t<\/div>\n\t\t\n\t\t<a class=\"elementor-post__read-more\" href=\"https:\/\/izo.si\/en\/soba-pobega-sustainaware-digitalna-pustolovscina\/\" >\n\t\t\tPREBERI VE\u010c\t\t<\/a>\n\n\t\t\t\t<\/div>\n\t\t\t\t<\/article>\n\t\t\t\t<article class=\"elementor-post elementor-grid-item post-5632 post type-post status-publish format-standard has-post-thumbnail hentry category-novice tag-carbon-farming tag-kmetijstvo tag-ogljicno-kmetovanje tag-trajnostne-kmetijske-prakse\">\n\t\t\t\t<a class=\"elementor-post__thumbnail__link\" href=\"https:\/\/izo.si\/en\/kmetijstvo-kot-podnebna-resitev-projekt-carbon-farming-med\/\" >\n\t\t\t<div class=\"elementor-post__thumbnail\"><img loading=\"lazy\" decoding=\"async\" width=\"300\" height=\"169\" src=\"https:\/\/izo.si\/wp-content\/uploads\/2025\/08\/CF-spletna-stran-300x169.png\" class=\"attachment-medium size-medium wp-image-5637\" alt=\"\" srcset=\"https:\/\/izo.si\/wp-content\/uploads\/2025\/08\/CF-spletna-stran-300x169.png 300w, https:\/\/izo.si\/wp-content\/uploads\/2025\/08\/CF-spletna-stran-1024x576.png 1024w, https:\/\/izo.si\/wp-content\/uploads\/2025\/08\/CF-spletna-stran-768x432.png 768w, https:\/\/izo.si\/wp-content\/uploads\/2025\/08\/CF-spletna-stran-18x10.png 18w, https:\/\/izo.si\/wp-content\/uploads\/2025\/08\/CF-spletna-stran.png 1280w\" sizes=\"(max-width: 300px) 100vw, 300px\" \/><\/div>\n\t\t<\/a>\n\t\t\t\t<div class=\"elementor-post__text\">\n\t\t\t\t<h3 class=\"elementor-post__title\">\n\t\t\t<a href=\"https:\/\/izo.si\/en\/kmetijstvo-kot-podnebna-resitev-projekt-carbon-farming-med\/\" >\n\t\t\t\tKmetijstvo kot podnebna re\u0161itev \u2013 Projekt Carbon Farming MED\t\t\t<\/a>\n\t\t<\/h3>\n\t\t\t\t<div class=\"elementor-post__meta-data\">\n\t\t\t\t\t<span class=\"elementor-post-date\">\n\t\t\t25. 08. 2025\t\t<\/span>\n\t\t\t\t<\/div>\n\t\t\t\t<div class=\"elementor-post__excerpt\">\n\t\t\t<p>In\u0161titut za zdravje in okolje sodeluje v projektu Carbon Farming MED, v okviru katerega raziskujemo in razvijamo re\u0161itve za odpornej\u0161e in trajnostne kmetijske prakse. Cilj<\/p>\n\t\t<\/div>\n\t\t\n\t\t<a class=\"elementor-post__read-more\" href=\"https:\/\/izo.si\/en\/kmetijstvo-kot-podnebna-resitev-projekt-carbon-farming-med\/\" >\n\t\t\tPREBERI VE\u010c\t\t<\/a>\n\n\t\t\t\t<\/div>\n\t\t\t\t<\/article>\n\t\t\t\t<article class=\"elementor-post elementor-grid-item post-5509 post type-post status-publish format-standard has-post-thumbnail hentry category-novice tag-dan-ekoloskega-dolga tag-ekoloski-dolg tag-obnovljivi-viri-energije\">\n\t\t\t\t<a class=\"elementor-post__thumbnail__link\" href=\"https:\/\/izo.si\/en\/szj-dan-ekoloskega-dolga-2025\/\" >\n\t\t\t<div class=\"elementor-post__thumbnail\"><img loading=\"lazy\" decoding=\"async\" width=\"300\" height=\"171\" src=\"https:\/\/izo.si\/wp-content\/uploads\/2025\/07\/Overshoot_thumb-300x171.jpg\" class=\"attachment-medium size-medium wp-image-5503\" alt=\"\" srcset=\"https:\/\/izo.si\/wp-content\/uploads\/2025\/07\/Overshoot_thumb-300x171.jpg 300w, https:\/\/izo.si\/wp-content\/uploads\/2025\/07\/Overshoot_thumb-1024x584.jpg 1024w, https:\/\/izo.si\/wp-content\/uploads\/2025\/07\/Overshoot_thumb-768x438.jpg 768w, https:\/\/izo.si\/wp-content\/uploads\/2025\/07\/Overshoot_thumb-18x10.jpg 18w, https:\/\/izo.si\/wp-content\/uploads\/2025\/07\/Overshoot_thumb.jpg 1080w\" sizes=\"(max-width: 300px) 100vw, 300px\" \/><\/div>\n\t\t<\/a>\n\t\t\t\t<div class=\"elementor-post__text\">\n\t\t\t\t<h3 class=\"elementor-post__title\">\n\t\t\t<a href=\"https:\/\/izo.si\/en\/szj-dan-ekoloskega-dolga-2025\/\" >\n\t\t\t\tSZJ: Ekolo\u0161ki dolg ni le okoljski, temve\u010d tudi gospodarski problem\t\t\t<\/a>\n\t\t<\/h3>\n\t\t\t\t<div class=\"elementor-post__meta-data\">\n\t\t\t\t\t<span class=\"elementor-post-date\">\n\t\t\t24. 07. 2025\t\t<\/span>\n\t\t\t\t<\/div>\n\t\t\t\t<div class=\"elementor-post__excerpt\">\n\t\t\t<p>Ljubljana, 24. julij 2025 \u2013 Danes obele\u017eujemo dan ekolo\u0161kega dolga \u2013 to\u010dko v letu, ko \u010dlove\u0161tvo porabi vse naravne vire, ki jih lahko Zemlja v<\/p>\n\t\t<\/div>\n\t\t\n\t\t<a class=\"elementor-post__read-more\" href=\"https:\/\/izo.si\/en\/szj-dan-ekoloskega-dolga-2025\/\" >\n\t\t\tPREBERI VE\u010c\t\t<\/a>\n\n\t\t\t\t<\/div>\n\t\t\t\t<\/article>\n\t\t\t\t<article class=\"elementor-post elementor-grid-item post-5667 post type-post status-publish format-standard has-post-thumbnail hentry category-novice category-ves-kaj-dihas tag-delci-pm tag-iqair tag-meritve-kakovosti-zraka tag-onesnazen-zrak tag-trdni-delci\">\n\t\t\t\t<a class=\"elementor-post__thumbnail__link\" href=\"https:\/\/izo.si\/en\/mreza-merilnikov-kakovosti-zraka\/\" >\n\t\t\t<div class=\"elementor-post__thumbnail\"><img loading=\"lazy\" decoding=\"async\" width=\"300\" height=\"169\" src=\"https:\/\/izo.si\/wp-content\/uploads\/2025\/09\/VKD-clanek-3-300x169.png\" class=\"attachment-medium size-medium wp-image-5669\" alt=\"\" srcset=\"https:\/\/izo.si\/wp-content\/uploads\/2025\/09\/VKD-clanek-3-300x169.png 300w, https:\/\/izo.si\/wp-content\/uploads\/2025\/09\/VKD-clanek-3-1024x576.png 1024w, https:\/\/izo.si\/wp-content\/uploads\/2025\/09\/VKD-clanek-3-768x432.png 768w, https:\/\/izo.si\/wp-content\/uploads\/2025\/09\/VKD-clanek-3-18x10.png 18w, https:\/\/izo.si\/wp-content\/uploads\/2025\/09\/VKD-clanek-3.png 1280w\" sizes=\"(max-width: 300px) 100vw, 300px\" \/><\/div>\n\t\t<\/a>\n\t\t\t\t<div class=\"elementor-post__text\">\n\t\t\t\t<h3 class=\"elementor-post__title\">\n\t\t\t<a href=\"https:\/\/izo.si\/en\/mreza-merilnikov-kakovosti-zraka\/\" >\n\t\t\t\tKako nastaja mre\u017ea merilnikov kakovosti zraka\t\t\t<\/a>\n\t\t<\/h3>\n\t\t\t\t<div class=\"elementor-post__meta-data\">\n\t\t\t\t\t<span class=\"elementor-post-date\">\n\t\t\t20. 06. 2025\t\t<\/span>\n\t\t\t\t<\/div>\n\t\t\t\t<div class=\"elementor-post__excerpt\">\n\t\t\t<p>V okviru projekta Ve\u0161, kaj diha\u0161? si prizadevamo pribli\u017eati podatke o kakovosti zraka \u0161ir\u0161i javnosti. Eden klju\u010dnih elementov projekta je vzpostavljanje mre\u017ee merilnikov kakovosti zraka,<\/p>\n\t\t<\/div>\n\t\t\n\t\t<a class=\"elementor-post__read-more\" href=\"https:\/\/izo.si\/en\/mreza-merilnikov-kakovosti-zraka\/\" >\n\t\t\tPREBERI VE\u010c\t\t<\/a>\n\n\t\t\t\t<\/div>\n\t\t\t\t<\/article>\n\t\t\t\t<article class=\"elementor-post elementor-grid-item post-5216 post type-post status-publish format-standard has-post-thumbnail hentry category-novice tag-krozno-gospodarstvo tag-mikroplastika tag-nanoplastika tag-odpadna-plastika tag-onesnazevanje-s-plastiko tag-ponovna-uporaba tag-recikliranje tag-svetovni-dan-okolja\">\n\t\t\t\t<a class=\"elementor-post__thumbnail__link\" href=\"https:\/\/izo.si\/en\/svetovni-dan-okolja-2025\/\" >\n\t\t\t<div class=\"elementor-post__thumbnail\"><img loading=\"lazy\" decoding=\"async\" width=\"300\" height=\"169\" src=\"https:\/\/izo.si\/wp-content\/uploads\/2025\/06\/Svetovni-dan-okolja-2025-300x169.png\" class=\"attachment-medium size-medium wp-image-5217\" alt=\"\" srcset=\"https:\/\/izo.si\/wp-content\/uploads\/2025\/06\/Svetovni-dan-okolja-2025-300x169.png 300w, https:\/\/izo.si\/wp-content\/uploads\/2025\/06\/Svetovni-dan-okolja-2025-1024x576.png 1024w, https:\/\/izo.si\/wp-content\/uploads\/2025\/06\/Svetovni-dan-okolja-2025-768x432.png 768w, https:\/\/izo.si\/wp-content\/uploads\/2025\/06\/Svetovni-dan-okolja-2025-18x10.png 18w, https:\/\/izo.si\/wp-content\/uploads\/2025\/06\/elementor\/thumbs\/Svetovni-dan-okolja-2025-r6td5o4eqj0veetwnk8akeaop8ra8khi3vwbqd6fmc.png 800w, https:\/\/izo.si\/wp-content\/uploads\/2025\/06\/Svetovni-dan-okolja-2025.png 1280w\" sizes=\"(max-width: 300px) 100vw, 300px\" \/><\/div>\n\t\t<\/a>\n\t\t\t\t<div class=\"elementor-post__text\">\n\t\t\t\t<h3 class=\"elementor-post__title\">\n\t\t\t<a href=\"https:\/\/izo.si\/en\/svetovni-dan-okolja-2025\/\" >\n\t\t\t\tSvetovni dan okolja 2025: Zdru\u017eeni proti onesna\u017eevanju s plastiko\t\t\t<\/a>\n\t\t<\/h3>\n\t\t\t\t<div class=\"elementor-post__meta-data\">\n\t\t\t\t\t<span class=\"elementor-post-date\">\n\t\t\t05. 06. 2025\t\t<\/span>\n\t\t\t\t<\/div>\n\t\t\t\t<div class=\"elementor-post__excerpt\">\n\t\t\t<p>Na dana\u0161nji dan (5. 6.) \u017ee od 70. let prej\u0161njega stoletja obele\u017eujemo Svetovni dan okolja. Leto\u0161nja tema poudarja nujnost ukrepanja proti eni najve\u010djih okoljskih gro\u017eenj<\/p>\n\t\t<\/div>\n\t\t\n\t\t<a class=\"elementor-post__read-more\" href=\"https:\/\/izo.si\/en\/svetovni-dan-okolja-2025\/\" >\n\t\t\tPREBERI VE\u010c\t\t<\/a>\n\n\t\t\t\t<\/div>\n\t\t\t\t<\/article>\n\t\t\t\t<article class=\"elementor-post elementor-grid-item post-5111 post type-post status-publish format-standard has-post-thumbnail hentry category-novice tag-dan-zemlje tag-ekoloski-dolg tag-obnovljivi-viri-energije\">\n\t\t\t\t<a class=\"elementor-post__thumbnail__link\" href=\"https:\/\/izo.si\/en\/svetovni-dan-zemlje-2025\/\" >\n\t\t\t<div class=\"elementor-post__thumbnail\"><img loading=\"lazy\" decoding=\"async\" width=\"300\" height=\"169\" src=\"https:\/\/izo.si\/wp-content\/uploads\/2025\/04\/Thumbnail_SZJ_Dan-Zemlje-2025-300x169.png\" class=\"attachment-medium size-medium wp-image-5114\" alt=\"\" srcset=\"https:\/\/izo.si\/wp-content\/uploads\/2025\/04\/Thumbnail_SZJ_Dan-Zemlje-2025-300x169.png 300w, https:\/\/izo.si\/wp-content\/uploads\/2025\/04\/Thumbnail_SZJ_Dan-Zemlje-2025-1024x576.png 1024w, https:\/\/izo.si\/wp-content\/uploads\/2025\/04\/Thumbnail_SZJ_Dan-Zemlje-2025-768x432.png 768w, https:\/\/izo.si\/wp-content\/uploads\/2025\/04\/Thumbnail_SZJ_Dan-Zemlje-2025-18x10.png 18w, https:\/\/izo.si\/wp-content\/uploads\/2025\/04\/Thumbnail_SZJ_Dan-Zemlje-2025.png 1280w\" sizes=\"(max-width: 300px) 100vw, 300px\" \/><\/div>\n\t\t<\/a>\n\t\t\t\t<div class=\"elementor-post__text\">\n\t\t\t\t<h3 class=\"elementor-post__title\">\n\t\t\t<a href=\"https:\/\/izo.si\/en\/svetovni-dan-zemlje-2025\/\" >\n\t\t\t\tSZJ: Svetovni dan Zemlje letos v znamenju individualne odgovornosti do energetske prihodnosti planeta\t\t\t<\/a>\n\t\t<\/h3>\n\t\t\t\t<div class=\"elementor-post__meta-data\">\n\t\t\t\t\t<span class=\"elementor-post-date\">\n\t\t\t22. 04. 2025\t\t<\/span>\n\t\t\t\t<\/div>\n\t\t\t\t<div class=\"elementor-post__excerpt\">\n\t\t\t<p>Ljubljana, 22. april 2025 \u2013 Danes obele\u017eujemo Svetovni dan Zemlje \u2013 dan, ki nas opominja na odgovornost do okolja ter spodbuja k bolj zavestnemu in<\/p>\n\t\t<\/div>\n\t\t\n\t\t<a class=\"elementor-post__read-more\" href=\"https:\/\/izo.si\/en\/svetovni-dan-zemlje-2025\/\" >\n\t\t\tPREBERI VE\u010c\t\t<\/a>\n\n\t\t\t\t<\/div>\n\t\t\t\t<\/article>\n\t\t\t\t<article class=\"elementor-post elementor-grid-item post-5086 post type-post status-publish format-standard has-post-thumbnail hentry category-novice\">\n\t\t\t\t<a class=\"elementor-post__thumbnail__link\" href=\"https:\/\/izo.si\/en\/szj-8-april-dan-ekoloskega-dolga-za-slovenijo\/\" >\n\t\t\t<div class=\"elementor-post__thumbnail\"><img loading=\"lazy\" decoding=\"async\" width=\"300\" height=\"200\" src=\"https:\/\/izo.si\/wp-content\/uploads\/2025\/04\/2149217814-300x200.jpg\" class=\"attachment-medium size-medium wp-image-5088\" alt=\"\" srcset=\"https:\/\/izo.si\/wp-content\/uploads\/2025\/04\/2149217814-300x200.jpg 300w, https:\/\/izo.si\/wp-content\/uploads\/2025\/04\/2149217814-768x512.jpg 768w, https:\/\/izo.si\/wp-content\/uploads\/2025\/04\/2149217814-18x12.jpg 18w, https:\/\/izo.si\/wp-content\/uploads\/2025\/04\/2149217814.jpg 845w\" sizes=\"(max-width: 300px) 100vw, 300px\" \/><\/div>\n\t\t<\/a>\n\t\t\t\t<div class=\"elementor-post__text\">\n\t\t\t\t<h3 class=\"elementor-post__title\">\n\t\t\t<a href=\"https:\/\/izo.si\/en\/szj-8-april-dan-ekoloskega-dolga-za-slovenijo\/\" >\n\t\t\t\tSZJ: 8. april &#8211; dan ekolo\u0161kega dolga za Slovenijo\t\t\t<\/a>\n\t\t<\/h3>\n\t\t\t\t<div class=\"elementor-post__meta-data\">\n\t\t\t\t\t<span class=\"elementor-post-date\">\n\t\t\t08. 04. 2025\t\t<\/span>\n\t\t\t\t<\/div>\n\t\t\t\t<div class=\"elementor-post__excerpt\">\n\t\t\t<p>Ljubljana, 8. april 2025 \u2013 Dan ekolo\u0161kega dolga Slovenije, ki ga letos obele\u017eujemo 8. aprila, pomeni, da smo na ta dan porabili \u017ee vse naravne<\/p>\n\t\t<\/div>\n\t\t\n\t\t<a class=\"elementor-post__read-more\" href=\"https:\/\/izo.si\/en\/szj-8-april-dan-ekoloskega-dolga-za-slovenijo\/\" >\n\t\t\tPREBERI VE\u010c\t\t<\/a>\n\n\t\t\t\t<\/div>\n\t\t\t\t<\/article>\n\t\t\t\t<article class=\"elementor-post elementor-grid-item post-5077 post type-post status-publish format-standard has-post-thumbnail hentry category-novice\">\n\t\t\t\t<a class=\"elementor-post__thumbnail__link\" href=\"https:\/\/izo.si\/en\/szj-manjsi-ekoloski-odtis-vecja-odpornost-brezplacna-orodja-za-mocnejsi-nevladni-sektor\/\" >\n\t\t\t<div class=\"elementor-post__thumbnail\"><img loading=\"lazy\" decoding=\"async\" width=\"300\" height=\"169\" src=\"https:\/\/izo.si\/wp-content\/uploads\/2025\/02\/Sustainable-NGOs-Logo_Logo-300x169.jpg\" class=\"attachment-medium size-medium wp-image-5079\" alt=\"\" srcset=\"https:\/\/izo.si\/wp-content\/uploads\/2025\/02\/Sustainable-NGOs-Logo_Logo-300x169.jpg 300w, https:\/\/izo.si\/wp-content\/uploads\/2025\/02\/Sustainable-NGOs-Logo_Logo-1024x576.jpg 1024w, https:\/\/izo.si\/wp-content\/uploads\/2025\/02\/Sustainable-NGOs-Logo_Logo-768x432.jpg 768w, https:\/\/izo.si\/wp-content\/uploads\/2025\/02\/Sustainable-NGOs-Logo_Logo-1536x864.jpg 1536w, https:\/\/izo.si\/wp-content\/uploads\/2025\/02\/Sustainable-NGOs-Logo_Logo-2048x1152.jpg 2048w, https:\/\/izo.si\/wp-content\/uploads\/2025\/02\/Sustainable-NGOs-Logo_Logo-18x10.jpg 18w\" sizes=\"(max-width: 300px) 100vw, 300px\" \/><\/div>\n\t\t<\/a>\n\t\t\t\t<div class=\"elementor-post__text\">\n\t\t\t\t<h3 class=\"elementor-post__title\">\n\t\t\t<a href=\"https:\/\/izo.si\/en\/szj-manjsi-ekoloski-odtis-vecja-odpornost-brezplacna-orodja-za-mocnejsi-nevladni-sektor\/\" >\n\t\t\t\tSZJ: Manj\u0161i ekolo\u0161ki odtis, ve\u010dja odpornost: brezpla\u010dna orodja za mo\u010dnej\u0161i nevladni sektor\t\t\t<\/a>\n\t\t<\/h3>\n\t\t\t\t<div class=\"elementor-post__meta-data\">\n\t\t\t\t\t<span class=\"elementor-post-date\">\n\t\t\t27. 02. 2025\t\t<\/span>\n\t\t\t\t<\/div>\n\t\t\t\t<div class=\"elementor-post__excerpt\">\n\t\t\t<p>V nevladnem sektorju pogosto govorimo o dru\u017ebenem vplivu, solidarnosti in inovativnih re\u0161itvah za razli\u010dne izzive. A enako pomembno vpra\u0161anje, ki ga ne smemo spregledati, je<\/p>\n\t\t<\/div>\n\t\t\n\t\t<a class=\"elementor-post__read-more\" href=\"https:\/\/izo.si\/en\/szj-manjsi-ekoloski-odtis-vecja-odpornost-brezplacna-orodja-za-mocnejsi-nevladni-sektor\/\" >\n\t\t\tPREBERI VE\u010c\t\t<\/a>\n\n\t\t\t\t<\/div>\n\t\t\t\t<\/article>\n\t\t\t\t<\/div>\n\n\n\t\t\n\t\t\t\t\t\t<\/div>\n\t\t\t\t<\/div>\n\t\t\t\t\t<\/div>\n\t\t<\/div>\n\t\t\t\t\t<\/div>\n\t\t<\/section>\n\t\t\t\t<\/div>","protected":false},"excerpt":{"rendered":"","protected":false},"author":1,"featured_media":0,"parent":0,"menu_order":0,"comment_status":"closed","ping_status":"closed","template":"","meta":{"_monsterinsights_skip_tracking":false,"_monsterinsights_sitenote_active":false,"_monsterinsights_sitenote_note":"","_monsterinsights_sitenote_category":0,"_uf_show_specific_survey":0,"_uf_disable_surveys":false,"footnotes":""},"class_list":["post-383","page","type-page","status-publish","hentry"],"aioseo_notices":[],"yoast_head":"<!-- This site is optimized with the Yoast SEO plugin v24.5 - https:\/\/yoast.com\/wordpress\/plugins\/seo\/ -->\n<title>Novice - IZO<\/title>\n<meta name=\"robots\" content=\"index, follow, max-snippet:-1, max-image-preview:large, max-video-preview:-1\" \/>\n<link rel=\"canonical\" href=\"https:\/\/izo.si\/en\/novice\/\" \/>\n<meta property=\"og:locale\" content=\"en_GB\" \/>\n<meta property=\"og:type\" content=\"article\" \/>\n<meta property=\"og:title\" content=\"Novice - IZO\" \/>\n<meta property=\"og:url\" content=\"https:\/\/izo.si\/en\/novice\/\" \/>\n<meta property=\"og:site_name\" content=\"IZO\" \/>\n<meta property=\"article:modified_time\" content=\"2023-01-20T08:19:14+00:00\" \/>\n<meta name=\"twitter:card\" content=\"summary_large_image\" \/>\n<script type=\"application\/ld+json\" class=\"yoast-schema-graph\">{\"@context\":\"https:\/\/schema.org\",\"@graph\":[{\"@type\":\"WebPage\",\"@id\":\"https:\/\/izo.si\/novice\/\",\"url\":\"https:\/\/izo.si\/novice\/\",\"name\":\"Novice - IZO\",\"isPartOf\":{\"@id\":\"https:\/\/izo.si\/#website\"},\"datePublished\":\"2021-03-05T12:24:13+00:00\",\"dateModified\":\"2023-01-20T08:19:14+00:00\",\"breadcrumb\":{\"@id\":\"https:\/\/izo.si\/novice\/#breadcrumb\"},\"inLanguage\":\"en-GB\",\"potentialAction\":[{\"@type\":\"ReadAction\",\"target\":[\"https:\/\/izo.si\/novice\/\"]}]},{\"@type\":\"BreadcrumbList\",\"@id\":\"https:\/\/izo.si\/novice\/#breadcrumb\",\"itemListElement\":[{\"@type\":\"ListItem\",\"position\":1,\"name\":\"Home\",\"item\":\"https:\/\/izo.si\/\"},{\"@type\":\"ListItem\",\"position\":2,\"name\":\"Novice\"}]},{\"@type\":\"WebSite\",\"@id\":\"https:\/\/izo.si\/#website\",\"url\":\"https:\/\/izo.si\/\",\"name\":\"IZO\",\"description\":\"In\u0161titut za zdravje in okolje\",\"publisher\":{\"@id\":\"https:\/\/izo.si\/#organization\"},\"potentialAction\":[{\"@type\":\"SearchAction\",\"target\":{\"@type\":\"EntryPoint\",\"urlTemplate\":\"https:\/\/izo.si\/?s={search_term_string}\"},\"query-input\":{\"@type\":\"PropertyValueSpecification\",\"valueRequired\":true,\"valueName\":\"search_term_string\"}}],\"inLanguage\":\"en-GB\"},{\"@type\":\"Organization\",\"@id\":\"https:\/\/izo.si\/#organization\",\"name\":\"IZO\",\"url\":\"https:\/\/izo.si\/\",\"logo\":{\"@type\":\"ImageObject\",\"inLanguage\":\"en-GB\",\"@id\":\"https:\/\/izo.si\/#\/schema\/logo\/image\/\",\"url\":\"https:\/\/izo.si\/wp-content\/uploads\/2021\/01\/izo-logo@2x.png\",\"contentUrl\":\"https:\/\/izo.si\/wp-content\/uploads\/2021\/01\/izo-logo@2x.png\",\"width\":262,\"height\":139,\"caption\":\"IZO\"},\"image\":{\"@id\":\"https:\/\/izo.si\/#\/schema\/logo\/image\/\"}}]}<\/script>\n<!-- \/ Yoast SEO plugin. -->","yoast_head_json":{"title":"Novice - IZO","robots":{"index":"index","follow":"follow","max-snippet":"max-snippet:-1","max-image-preview":"max-image-preview:large","max-video-preview":"max-video-preview:-1"},"canonical":"https:\/\/izo.si\/en\/novice\/","og_locale":"en_GB","og_type":"article","og_title":"Novice - IZO","og_url":"https:\/\/izo.si\/en\/novice\/","og_site_name":"IZO","article_modified_time":"2023-01-20T08:19:14+00:00","twitter_card":"summary_large_image","schema":{"@context":"https:\/\/schema.org","@graph":[{"@type":"WebPage","@id":"https:\/\/izo.si\/novice\/","url":"https:\/\/izo.si\/novice\/","name":"Novice - IZO","isPartOf":{"@id":"https:\/\/izo.si\/#website"},"datePublished":"2021-03-05T12:24:13+00:00","dateModified":"2023-01-20T08:19:14+00:00","breadcrumb":{"@id":"https:\/\/izo.si\/novice\/#breadcrumb"},"inLanguage":"en-GB","potentialAction":[{"@type":"ReadAction","target":["https:\/\/izo.si\/novice\/"]}]},{"@type":"BreadcrumbList","@id":"https:\/\/izo.si\/novice\/#breadcrumb","itemListElement":[{"@type":"ListItem","position":1,"name":"Home","item":"https:\/\/izo.si\/"},{"@type":"ListItem","position":2,"name":"Novice"}]},{"@type":"WebSite","@id":"https:\/\/izo.si\/#website","url":"https:\/\/izo.si\/","name":"IZO","description":"Institute for Health and Environment","publisher":{"@id":"https:\/\/izo.si\/#organization"},"potentialAction":[{"@type":"SearchAction","target":{"@type":"EntryPoint","urlTemplate":"https:\/\/izo.si\/?s={search_term_string}"},"query-input":{"@type":"PropertyValueSpecification","valueRequired":true,"valueName":"search_term_string"}}],"inLanguage":"en-GB"},{"@type":"Organization","@id":"https:\/\/izo.si\/#organization","name":"IZO","url":"https:\/\/izo.si\/","logo":{"@type":"ImageObject","inLanguage":"en-GB","@id":"https:\/\/izo.si\/#\/schema\/logo\/image\/","url":"https:\/\/izo.si\/wp-content\/uploads\/2021\/01\/izo-logo@2x.png","contentUrl":"https:\/\/izo.si\/wp-content\/uploads\/2021\/01\/izo-logo@2x.png","width":262,"height":139,"caption":"IZO"},"image":{"@id":"https:\/\/izo.si\/#\/schema\/logo\/image\/"}}]}},"_links":{"self":[{"href":"https:\/\/izo.si\/en\/wp-json\/wp\/v2\/pages\/383","targetHints":{"allow":["GET"]}}],"collection":[{"href":"https:\/\/izo.si\/en\/wp-json\/wp\/v2\/pages"}],"about":[{"href":"https:\/\/izo.si\/en\/wp-json\/wp\/v2\/types\/page"}],"author":[{"embeddable":true,"href":"https:\/\/izo.si\/en\/wp-json\/wp\/v2\/users\/1"}],"replies":[{"embeddable":true,"href":"https:\/\/izo.si\/en\/wp-json\/wp\/v2\/comments?post=383"}],"version-history":[{"count":41,"href":"https:\/\/izo.si\/en\/wp-json\/wp\/v2\/pages\/383\/revisions"}],"predecessor-version":[{"id":4848,"href":"https:\/\/izo.si\/en\/wp-json\/wp\/v2\/pages\/383\/revisions\/4848"}],"wp:attachment":[{"href":"https:\/\/izo.si\/en\/wp-json\/wp\/v2\/media?parent=383"}],"curies":[{"name":"wp","href":"https:\/\/api.w.org\/{rel}","templated":true}]}}