{"version":"1.0","provider_name":"IZO","provider_url":"https:\/\/izo.si\/en","author_name":"info@izo.si","author_url":"https:\/\/izo.si\/en\/author\/infoizo-si\/","title":"Sporo\u010dilo za javnost: Gaja \u2013 ena sama! - IZO","type":"rich","width":600,"height":338,"html":"<blockquote class=\"wp-embedded-content\" data-secret=\"IFCzvdVTnc\"><a href=\"https:\/\/izo.si\/en\/sporocilo-za-javnost-gaja-ena-sama\/\">Sporo\u010dilo za javnost: Gaja \u2013 ena sama!<\/a><\/blockquote><iframe sandbox=\"allow-scripts\" security=\"restricted\" src=\"https:\/\/izo.si\/en\/sporocilo-za-javnost-gaja-ena-sama\/embed\/#?secret=IFCzvdVTnc\" width=\"600\" height=\"338\" title=\"&#8220;Sporo\u010dilo za javnost: Gaja \u2013 ena sama!&#8221; &#8212; IZO\" data-secret=\"IFCzvdVTnc\" frameborder=\"0\" marginwidth=\"0\" marginheight=\"0\" scrolling=\"no\" class=\"wp-embedded-content\"><\/iframe><script>\n\/*! This file is auto-generated *\/\n!function(d,l){\"use strict\";l.querySelector&&d.addEventListener&&\"undefined\"!=typeof URL&&(d.wp=d.wp||{},d.wp.receiveEmbedMessage||(d.wp.receiveEmbedMessage=function(e){var t=e.data;if((t||t.secret||t.message||t.value)&&!\/[^a-zA-Z0-9]\/.test(t.secret)){for(var s,r,n,a=l.querySelectorAll('iframe[data-secret=\"'+t.secret+'\"]'),o=l.querySelectorAll('blockquote[data-secret=\"'+t.secret+'\"]'),c=new RegExp(\"^https?:$\",\"i\"),i=0;i<o.length;i++)o[i].style.display=\"none\";for(i=0;i<a.length;i++)s=a[i],e.source===s.contentWindow&&(s.removeAttribute(\"style\"),\"height\"===t.message?(1e3<(r=parseInt(t.value,10))?r=1e3:~~r<200&&(r=200),s.height=r):\"link\"===t.message&&(r=new URL(s.getAttribute(\"src\")),n=new URL(t.value),c.test(n.protocol))&&n.host===r.host&&l.activeElement===s&&(d.top.location.href=t.value))}},d.addEventListener(\"message\",d.wp.receiveEmbedMessage,!1),l.addEventListener(\"DOMContentLoaded\",function(){for(var e,t,s=l.querySelectorAll(\"iframe.wp-embedded-content\"),r=0;r<s.length;r++)(t=(e=s[r]).getAttribute(\"data-secret\"))||(t=Math.random().toString(36).substring(2,12),e.src+=\"#?secret=\"+t,e.setAttribute(\"data-secret\",t)),e.contentWindow.postMessage({message:\"ready\",secret:t},\"*\")},!1)))}(window,document);\n\/\/# sourceURL=https:\/\/izo.si\/wp-includes\/js\/wp-embed.min.js\n<\/script>","thumbnail_url":"https:\/\/izo.si\/wp-content\/uploads\/2022\/04\/image0.jpeg","thumbnail_width":976,"thumbnail_height":1280,"description":"Ljubljana, 18. april 2022 \u2013 Danes obele\u017eujemo dan ekolo\u0161kega dolga za Slovenijo. \u0160e posebej zaskrbljujo\u010de je, da je ta letos prehitel dan Zemlje, ki ga praznujemo 22. aprila. To pomeni, da smo do dana\u0161njega dne Slovenci porabili \u017ee vse vire in ekosistemske storitve na\u0161ega planeta, ki jih lahko Zemlja obnovi v enem letu, zato bomo [&hellip;]"}